{"id":725,"date":"2020-04-17T21:19:30","date_gmt":"2020-04-17T19:19:30","guid":{"rendered":"https:\/\/www.quebec-original.fr\/?page_id=725"},"modified":"2023-11-20T16:22:47","modified_gmt":"2023-11-20T15:22:47","slug":"notre-heritage","status":"publish","type":"page","link":"https:\/\/www.quebec-original.fr\/index.php\/notre-heritage\/","title":{"rendered":"HERITAGE"},"content":{"rendered":"<p>[et_pb_section fb_built=\u00a0\u00bb1&Prime; disabled_on=\u00a0\u00bbon|on|off\u00a0\u00bb module_class=\u00a0\u00bbfullpage-section\u00a0\u00bb _builder_version=\u00a0\u00bb3.19.4&Prime; background_image=\u00a0\u00bbhttps:\/\/www.quebec-original.fr\/wp-content\/uploads\/2020\/04\/QUEBEC_SAINTE_VICTOIRE.jpg\u00a0\u00bb parallax=\u00a0\u00bbon\u00a0\u00bb][et_pb_row custom_padding=\u00a0\u00bb0px|0px|0px|0|false|false\u00a0\u00bb _builder_version=\u00a0\u00bb3.19.4&Prime;][et_pb_column type=\u00a0\u00bb4_4&Prime; _builder_version=\u00a0\u00bb3.0.47&Prime; parallax=\u00a0\u00bboff\u00a0\u00bb parallax_method=\u00a0\u00bbon\u00a0\u00bb][et_pb_text _builder_version=\u00a0\u00bb3.19.4&Prime; header_font=\u00a0\u00bb||||||||\u00a0\u00bb header_text_align=\u00a0\u00bbcenter\u00a0\u00bb header_text_color=\u00a0\u00bb#ffffff\u00a0\u00bb header_font_size=\u00a0\u00bb85px\u00a0\u00bb]<\/p>\n<h1>Quebec L\u2019original,<br \/> Boisson myst\u00e9rieuse.<\/h1>\n<p>[\/et_pb_text][et_pb_text _builder_version=\u00a0\u00bb3.19.4&Prime; text_font=\u00a0\u00bb||||||||\u00a0\u00bb text_text_color=\u00a0\u00bb#ffffff\u00a0\u00bb text_font_size=\u00a0\u00bb29px\u00a0\u00bb text_line_height=\u00a0\u00bb1.4em\u00a0\u00bb header_font=\u00a0\u00bb||||||||\u00a0\u00bb header_text_align=\u00a0\u00bbcenter\u00a0\u00bb header_text_color=\u00a0\u00bb#ffffff\u00a0\u00bb header_font_size=\u00a0\u00bb85px\u00a0\u00bb header_2_font=\u00a0\u00bb||||||||\u00a0\u00bb header_3_font=\u00a0\u00bb||||||||\u00a0\u00bb header_4_font=\u00a0\u00bb||||||||\u00a0\u00bb header_5_font=\u00a0\u00bb||||||||\u00a0\u00bb header_6_font=\u00a0\u00bb||||||||\u00a0\u00bb text_orientation=\u00a0\u00bbcenter\u00a0\u00bb]<\/p>\n<p>Si le go\u00fbt unique du Quebec a \u00e9t\u00e9 d\u00e9couvert en Provence, <br \/>personne ne sait quand il est r\u00e9ellement apparu \u2026 <br \/>Voici les \u00e9l\u00e9ments que nous connaissons.<\/p>\n<p>[\/et_pb_text][et_pb_button button_url=\u00a0\u00bb#origine\u00a0\u00bb button_text=\u00a0\u00bbD\u00e9couvrir\u00a0\u00bb button_alignment=\u00a0\u00bbcenter\u00a0\u00bb _builder_version=\u00a0\u00bb3.19.4&Prime; custom_button=\u00a0\u00bbon\u00a0\u00bb button_text_color=\u00a0\u00bb#341f12&Prime; button_bg_color=\u00a0\u00bb#fddd5c\u00a0\u00bb button_border_width=\u00a0\u00bb3px\u00a0\u00bb button_border_color=\u00a0\u00bbrgba(0,0,0,0)\u00a0\u00bb button_border_radius=\u00a0\u00bb100px\u00a0\u00bb button_font=\u00a0\u00bbFakir Black||||||||\u00a0\u00bb background_layout=\u00a0\u00bbdark\u00a0\u00bb custom_margin=\u00a0\u00bb20px||\u00a0\u00bb]<br \/>\n[\/et_pb_button][\/et_pb_column][\/et_pb_row][\/et_pb_section][et_pb_section fb_built=\u00a0\u00bb1&Prime; disabled_on=\u00a0\u00bbon|on|off\u00a0\u00bb module_class=\u00a0\u00bbfullpage-section\u00a0\u00bb _builder_version=\u00a0\u00bb3.19.4&Prime; background_color=\u00a0\u00bb#277cbc\u00a0\u00bb parallax=\u00a0\u00bbon\u00a0\u00bb][et_pb_row use_custom_width=\u00a0\u00bbon\u00a0\u00bb width_unit=\u00a0\u00bboff\u00a0\u00bb custom_padding=\u00a0\u00bb0|0px|0px|0|false|false\u00a0\u00bb make_equal=\u00a0\u00bbon\u00a0\u00bb parallax_2=\u00a0\u00bbon\u00a0\u00bb background_size_2=\u00a0\u00bbcontain\u00a0\u00bb background_repeat_2=\u00a0\u00bbno-repeat\u00a0\u00bb use_background_color_gradient_1=\u00a0\u00bbon\u00a0\u00bb background_color_gradient_start_1=\u00a0\u00bb#74b0c9&Prime; background_color_gradient_end_1=\u00a0\u00bbrgba(39,124,188,0)\u00a0\u00bb background_color_gradient_type_1=\u00a0\u00bbradial\u00a0\u00bb background_color_gradient_start_position_1=\u00a0\u00bb0%\u00a0\u00bb background_color_gradient_end_position_1=\u00a0\u00bb55%\u00a0\u00bb module_class_1=\u00a0\u00bbcentrer-verticalement\u00a0\u00bb module_class_2=\u00a0\u00bbcentrer-verticalement\u00a0\u00bb module_id=\u00a0\u00bborigine\u00a0\u00bb _builder_version=\u00a0\u00bb3.19.4&Prime; animation_style=\u00a0\u00bbbounce\u00a0\u00bb animation_direction=\u00a0\u00bbleft\u00a0\u00bb animation_delay=\u00a0\u00bb250ms\u00a0\u00bb animation_speed_curve=\u00a0\u00bbease-in\u00a0\u00bb][et_pb_column type=\u00a0\u00bb1_2&Prime; _builder_version=\u00a0\u00bb3.0.47&Prime; parallax=\u00a0\u00bboff\u00a0\u00bb parallax_method=\u00a0\u00bbon\u00a0\u00bb use_background_color_gradient=\u00a0\u00bbon\u00a0\u00bb background_color_gradient_start=\u00a0\u00bb#74b0c9&Prime; background_color_gradient_end=\u00a0\u00bbrgba(39,124,188,0)\u00a0\u00bb background_color_gradient_type=\u00a0\u00bbradial\u00a0\u00bb background_color_gradient_start_position=\u00a0\u00bb0%\u00a0\u00bb background_color_gradient_end_position=\u00a0\u00bb55%\u00a0\u00bb module_class=\u00a0\u00bbcentrer-verticalement\u00a0\u00bb][et_pb_text _builder_version=\u00a0\u00bb3.19.4&Prime; text_font=\u00a0\u00bbFakir Regular||||||||\u00a0\u00bb text_text_color=\u00a0\u00bb#ffffff\u00a0\u00bb header_font=\u00a0\u00bb||||||||\u00a0\u00bb header_text_color=\u00a0\u00bb#ffffff\u00a0\u00bb header_font_size=\u00a0\u00bb82px\u00a0\u00bb header_line_height=\u00a0\u00bb0.7em\u00a0\u00bb custom_margin=\u00a0\u00bb||27px\u00a0\u00bb]<\/p>\n<h1 style=\"text-align: center;\"><span style=\"color: #edf000;\"><\/span><\/h1>\n<p>&nbsp;<\/p>\n<h1 style=\"text-align: center;\"><span style=\"color: #fddd5c;\">???<\/span><br \/> <span style=\"color: #ffffff;\"> l<\/span>&lsquo;origine<br \/> du nom<\/h1>\n<p>[\/et_pb_text][et_pb_text _builder_version=\u00a0\u00bb3.19.4&Prime; text_font=\u00a0\u00bbFakir Regular||||||||\u00a0\u00bb text_text_color=\u00a0\u00bb#ffffff\u00a0\u00bb text_font_size=\u00a0\u00bb21px\u00a0\u00bb text_line_height=\u00a0\u00bb1.3em\u00a0\u00bb text_orientation=\u00a0\u00bbcenter\u00a0\u00bb max_width=\u00a0\u00bb92%\u00a0\u00bb]<\/p>\n<p>L\u2019origine du nom divise les pap\u00e9s proven\u00e7aux ; certains disent qu\u2019il viendrait d\u2019un surnom donn\u00e9 au cr\u00e9ateur de la boisson venant de l\u2019expression \u201cQu\u00e8 b\u00e8co\u201d (Quelle bouche), lui donnant ainsi une allure d\u2019ours. D\u2019autres que son animal de compagnie \u00e9tait un ours et qu\u2019il l\u2019avait pr\u00e9nomm\u00e9 Quebec, en r\u00e9f\u00e9rence aux ours canadiens. D\u2019autres hypoth\u00e8ses existent encore, mais aucune n\u2019a pu \u00eatre v\u00e9rifi\u00e9e \u00e0 ce jour..<\/p>\n<p>[\/et_pb_text][et_pb_button button_url=\u00a0\u00bb#1954&Prime; button_text=\u00a0\u00bb1954&Prime; button_alignment=\u00a0\u00bbcenter\u00a0\u00bb _builder_version=\u00a0\u00bb3.19.4&Prime; custom_button=\u00a0\u00bbon\u00a0\u00bb button_text_color=\u00a0\u00bb#fddd5c\u00a0\u00bb button_border_width=\u00a0\u00bb0px\u00a0\u00bb button_border_color=\u00a0\u00bbrgba(0,0,0,0)\u00a0\u00bb button_border_radius=\u00a0\u00bb100px\u00a0\u00bb button_font=\u00a0\u00bbFakir Black||||||||\u00a0\u00bb button_icon=\u00a0\u00bb%%38%%\u00a0\u00bb button_on_hover=\u00a0\u00bboff\u00a0\u00bb background_layout=\u00a0\u00bbdark\u00a0\u00bb custom_margin=\u00a0\u00bb20px||\u00a0\u00bb]<br \/>\n[\/et_pb_button][\/et_pb_column][et_pb_column type=\u00a0\u00bb1_2&Prime; _builder_version=\u00a0\u00bb3.0.47&Prime; parallax=\u00a0\u00bbon\u00a0\u00bb parallax_method=\u00a0\u00bbon\u00a0\u00bb background_size=\u00a0\u00bbcontain\u00a0\u00bb background_repeat=\u00a0\u00bbno-repeat\u00a0\u00bb module_class=\u00a0\u00bbcentrer-verticalement\u00a0\u00bb][et_pb_image src=\u00a0\u00bbhttps:\/\/www.quebec-original.fr\/wp-content\/uploads\/2020\/04\/QUEBEC_HERITAGE_ORIGINE_4.png\u00a0\u00bb _builder_version=\u00a0\u00bb3.19.4&Prime;]<br \/>\n[\/et_pb_image][\/et_pb_column][\/et_pb_row][\/et_pb_section][et_pb_section fb_built=\u00a0\u00bb1&Prime; disabled_on=\u00a0\u00bbon|on|off\u00a0\u00bb module_class=\u00a0\u00bbfullpage-section\u00a0\u00bb _builder_version=\u00a0\u00bb3.19.4&Prime; background_color=\u00a0\u00bb#76985c\u00a0\u00bb][et_pb_row use_custom_width=\u00a0\u00bbon\u00a0\u00bb width_unit=\u00a0\u00bboff\u00a0\u00bb custom_padding=\u00a0\u00bb0|0px|0px|0px|false|false\u00a0\u00bb make_equal=\u00a0\u00bbon\u00a0\u00bb use_background_color_gradient_1=\u00a0\u00bboff\u00a0\u00bb background_color_gradient_start_1=\u00a0\u00bb#74b0c9&Prime; background_color_gradient_end_1=\u00a0\u00bbrgba(39,124,188,0)\u00a0\u00bb background_color_gradient_type_1=\u00a0\u00bbradial\u00a0\u00bb background_color_gradient_start_position_1=\u00a0\u00bb0%\u00a0\u00bb background_color_gradient_end_position_1=\u00a0\u00bb55%\u00a0\u00bb module_class_1=\u00a0\u00bbcentrer-verticalement\u00a0\u00bb module_class_2=\u00a0\u00bbcentrer-verticalement\u00a0\u00bb module_id=\u00a0\u00bb1954&Prime; _builder_version=\u00a0\u00bb3.19.4&Prime; animation_style=\u00a0\u00bbbounce\u00a0\u00bb animation_direction=\u00a0\u00bbright\u00a0\u00bb animation_duration=\u00a0\u00bb1600ms\u00a0\u00bb][et_pb_column type=\u00a0\u00bb1_2&Prime; _builder_version=\u00a0\u00bb3.0.47&Prime; parallax=\u00a0\u00bboff\u00a0\u00bb parallax_method=\u00a0\u00bbon\u00a0\u00bb use_background_color_gradient=\u00a0\u00bboff\u00a0\u00bb background_color_gradient_start=\u00a0\u00bb#74b0c9&Prime; background_color_gradient_end=\u00a0\u00bbrgba(39,124,188,0)\u00a0\u00bb background_color_gradient_type=\u00a0\u00bbradial\u00a0\u00bb background_color_gradient_start_position=\u00a0\u00bb0%\u00a0\u00bb background_color_gradient_end_position=\u00a0\u00bb55%\u00a0\u00bb module_class=\u00a0\u00bbcentrer-verticalement\u00a0\u00bb][et_pb_image src=\u00a0\u00bbhttps:\/\/www.quebec-original.fr\/wp-content\/uploads\/2020\/04\/QUEBEC_HERITAGE_BOUTEILLE.png\u00a0\u00bb align=\u00a0\u00bbcenter\u00a0\u00bb _builder_version=\u00a0\u00bb3.19.4&Prime; module_alignment=\u00a0\u00bbcenter\u00a0\u00bb animation_direction=\u00a0\u00bbleft\u00a0\u00bb]<br \/>\n[\/et_pb_image][\/et_pb_column][et_pb_column type=\u00a0\u00bb1_2&Prime; _builder_version=\u00a0\u00bb3.0.47&Prime; parallax=\u00a0\u00bboff\u00a0\u00bb parallax_method=\u00a0\u00bbon\u00a0\u00bb module_class=\u00a0\u00bbcentrer-verticalement\u00a0\u00bb][et_pb_text _builder_version=\u00a0\u00bb3.19.4&Prime; text_font=\u00a0\u00bbFakir Regular||||||||\u00a0\u00bb text_text_color=\u00a0\u00bb#ffffff\u00a0\u00bb header_font=\u00a0\u00bb||||||||\u00a0\u00bb header_text_color=\u00a0\u00bb#ffffff\u00a0\u00bb header_font_size=\u00a0\u00bb82px\u00a0\u00bb header_line_height=\u00a0\u00bb0.8em\u00a0\u00bb custom_margin=\u00a0\u00bb||27px\u00a0\u00bb]<\/p>\n<h1 style=\"text-align: center;\"><span style=\"color: #edf000;\"><\/span><\/h1>\n<h1 style=\"text-align: center;\"><span style=\"color: #fddd5c;\">1954<\/span><br \/> <span style=\"color: #ffffff;\">Les premi\u00e8res<\/span><br \/> bouteilles<\/h1>\n<p>[\/et_pb_text][et_pb_text _builder_version=\u00a0\u00bb3.19.4&Prime; text_font=\u00a0\u00bbFakir Regular||||||||\u00a0\u00bb text_text_color=\u00a0\u00bb#ffffff\u00a0\u00bb text_font_size=\u00a0\u00bb21px\u00a0\u00bb text_line_height=\u00a0\u00bb1.3em\u00a0\u00bb header_font=\u00a0\u00bb||||||||\u00a0\u00bb text_orientation=\u00a0\u00bbcenter\u00a0\u00bb max_width=\u00a0\u00bb92%\u00a0\u00bb module_alignment=\u00a0\u00bbcenter\u00a0\u00bb]<\/p>\n<p>La plus ancienne trace de la boisson que nous connaissons est une affiche avec le nom \u00ab\u00a0Boisson Fra\u00eeche Quebec\u00a0\u00bb. On y retrouve d\u00e9j\u00e0 l\u2019ours, \u00e9l\u00e9ment commun \u00e0 toutes les l\u00e9gendes des pap\u00e9s. Quel lien existe-t-il r\u00e9ellement entre les ours et la boisson ?<\/p>\n<p>[\/et_pb_text][et_pb_button button_url=\u00a0\u00bb#1956&Prime; button_text=\u00a0\u00bb1956&Prime; button_alignment=\u00a0\u00bbcenter\u00a0\u00bb _builder_version=\u00a0\u00bb3.19.4&Prime; custom_button=\u00a0\u00bbon\u00a0\u00bb button_text_color=\u00a0\u00bb#fddd5c\u00a0\u00bb button_border_width=\u00a0\u00bb0px\u00a0\u00bb button_border_color=\u00a0\u00bbrgba(0,0,0,0)\u00a0\u00bb button_border_radius=\u00a0\u00bb100px\u00a0\u00bb button_font=\u00a0\u00bbFakir Black||||||||\u00a0\u00bb button_icon=\u00a0\u00bb%%38%%\u00a0\u00bb button_on_hover=\u00a0\u00bboff\u00a0\u00bb background_layout=\u00a0\u00bbdark\u00a0\u00bb custom_margin=\u00a0\u00bb20px||\u00a0\u00bb]<br \/>\n[\/et_pb_button][\/et_pb_column][\/et_pb_row][\/et_pb_section][et_pb_section fb_built=\u00a0\u00bb1&Prime; disabled_on=\u00a0\u00bbon|on|off\u00a0\u00bb module_class=\u00a0\u00bbfullpage-section\u00a0\u00bb _builder_version=\u00a0\u00bb3.19.4&Prime; background_color=\u00a0\u00bb#8c9044&Prime;][et_pb_row use_custom_width=\u00a0\u00bbon\u00a0\u00bb width_unit=\u00a0\u00bboff\u00a0\u00bb custom_padding=\u00a0\u00bb0|0px|0px|0px|false|false\u00a0\u00bb make_equal=\u00a0\u00bbon\u00a0\u00bb use_background_color_gradient_1=\u00a0\u00bboff\u00a0\u00bb background_color_gradient_start_1=\u00a0\u00bb#74b0c9&Prime; background_color_gradient_end_1=\u00a0\u00bbrgba(39,124,188,0)\u00a0\u00bb background_color_gradient_type_1=\u00a0\u00bbradial\u00a0\u00bb background_color_gradient_start_position_1=\u00a0\u00bb0%\u00a0\u00bb background_color_gradient_end_position_1=\u00a0\u00bb55%\u00a0\u00bb module_class_1=\u00a0\u00bbcentrer-verticalement\u00a0\u00bb module_class_2=\u00a0\u00bbcentrer-verticalement\u00a0\u00bb module_id=\u00a0\u00bb1956&Prime; _builder_version=\u00a0\u00bb3.19.4&Prime; animation_style=\u00a0\u00bbbounce\u00a0\u00bb animation_duration=\u00a0\u00bb1600ms\u00a0\u00bb][et_pb_column type=\u00a0\u00bb1_2&Prime; _builder_version=\u00a0\u00bb3.0.47&Prime; parallax=\u00a0\u00bboff\u00a0\u00bb parallax_method=\u00a0\u00bbon\u00a0\u00bb use_background_color_gradient=\u00a0\u00bboff\u00a0\u00bb background_color_gradient_start=\u00a0\u00bb#74b0c9&Prime; background_color_gradient_end=\u00a0\u00bbrgba(39,124,188,0)\u00a0\u00bb background_color_gradient_type=\u00a0\u00bbradial\u00a0\u00bb background_color_gradient_start_position=\u00a0\u00bb0%\u00a0\u00bb background_color_gradient_end_position=\u00a0\u00bb55%\u00a0\u00bb module_class=\u00a0\u00bbcentrer-verticalement\u00a0\u00bb][et_pb_text _builder_version=\u00a0\u00bb3.19.4&Prime; text_font=\u00a0\u00bbFakir Regular||||||||\u00a0\u00bb text_text_color=\u00a0\u00bb#ffffff\u00a0\u00bb header_font=\u00a0\u00bb||||||||\u00a0\u00bb header_text_color=\u00a0\u00bb#ffffff\u00a0\u00bb header_font_size=\u00a0\u00bb82px\u00a0\u00bb header_line_height=\u00a0\u00bb0.8em\u00a0\u00bb custom_margin=\u00a0\u00bb||27px\u00a0\u00bb]<\/p>\n<h1 style=\"text-align: center;\"><span style=\"color: #edf000;\"><\/span><\/h1>\n<h1 style=\"text-align: center;\"><span style=\"color: #fddd5c;\">1956<\/span><br \/> <span style=\"color: #ffffff;\">Des faits<\/span><br \/>surprenants<\/h1>\n<p>[\/et_pb_text][et_pb_text _builder_version=\u00a0\u00bb3.19.4&Prime; text_font=\u00a0\u00bbFakir Regular||||||||\u00a0\u00bb text_text_color=\u00a0\u00bb#ffffff\u00a0\u00bb text_font_size=\u00a0\u00bb21px\u00a0\u00bb text_line_height=\u00a0\u00bb1.3em\u00a0\u00bb header_font=\u00a0\u00bb||||||||\u00a0\u00bb text_orientation=\u00a0\u00bbcenter\u00a0\u00bb max_width=\u00a0\u00bb92%\u00a0\u00bb module_alignment=\u00a0\u00bbcenter\u00a0\u00bb]<\/p>\n<p>\u00c0 partir de 1956, de Marseille \u00e0 Martigues de nombreux t\u00e9moignages de gens ayant crois\u00e9 le chemin d\u2019ours pas comme les autres sont recens\u00e9s. Certains auraient m\u00eame vu des ours jouer \u00e0 la p\u00e9tanque\u2026<\/p>\n<p>[\/et_pb_text][et_pb_button button_url=\u00a0\u00bb#temoignages\u00a0\u00bb button_text=\u00a0\u00bbLes t\u00e9moignages\u00a0\u00bb button_alignment=\u00a0\u00bbcenter\u00a0\u00bb _builder_version=\u00a0\u00bb3.19.4&Prime; custom_button=\u00a0\u00bbon\u00a0\u00bb button_text_color=\u00a0\u00bb#fddd5c\u00a0\u00bb button_border_width=\u00a0\u00bb0px\u00a0\u00bb button_border_color=\u00a0\u00bbrgba(0,0,0,0)\u00a0\u00bb button_border_radius=\u00a0\u00bb100px\u00a0\u00bb button_font=\u00a0\u00bbFakir Black||||||||\u00a0\u00bb button_icon=\u00a0\u00bb%%38%%\u00a0\u00bb button_on_hover=\u00a0\u00bboff\u00a0\u00bb background_layout=\u00a0\u00bbdark\u00a0\u00bb custom_margin=\u00a0\u00bb20px||\u00a0\u00bb]<br \/>\n[\/et_pb_button][\/et_pb_column][et_pb_column type=\u00a0\u00bb1_2&Prime; _builder_version=\u00a0\u00bb3.0.47&Prime; parallax=\u00a0\u00bboff\u00a0\u00bb parallax_method=\u00a0\u00bbon\u00a0\u00bb module_class=\u00a0\u00bbcentrer-verticalement\u00a0\u00bb][et_pb_image src=\u00a0\u00bbhttps:\/\/www.quebec-original.fr\/wp-content\/uploads\/2020\/04\/QUEBEC_HERITAGE_OURS_PETANQUE.png\u00a0\u00bb _builder_version=\u00a0\u00bb3.19.4&Prime;]<br \/>\n[\/et_pb_image][\/et_pb_column][\/et_pb_row][\/et_pb_section][et_pb_section fb_built=\u00a0\u00bb1&Prime; disabled_on=\u00a0\u00bbon|on|off\u00a0\u00bb module_id=\u00a0\u00bbtemoignages\u00a0\u00bb module_class=\u00a0\u00bbfullpage-section\u00a0\u00bb _builder_version=\u00a0\u00bb3.19.4&Prime; background_color=\u00a0\u00bb#fddc59&Prime;][et_pb_row use_custom_width=\u00a0\u00bbon\u00a0\u00bb width_unit=\u00a0\u00bboff\u00a0\u00bb custom_padding=\u00a0\u00bb0|0px|0px|0px|false|false\u00a0\u00bb make_equal=\u00a0\u00bbon\u00a0\u00bb use_background_color_gradient_1=\u00a0\u00bboff\u00a0\u00bb background_color_gradient_start_1=\u00a0\u00bb#74b0c9&Prime; background_color_gradient_end_1=\u00a0\u00bbrgba(39,124,188,0)\u00a0\u00bb background_color_gradient_type_1=\u00a0\u00bbradial\u00a0\u00bb background_color_gradient_start_position_1=\u00a0\u00bb0%\u00a0\u00bb background_color_gradient_end_position_1=\u00a0\u00bb55%\u00a0\u00bb module_class_1=\u00a0\u00bbcentrer-verticalement\u00a0\u00bb module_class_2=\u00a0\u00bbcentrer-verticalement\u00a0\u00bb _builder_version=\u00a0\u00bb3.19.4&Prime; animation_style=\u00a0\u00bbbounce\u00a0\u00bb animation_direction=\u00a0\u00bbbottom\u00a0\u00bb][et_pb_column type=\u00a0\u00bb1_3&Prime; _builder_version=\u00a0\u00bb3.0.47&Prime; parallax=\u00a0\u00bboff\u00a0\u00bb parallax_method=\u00a0\u00bbon\u00a0\u00bb use_background_color_gradient=\u00a0\u00bboff\u00a0\u00bb background_color_gradient_start=\u00a0\u00bb#74b0c9&Prime; background_color_gradient_end=\u00a0\u00bbrgba(39,124,188,0)\u00a0\u00bb background_color_gradient_type=\u00a0\u00bbradial\u00a0\u00bb background_color_gradient_start_position=\u00a0\u00bb0%\u00a0\u00bb background_color_gradient_end_position=\u00a0\u00bb55%\u00a0\u00bb module_class=\u00a0\u00bbcentrer-verticalement\u00a0\u00bb][et_pb_text _builder_version=\u00a0\u00bb3.19.4&Prime; text_font=\u00a0\u00bbFakir Regular||||||||\u00a0\u00bb text_text_color=\u00a0\u00bb#341f12&Prime; text_font_size=\u00a0\u00bb21px\u00a0\u00bb text_line_height=\u00a0\u00bb1.3em\u00a0\u00bb header_font=\u00a0\u00bb||||||||\u00a0\u00bb header_text_color=\u00a0\u00bb#341f12&Prime; header_font_size=\u00a0\u00bb54px\u00a0\u00bb text_orientation=\u00a0\u00bbcenter\u00a0\u00bb max_width=\u00a0\u00bb92%\u00a0\u00bb module_alignment=\u00a0\u00bbcenter\u00a0\u00bb]<\/p>\n<h1>Mars 1960<\/h1>\n<p>\u201cOh fada ! J\u2019\u00e9tais tranquille dans ma cuisine en train de pr\u00e9parer mon a\u00efoli en buvant un verre de Quebec quand j\u2019ai vu un ours taper aux carreaux,<br \/> j\u2019ai cri\u00e9 et il est parti !\u201d<\/p>\n<p style=\"text-align: right;\">Soraya.B<\/p>\n<p>&nbsp;<\/p>\n<p>[\/et_pb_text][\/et_pb_column][et_pb_column type=\u00a0\u00bb1_3&Prime; _builder_version=\u00a0\u00bb3.0.47&Prime; parallax=\u00a0\u00bboff\u00a0\u00bb parallax_method=\u00a0\u00bbon\u00a0\u00bb module_class=\u00a0\u00bbcentrer-verticalement\u00a0\u00bb][et_pb_text _builder_version=\u00a0\u00bb3.19.4&Prime; text_font=\u00a0\u00bbFakir Regular||||||||\u00a0\u00bb text_text_color=\u00a0\u00bb#341f12&Prime; text_font_size=\u00a0\u00bb21px\u00a0\u00bb text_line_height=\u00a0\u00bb1.3em\u00a0\u00bb header_font=\u00a0\u00bb||||||||\u00a0\u00bb header_text_color=\u00a0\u00bb#341f12&Prime; header_font_size=\u00a0\u00bb54px\u00a0\u00bb text_orientation=\u00a0\u00bbcenter\u00a0\u00bb max_width=\u00a0\u00bb92%\u00a0\u00bb module_alignment=\u00a0\u00bbcenter\u00a0\u00bb]<\/p>\n<h1>Juin 1964<\/h1>\n<p>\u201cMardi dernier, j\u2019\u00e9tais dans les calanques avec mon ami Jo. Quand on a ouvert un Quebec, un ours est apparu et nous a vol\u00e9 la bouteille! On a pris la poudre d\u2019escampette !\u201d<\/p>\n<p style=\"text-align: right;\">Janot.A<\/p>\n<p>&nbsp;<\/p>\n<p>[\/et_pb_text][\/et_pb_column][et_pb_column type=\u00a0\u00bb1_3&Prime; _builder_version=\u00a0\u00bb3.0.47&Prime; parallax=\u00a0\u00bboff\u00a0\u00bb parallax_method=\u00a0\u00bbon\u00a0\u00bb][et_pb_text _builder_version=\u00a0\u00bb3.19.4&Prime; text_font=\u00a0\u00bbFakir Regular||||||||\u00a0\u00bb text_text_color=\u00a0\u00bb#341f12&Prime; text_font_size=\u00a0\u00bb21px\u00a0\u00bb text_line_height=\u00a0\u00bb1.3em\u00a0\u00bb header_font=\u00a0\u00bb||||||||\u00a0\u00bb header_text_color=\u00a0\u00bb#341f12&Prime; header_font_size=\u00a0\u00bb54px\u00a0\u00bb text_orientation=\u00a0\u00bbcenter\u00a0\u00bb max_width=\u00a0\u00bb92%\u00a0\u00bb module_alignment=\u00a0\u00bbcenter\u00a0\u00bb]<\/p>\n<h1>Ao\u00fbt 1968<\/h1>\n<p>\u201cUn soir d\u2019\u00e9t\u00e9, nous sommes all\u00e9s \u00e0 l\u2019Estaque pour une baignade&#8230; En sortant de l\u2019eau, notre bouteille de Quebec avait disparu ! On pouvait apercevoir des traces d\u2019ours dans le sable\u2026\u201d<\/p>\n<p style=\"text-align: right;\">Jacqueline.C<\/p>\n<p>&nbsp;<\/p>\n<p>[\/et_pb_text][\/et_pb_column][\/et_pb_row][et_pb_row custom_margin=\u00a0\u00bb-200px||\u00a0\u00bb module_class_1=\u00a0\u00bbcentrer-verticalement\u00a0\u00bb module_class=\u00a0\u00bbcentrer-verticalement\u00a0\u00bb _builder_version=\u00a0\u00bb3.19.4&Prime; animation_style=\u00a0\u00bbbounce\u00a0\u00bb][et_pb_column type=\u00a0\u00bb4_4&Prime; _builder_version=\u00a0\u00bb3.0.47&Prime; parallax=\u00a0\u00bboff\u00a0\u00bb parallax_method=\u00a0\u00bbon\u00a0\u00bb module_class=\u00a0\u00bbcentrer-verticalement\u00a0\u00bb][et_pb_button button_url=\u00a0\u00bb#1970&Prime; button_text=\u00a0\u00bb1970&Prime; button_alignment=\u00a0\u00bbcenter\u00a0\u00bb _builder_version=\u00a0\u00bb3.19.4&Prime; custom_button=\u00a0\u00bbon\u00a0\u00bb button_text_color=\u00a0\u00bb#341f12&Prime; button_border_width=\u00a0\u00bb0px\u00a0\u00bb button_border_color=\u00a0\u00bbrgba(0,0,0,0)\u00a0\u00bb button_border_radius=\u00a0\u00bb100px\u00a0\u00bb button_font=\u00a0\u00bbFakir Black||||||||\u00a0\u00bb button_icon=\u00a0\u00bb%%38%%\u00a0\u00bb button_on_hover=\u00a0\u00bboff\u00a0\u00bb background_layout=\u00a0\u00bbdark\u00a0\u00bb custom_margin=\u00a0\u00bb20px||\u00a0\u00bb]<br \/>\n[\/et_pb_button][\/et_pb_column][\/et_pb_row][\/et_pb_section][et_pb_section fb_built=\u00a0\u00bb1&Prime; disabled_on=\u00a0\u00bbon|on|off\u00a0\u00bb module_id=\u00a0\u00bb1970&Prime; module_class=\u00a0\u00bbfullpage-section\u00a0\u00bb _builder_version=\u00a0\u00bb3.19.4&Prime; background_color=\u00a0\u00bb#8c9044&Prime; background_image=\u00a0\u00bbhttps:\/\/www.quebec-original.fr\/wp-content\/uploads\/2020\/04\/QUEBEC_HISTOIRE_BAKCGROUND.jpg\u00a0\u00bb][et_pb_row make_fullwidth=\u00a0\u00bbon\u00a0\u00bb custom_padding=\u00a0\u00bb0|0px|0px|0px|false|false\u00a0\u00bb make_equal=\u00a0\u00bbon\u00a0\u00bb use_background_color_gradient_1=\u00a0\u00bboff\u00a0\u00bb background_color_gradient_start_1=\u00a0\u00bb#74b0c9&Prime; background_color_gradient_end_1=\u00a0\u00bbrgba(39,124,188,0)\u00a0\u00bb background_color_gradient_type_1=\u00a0\u00bbradial\u00a0\u00bb background_color_gradient_start_position_1=\u00a0\u00bb0%\u00a0\u00bb background_color_gradient_end_position_1=\u00a0\u00bb55%\u00a0\u00bb module_class_1=\u00a0\u00bbcentrer-verticalement\u00a0\u00bb module_class_2=\u00a0\u00bbcentrer-verticalement\u00a0\u00bb _builder_version=\u00a0\u00bb3.19.4&Prime; animation_style=\u00a0\u00bbbounce\u00a0\u00bb animation_direction=\u00a0\u00bbright\u00a0\u00bb animation_duration=\u00a0\u00bb1350ms\u00a0\u00bb][et_pb_column type=\u00a0\u00bb1_2&Prime; _builder_version=\u00a0\u00bb3.0.47&Prime; parallax=\u00a0\u00bboff\u00a0\u00bb parallax_method=\u00a0\u00bbon\u00a0\u00bb use_background_color_gradient=\u00a0\u00bboff\u00a0\u00bb background_color_gradient_start=\u00a0\u00bb#74b0c9&Prime; background_color_gradient_end=\u00a0\u00bbrgba(39,124,188,0)\u00a0\u00bb background_color_gradient_type=\u00a0\u00bbradial\u00a0\u00bb background_color_gradient_start_position=\u00a0\u00bb0%\u00a0\u00bb background_color_gradient_end_position=\u00a0\u00bb55%\u00a0\u00bb module_class=\u00a0\u00bbcentrer-verticalement\u00a0\u00bb][\/et_pb_column][et_pb_column type=\u00a0\u00bb1_2&Prime; _builder_version=\u00a0\u00bb3.0.47&Prime; parallax=\u00a0\u00bboff\u00a0\u00bb parallax_method=\u00a0\u00bbon\u00a0\u00bb module_class=\u00a0\u00bbcentrer-verticalement\u00a0\u00bb][et_pb_text _builder_version=\u00a0\u00bb3.19.4&Prime; text_font=\u00a0\u00bbFakir Regular||||||||\u00a0\u00bb text_text_color=\u00a0\u00bb#ffffff\u00a0\u00bb header_font=\u00a0\u00bb||||||||\u00a0\u00bb header_text_color=\u00a0\u00bb#ffffff\u00a0\u00bb header_font_size=\u00a0\u00bb82px\u00a0\u00bb header_line_height=\u00a0\u00bb0.8em\u00a0\u00bb custom_margin=\u00a0\u00bb||27px\u00a0\u00bb]<\/p>\n<h1 style=\"text-align: center;\"><span style=\"color: #edf000;\"><\/span><\/h1>\n<h1 style=\"text-align: center;\"><span style=\"color: #fddd5c;\">1970<\/span><br \/> La presse<\/h1>\n<p>[\/et_pb_text][et_pb_text _builder_version=\u00a0\u00bb3.19.4&Prime; text_font=\u00a0\u00bbFakir Regular||||||||\u00a0\u00bb text_text_color=\u00a0\u00bb#ffffff\u00a0\u00bb text_font_size=\u00a0\u00bb21px\u00a0\u00bb text_line_height=\u00a0\u00bb1.3em\u00a0\u00bb text_orientation=\u00a0\u00bbcenter\u00a0\u00bb max_width=\u00a0\u00bb74%\u00a0\u00bb module_alignment=\u00a0\u00bbcenter\u00a0\u00bb]<\/p>\n<p>La journaux r\u00e9gionaux titrent : \u00ab Des ours en Provence \u00bb, \u201cPanique en ville, des ours dans nos rues \u00bb, \u00ab Une migration myst\u00e9rieuse \u00bb\u2026 Suite \u00e0 de nombreux t\u00e9moignages, Quebec est forc\u00e9 de constater que leurs nombreuses apparitions ne sont pas le fruit du hasard ! Mais pourquoi le Quebec attire-t-il les ours ?<\/p>\n<p>[\/et_pb_text][et_pb_button button_url=\u00a0\u00bb#1972&Prime; button_text=\u00a0\u00bb1972&Prime; button_alignment=\u00a0\u00bbcenter\u00a0\u00bb _builder_version=\u00a0\u00bb3.19.4&Prime; custom_button=\u00a0\u00bbon\u00a0\u00bb button_text_color=\u00a0\u00bb#fddd5c\u00a0\u00bb button_border_width=\u00a0\u00bb0px\u00a0\u00bb button_border_color=\u00a0\u00bbrgba(0,0,0,0)\u00a0\u00bb button_border_radius=\u00a0\u00bb100px\u00a0\u00bb button_font=\u00a0\u00bbFakir Black||||||||\u00a0\u00bb button_icon=\u00a0\u00bb%%38%%\u00a0\u00bb button_on_hover=\u00a0\u00bboff\u00a0\u00bb background_layout=\u00a0\u00bbdark\u00a0\u00bb custom_margin=\u00a0\u00bb20px||\u00a0\u00bb]<br \/>\n[\/et_pb_button][\/et_pb_column][\/et_pb_row][\/et_pb_section][et_pb_section fb_built=\u00a0\u00bb1&Prime; disabled_on=\u00a0\u00bbon|on|off\u00a0\u00bb module_id=\u00a0\u00bb1972&Prime; module_class=\u00a0\u00bbfullpage-section\u00a0\u00bb _builder_version=\u00a0\u00bb3.19.4&Prime; background_color=\u00a0\u00bb#76985c\u00a0\u00bb background_image=\u00a0\u00bbhttps:\/\/www.quebec-original.fr\/wp-content\/uploads\/2020\/04\/QUEBEC_HISTOIRE_DEMENAGEMENT_2.png\u00a0\u00bb parallax=\u00a0\u00bbon\u00a0\u00bb][et_pb_row use_custom_width=\u00a0\u00bbon\u00a0\u00bb width_unit=\u00a0\u00bboff\u00a0\u00bb custom_width_percent=\u00a0\u00bb51%\u00a0\u00bb custom_padding=\u00a0\u00bb0|0px|0px|0px|false|false\u00a0\u00bb make_equal=\u00a0\u00bbon\u00a0\u00bb use_background_color_gradient_1=\u00a0\u00bboff\u00a0\u00bb background_color_gradient_start_1=\u00a0\u00bb#74b0c9&Prime; background_color_gradient_end_1=\u00a0\u00bbrgba(39,124,188,0)\u00a0\u00bb background_color_gradient_type_1=\u00a0\u00bbradial\u00a0\u00bb background_color_gradient_start_position_1=\u00a0\u00bb0%\u00a0\u00bb background_color_gradient_end_position_1=\u00a0\u00bb55%\u00a0\u00bb module_class_1=\u00a0\u00bbcentrer-verticalement\u00a0\u00bb module_class_2=\u00a0\u00bbcentrer-verticalement\u00a0\u00bb module_id=\u00a0\u00bb1972&Prime; _builder_version=\u00a0\u00bb3.19.4&Prime; animation_style=\u00a0\u00bbbounce\u00a0\u00bb animation_direction=\u00a0\u00bbright\u00a0\u00bb animation_duration=\u00a0\u00bb1600ms\u00a0\u00bb][et_pb_column type=\u00a0\u00bb4_4&Prime; _builder_version=\u00a0\u00bb3.0.47&Prime; parallax=\u00a0\u00bboff\u00a0\u00bb parallax_method=\u00a0\u00bbon\u00a0\u00bb use_background_color_gradient=\u00a0\u00bboff\u00a0\u00bb background_color_gradient_start=\u00a0\u00bb#74b0c9&Prime; background_color_gradient_end=\u00a0\u00bbrgba(39,124,188,0)\u00a0\u00bb background_color_gradient_type=\u00a0\u00bbradial\u00a0\u00bb background_color_gradient_start_position=\u00a0\u00bb0%\u00a0\u00bb background_color_gradient_end_position=\u00a0\u00bb55%\u00a0\u00bb module_class=\u00a0\u00bbcentrer-verticalement\u00a0\u00bb][et_pb_text _builder_version=\u00a0\u00bb3.19.4&Prime; text_font=\u00a0\u00bbFakir Regular||||||||\u00a0\u00bb text_text_color=\u00a0\u00bb#ffffff\u00a0\u00bb header_font=\u00a0\u00bb||||||||\u00a0\u00bb header_text_color=\u00a0\u00bb#ffffff\u00a0\u00bb header_font_size=\u00a0\u00bb82px\u00a0\u00bb header_line_height=\u00a0\u00bb0.8em\u00a0\u00bb custom_margin=\u00a0\u00bb||27px\u00a0\u00bb]<\/p>\n<h1 style=\"text-align: center;\"><span style=\"color: #edf000;\"><\/span><\/h1>\n<h1 style=\"text-align: center;\"><span style=\"color: #fddd5c;\">1972<\/span><br \/> <span style=\"color: #ffffff;\">L&rsquo;heure du d\u00e9m\u00e9nagement<\/span><\/h1>\n<p>[\/et_pb_text][et_pb_text _builder_version=\u00a0\u00bb3.19.4&Prime; text_font=\u00a0\u00bbFakir Regular||||||||\u00a0\u00bb text_text_color=\u00a0\u00bb#ffffff\u00a0\u00bb text_font_size=\u00a0\u00bb21px\u00a0\u00bb text_line_height=\u00a0\u00bb1.3em\u00a0\u00bb text_orientation=\u00a0\u00bbcenter\u00a0\u00bb max_width=\u00a0\u00bb92%\u00a0\u00bb module_alignment=\u00a0\u00bbcenter\u00a0\u00bb]<\/p>\n<p>Afin que les ours cessent de mettre le oa\u00ef* en Provence et surtout, afin de sauvegarder sa production, la soci\u00e9t\u00e9 d\u00e9m\u00e9nage dans un lieu tenu secret. C\u2019est \u00e0 partir de cette \u00e9poque que Quebec r\u00e9ussit la prouesse de dispara\u00eetre tout en continuant d\u2019approvisionner l&rsquo;ensemble des \u00e9piceries proven\u00e7ales.<\/p>\n<p style=\"text-align: right; font-size: 15px;\">*Mettre le bazar<\/p>\n<p>[\/et_pb_text][et_pb_button button_url=\u00a0\u00bb#2010&Prime; button_text=\u00a0\u00bb2010&Prime; button_alignment=\u00a0\u00bbcenter\u00a0\u00bb _builder_version=\u00a0\u00bb3.19.4&Prime; custom_button=\u00a0\u00bbon\u00a0\u00bb button_text_color=\u00a0\u00bb#fddd5c\u00a0\u00bb button_border_width=\u00a0\u00bb0px\u00a0\u00bb button_border_color=\u00a0\u00bbrgba(0,0,0,0)\u00a0\u00bb button_border_radius=\u00a0\u00bb100px\u00a0\u00bb button_font=\u00a0\u00bbFakir Black||||||||\u00a0\u00bb button_icon=\u00a0\u00bb%%38%%\u00a0\u00bb button_on_hover=\u00a0\u00bboff\u00a0\u00bb background_layout=\u00a0\u00bbdark\u00a0\u00bb custom_margin=\u00a0\u00bb20px||\u00a0\u00bb]<br \/>\n[\/et_pb_button][\/et_pb_column][\/et_pb_row][\/et_pb_section][et_pb_section fb_built=\u00a0\u00bb1&Prime; disabled_on=\u00a0\u00bbon|on|off\u00a0\u00bb module_id=\u00a0\u00bb2010&Prime; module_class=\u00a0\u00bbfullpage-section\u00a0\u00bb _builder_version=\u00a0\u00bb3.19.4&Prime; background_color=\u00a0\u00bb#277cbc\u00a0\u00bb parallax=\u00a0\u00bbon\u00a0\u00bb][et_pb_row use_custom_width=\u00a0\u00bbon\u00a0\u00bb width_unit=\u00a0\u00bboff\u00a0\u00bb custom_padding=\u00a0\u00bb0|0px|0px|0|false|false\u00a0\u00bb make_equal=\u00a0\u00bbon\u00a0\u00bb parallax_2=\u00a0\u00bbon\u00a0\u00bb background_size_2=\u00a0\u00bbcontain\u00a0\u00bb background_repeat_2=\u00a0\u00bbno-repeat\u00a0\u00bb use_background_color_gradient_1=\u00a0\u00bboff\u00a0\u00bb use_background_color_gradient_2=\u00a0\u00bbon\u00a0\u00bb background_color_gradient_start_1=\u00a0\u00bb#74b0c9&Prime; background_color_gradient_start_2=\u00a0\u00bb#87aabc\u00a0\u00bb background_color_gradient_end_1=\u00a0\u00bbrgba(39,124,188,0)\u00a0\u00bb background_color_gradient_end_2=\u00a0\u00bbrgba(39,124,188,0)\u00a0\u00bb background_color_gradient_type_1=\u00a0\u00bbradial\u00a0\u00bb background_color_gradient_type_2=\u00a0\u00bbradial\u00a0\u00bb background_color_gradient_start_position_1=\u00a0\u00bb0%\u00a0\u00bb background_color_gradient_end_position_1=\u00a0\u00bb55%\u00a0\u00bb background_color_gradient_end_position_2=\u00a0\u00bb57%\u00a0\u00bb module_class_1=\u00a0\u00bbcentrer-verticalement\u00a0\u00bb module_class_2=\u00a0\u00bbcentrer-verticalement\u00a0\u00bb module_id=\u00a0\u00bborigine\u00a0\u00bb _builder_version=\u00a0\u00bb3.19.4&Prime; animation_style=\u00a0\u00bbbounce\u00a0\u00bb animation_direction=\u00a0\u00bbleft\u00a0\u00bb animation_delay=\u00a0\u00bb250ms\u00a0\u00bb animation_speed_curve=\u00a0\u00bbease-in\u00a0\u00bb][et_pb_column type=\u00a0\u00bb1_2&Prime; _builder_version=\u00a0\u00bb3.0.47&Prime; parallax=\u00a0\u00bboff\u00a0\u00bb parallax_method=\u00a0\u00bbon\u00a0\u00bb use_background_color_gradient=\u00a0\u00bboff\u00a0\u00bb background_color_gradient_start=\u00a0\u00bb#74b0c9&Prime; background_color_gradient_end=\u00a0\u00bbrgba(39,124,188,0)\u00a0\u00bb background_color_gradient_type=\u00a0\u00bbradial\u00a0\u00bb background_color_gradient_start_position=\u00a0\u00bb0%\u00a0\u00bb background_color_gradient_end_position=\u00a0\u00bb55%\u00a0\u00bb module_class=\u00a0\u00bbcentrer-verticalement\u00a0\u00bb][et_pb_image src=\u00a0\u00bbhttps:\/\/www.quebec-original.fr\/wp-content\/uploads\/2020\/04\/QUEBEC_HERITAGE_PAROT_2.png\u00a0\u00bb _builder_version=\u00a0\u00bb3.19.4&Prime;]<br \/>\n[\/et_pb_image][\/et_pb_column][et_pb_column type=\u00a0\u00bb1_2&Prime; _builder_version=\u00a0\u00bb3.0.47&Prime; parallax=\u00a0\u00bbon\u00a0\u00bb parallax_method=\u00a0\u00bbon\u00a0\u00bb background_size=\u00a0\u00bbcontain\u00a0\u00bb background_repeat=\u00a0\u00bbno-repeat\u00a0\u00bb use_background_color_gradient=\u00a0\u00bbon\u00a0\u00bb background_color_gradient_start=\u00a0\u00bb#87aabc\u00a0\u00bb background_color_gradient_end=\u00a0\u00bbrgba(39,124,188,0)\u00a0\u00bb background_color_gradient_type=\u00a0\u00bbradial\u00a0\u00bb background_color_gradient_end_position=\u00a0\u00bb57%\u00a0\u00bb module_class=\u00a0\u00bbcentrer-verticalement\u00a0\u00bb][et_pb_text _builder_version=\u00a0\u00bb3.19.4&Prime; text_font=\u00a0\u00bbFakir Regular||||||||\u00a0\u00bb text_text_color=\u00a0\u00bb#ffffff\u00a0\u00bb header_font=\u00a0\u00bb||||||||\u00a0\u00bb header_text_color=\u00a0\u00bb#ffffff\u00a0\u00bb header_font_size=\u00a0\u00bb82px\u00a0\u00bb header_line_height=\u00a0\u00bb0.7em\u00a0\u00bb custom_margin=\u00a0\u00bb||27px\u00a0\u00bb]<\/p>\n<h1 style=\"text-align: center;\"><span style=\"color: #edf000;\"><\/span><\/h1>\n<p>&nbsp;<\/p>\n<h1 style=\"text-align: center;\"><span style=\"color: #fddd5c;\">2010<\/span><br \/>Quebec<br \/>l&rsquo;h\u00e9ritage<\/h1>\n<p>[\/et_pb_text][et_pb_text _builder_version=\u00a0\u00bb3.19.4&Prime; text_font=\u00a0\u00bbFakir Regular||||||||\u00a0\u00bb text_text_color=\u00a0\u00bb#ffffff\u00a0\u00bb text_font_size=\u00a0\u00bb21px\u00a0\u00bb text_line_height=\u00a0\u00bb1.3em\u00a0\u00bb text_orientation=\u00a0\u00bbcenter\u00a0\u00bb max_width=\u00a0\u00bb92%\u00a0\u00bb]<\/p>\n<p>En 2010, le secret le mieux gard\u00e9 de Provence devient notre responsabilit\u00e9. D\u00e9sormais d\u00e9fenseurs d\u2019un h\u00e9ritage inestimable, l\u2019histoire de Quebec et de ses adeptes est loin d\u2019\u00eatre termin\u00e9e !<\/p>\n<p>[\/et_pb_text][et_pb_button button_url=\u00a0\u00bb#2012&Prime; button_text=\u00a0\u00bb2012&Prime; button_alignment=\u00a0\u00bbcenter\u00a0\u00bb _builder_version=\u00a0\u00bb3.19.4&Prime; custom_button=\u00a0\u00bbon\u00a0\u00bb button_text_color=\u00a0\u00bb#fddd5c\u00a0\u00bb button_border_width=\u00a0\u00bb0px\u00a0\u00bb button_border_color=\u00a0\u00bbrgba(0,0,0,0)\u00a0\u00bb button_border_radius=\u00a0\u00bb100px\u00a0\u00bb button_font=\u00a0\u00bbFakir Black||||||||\u00a0\u00bb button_icon=\u00a0\u00bb%%38%%\u00a0\u00bb button_on_hover=\u00a0\u00bboff\u00a0\u00bb background_layout=\u00a0\u00bbdark\u00a0\u00bb custom_margin=\u00a0\u00bb20px||\u00a0\u00bb]<br \/>\n[\/et_pb_button][\/et_pb_column][\/et_pb_row][\/et_pb_section][et_pb_section fb_built=\u00a0\u00bb1&Prime; disabled_on=\u00a0\u00bbon|on|off\u00a0\u00bb module_id=\u00a0\u00bb2012&Prime; module_class=\u00a0\u00bbfullpage-section\u00a0\u00bb _builder_version=\u00a0\u00bb3.19.4&Prime; background_color=\u00a0\u00bb#277cbc\u00a0\u00bb background_image=\u00a0\u00bbhttps:\/\/www.quebec-original.fr\/wp-content\/uploads\/2020\/04\/QUEBEC_HERITAGE_BOUTEILLE_2010_2.png\u00a0\u00bb parallax=\u00a0\u00bbon\u00a0\u00bb][et_pb_row use_custom_width=\u00a0\u00bbon\u00a0\u00bb width_unit=\u00a0\u00bboff\u00a0\u00bb custom_padding=\u00a0\u00bb0|0px|0px|0|false|false\u00a0\u00bb make_equal=\u00a0\u00bbon\u00a0\u00bb parallax_2=\u00a0\u00bbon\u00a0\u00bb background_size_2=\u00a0\u00bbcontain\u00a0\u00bb background_repeat_2=\u00a0\u00bbno-repeat\u00a0\u00bb use_background_color_gradient_1=\u00a0\u00bbon\u00a0\u00bb background_color_gradient_start_1=\u00a0\u00bb#74b0c9&Prime; background_color_gradient_end_1=\u00a0\u00bbrgba(39,124,188,0)\u00a0\u00bb background_color_gradient_type_1=\u00a0\u00bbradial\u00a0\u00bb background_color_gradient_start_position_1=\u00a0\u00bb0%\u00a0\u00bb background_color_gradient_end_position_1=\u00a0\u00bb55%\u00a0\u00bb module_class_1=\u00a0\u00bbcentrer-verticalement\u00a0\u00bb module_class_2=\u00a0\u00bbcentrer-verticalement\u00a0\u00bb module_id=\u00a0\u00bborigine\u00a0\u00bb _builder_version=\u00a0\u00bb3.19.4&Prime; animation_style=\u00a0\u00bbbounce\u00a0\u00bb animation_direction=\u00a0\u00bbleft\u00a0\u00bb animation_delay=\u00a0\u00bb250ms\u00a0\u00bb animation_speed_curve=\u00a0\u00bbease-in\u00a0\u00bb][et_pb_column type=\u00a0\u00bb1_2&Prime; _builder_version=\u00a0\u00bb3.0.47&Prime; parallax=\u00a0\u00bboff\u00a0\u00bb parallax_method=\u00a0\u00bbon\u00a0\u00bb use_background_color_gradient=\u00a0\u00bbon\u00a0\u00bb background_color_gradient_start=\u00a0\u00bb#74b0c9&Prime; background_color_gradient_end=\u00a0\u00bbrgba(39,124,188,0)\u00a0\u00bb background_color_gradient_type=\u00a0\u00bbradial\u00a0\u00bb background_color_gradient_start_position=\u00a0\u00bb0%\u00a0\u00bb background_color_gradient_end_position=\u00a0\u00bb55%\u00a0\u00bb module_class=\u00a0\u00bbcentrer-verticalement\u00a0\u00bb][et_pb_text _builder_version=\u00a0\u00bb3.19.4&Prime; text_font=\u00a0\u00bbFakir Regular||||||||\u00a0\u00bb text_text_color=\u00a0\u00bb#ffffff\u00a0\u00bb header_font=\u00a0\u00bb||||||||\u00a0\u00bb header_text_color=\u00a0\u00bb#ffffff\u00a0\u00bb header_font_size=\u00a0\u00bb82px\u00a0\u00bb header_line_height=\u00a0\u00bb0.7em\u00a0\u00bb custom_margin=\u00a0\u00bb||27px\u00a0\u00bb]<\/p>\n<h1 style=\"text-align: center;\"><span style=\"color: #edf000;\"><\/span><\/h1>\n<p>&nbsp;<\/p>\n<h1 style=\"text-align: center;\"><span style=\"color: #fddd5c;\">2012<\/span><br \/>Des mascottes<br \/>officielles<\/h1>\n<p>[\/et_pb_text][et_pb_text _builder_version=\u00a0\u00bb3.19.4&Prime; text_font=\u00a0\u00bbFakir Regular||||||||\u00a0\u00bb text_text_color=\u00a0\u00bb#ffffff\u00a0\u00bb text_font_size=\u00a0\u00bb21px\u00a0\u00bb text_line_height=\u00a0\u00bb1.3em\u00a0\u00bb text_orientation=\u00a0\u00bbcenter\u00a0\u00bb max_width=\u00a0\u00bb92%\u00a0\u00bb]<\/p>\n<p>Quebec reconna\u00eet officiellement les Ours comme mascottes officielles de sa boisson ! Une victoire pour les ursid\u00e9s qui b\u00e9n\u00e9ficient \u00e0 pr\u00e9sent, pour les plus chanceux, de la possibilit\u00e9 d\u2019\u00eatre employ\u00e9s au service \u00ab\u00a0conformit\u00e9 produit\u00a0\u00bb !<\/p>\n<p>[\/et_pb_text][et_pb_button button_url=\u00a0\u00bb#2020&Prime; button_text=\u00a0\u00bb2020&Prime; button_alignment=\u00a0\u00bbcenter\u00a0\u00bb _builder_version=\u00a0\u00bb3.19.4&Prime; custom_button=\u00a0\u00bbon\u00a0\u00bb button_text_color=\u00a0\u00bb#fddd5c\u00a0\u00bb button_border_width=\u00a0\u00bb0px\u00a0\u00bb button_border_color=\u00a0\u00bbrgba(0,0,0,0)\u00a0\u00bb button_border_radius=\u00a0\u00bb100px\u00a0\u00bb button_font=\u00a0\u00bbFakir Black||||||||\u00a0\u00bb button_icon=\u00a0\u00bb%%38%%\u00a0\u00bb button_on_hover=\u00a0\u00bboff\u00a0\u00bb background_layout=\u00a0\u00bbdark\u00a0\u00bb custom_margin=\u00a0\u00bb20px||\u00a0\u00bb]<br \/>\n[\/et_pb_button][\/et_pb_column][et_pb_column type=\u00a0\u00bb1_2&Prime; _builder_version=\u00a0\u00bb3.0.47&Prime; parallax=\u00a0\u00bbon\u00a0\u00bb parallax_method=\u00a0\u00bbon\u00a0\u00bb background_size=\u00a0\u00bbcontain\u00a0\u00bb background_repeat=\u00a0\u00bbno-repeat\u00a0\u00bb module_class=\u00a0\u00bbcentrer-verticalement\u00a0\u00bb][\/et_pb_column][\/et_pb_row][\/et_pb_section][et_pb_section fb_built=\u00a0\u00bb1&Prime; disabled_on=\u00a0\u00bbon|on|off\u00a0\u00bb module_id=\u00a0\u00bb2020&Prime; module_class=\u00a0\u00bbfullpage-section\u00a0\u00bb _builder_version=\u00a0\u00bb3.19.4&Prime; background_color=\u00a0\u00bb#277cbc\u00a0\u00bb background_image=\u00a0\u00bbhttps:\/\/www.quebec-original.fr\/wp-content\/uploads\/2020\/04\/QUEBEC_HERITAGE_LOGOTYPE_BACKGROUND-2.jpg\u00a0\u00bb parallax=\u00a0\u00bbon\u00a0\u00bb parallax_method=\u00a0\u00bboff\u00a0\u00bb][et_pb_row use_custom_width=\u00a0\u00bbon\u00a0\u00bb width_unit=\u00a0\u00bboff\u00a0\u00bb custom_padding=\u00a0\u00bb0|0px|0px|0|false|false\u00a0\u00bb make_equal=\u00a0\u00bbon\u00a0\u00bb parallax_2=\u00a0\u00bbon\u00a0\u00bb background_size_2=\u00a0\u00bbcontain\u00a0\u00bb background_repeat_2=\u00a0\u00bbno-repeat\u00a0\u00bb use_background_color_gradient_1=\u00a0\u00bboff\u00a0\u00bb use_background_color_gradient_2=\u00a0\u00bbon\u00a0\u00bb background_color_gradient_start_1=\u00a0\u00bb#74b0c9&Prime; background_color_gradient_start_2=\u00a0\u00bb#87aabc\u00a0\u00bb background_color_gradient_end_1=\u00a0\u00bbrgba(39,124,188,0)\u00a0\u00bb background_color_gradient_end_2=\u00a0\u00bbrgba(39,124,188,0)\u00a0\u00bb background_color_gradient_type_1=\u00a0\u00bbradial\u00a0\u00bb background_color_gradient_type_2=\u00a0\u00bbradial\u00a0\u00bb background_color_gradient_start_position_1=\u00a0\u00bb0%\u00a0\u00bb background_color_gradient_end_position_1=\u00a0\u00bb55%\u00a0\u00bb background_color_gradient_end_position_2=\u00a0\u00bb57%\u00a0\u00bb module_class_1=\u00a0\u00bbcentrer-verticalement\u00a0\u00bb module_class_2=\u00a0\u00bbcentrer-verticalement\u00a0\u00bb module_id=\u00a0\u00bborigine\u00a0\u00bb _builder_version=\u00a0\u00bb3.19.4&Prime; animation_style=\u00a0\u00bbbounce\u00a0\u00bb animation_direction=\u00a0\u00bbleft\u00a0\u00bb animation_delay=\u00a0\u00bb250ms\u00a0\u00bb animation_speed_curve=\u00a0\u00bbease-in\u00a0\u00bb][et_pb_column type=\u00a0\u00bb1_2&Prime; _builder_version=\u00a0\u00bb3.0.47&Prime; parallax=\u00a0\u00bboff\u00a0\u00bb parallax_method=\u00a0\u00bbon\u00a0\u00bb use_background_color_gradient=\u00a0\u00bboff\u00a0\u00bb background_color_gradient_start=\u00a0\u00bb#74b0c9&Prime; background_color_gradient_end=\u00a0\u00bbrgba(39,124,188,0)\u00a0\u00bb background_color_gradient_type=\u00a0\u00bbradial\u00a0\u00bb background_color_gradient_start_position=\u00a0\u00bb0%\u00a0\u00bb background_color_gradient_end_position=\u00a0\u00bb55%\u00a0\u00bb module_class=\u00a0\u00bbcentrer-verticalement\u00a0\u00bb][et_pb_image src=\u00a0\u00bbhttps:\/\/www.quebec-original.fr\/wp-content\/uploads\/2020\/04\/QUEBEC_HERITAGE_LOGOTYPE_2020.png\u00a0\u00bb _builder_version=\u00a0\u00bb3.19.4&Prime;]<br \/>\n[\/et_pb_image][\/et_pb_column][et_pb_column type=\u00a0\u00bb1_2&Prime; _builder_version=\u00a0\u00bb3.0.47&Prime; parallax=\u00a0\u00bbon\u00a0\u00bb parallax_method=\u00a0\u00bbon\u00a0\u00bb background_size=\u00a0\u00bbcontain\u00a0\u00bb background_repeat=\u00a0\u00bbno-repeat\u00a0\u00bb use_background_color_gradient=\u00a0\u00bbon\u00a0\u00bb background_color_gradient_start=\u00a0\u00bb#87aabc\u00a0\u00bb background_color_gradient_end=\u00a0\u00bbrgba(39,124,188,0)\u00a0\u00bb background_color_gradient_type=\u00a0\u00bbradial\u00a0\u00bb background_color_gradient_end_position=\u00a0\u00bb57%\u00a0\u00bb module_class=\u00a0\u00bbcentrer-verticalement\u00a0\u00bb][et_pb_text _builder_version=\u00a0\u00bb3.19.4&Prime; text_font=\u00a0\u00bbFakir Regular||||||||\u00a0\u00bb text_text_color=\u00a0\u00bb#ffffff\u00a0\u00bb header_font=\u00a0\u00bb||||||||\u00a0\u00bb header_text_color=\u00a0\u00bb#ffffff\u00a0\u00bb header_font_size=\u00a0\u00bb82px\u00a0\u00bb header_line_height=\u00a0\u00bb0.7em\u00a0\u00bb custom_margin=\u00a0\u00bb||27px\u00a0\u00bb]<\/p>\n<h1 style=\"text-align: center;\"><span style=\"color: #edf000;\"><\/span><\/h1>\n<p>&nbsp;<\/p>\n<h1 style=\"text-align: center;\"><span style=\"color: #fddd5c;\">2020<\/span><br \/>Revoulucioun !<\/h1>\n<p>[\/et_pb_text][et_pb_text _builder_version=\u00a0\u00bb3.19.4&Prime; text_font=\u00a0\u00bbFakir Regular||||||||\u00a0\u00bb text_text_color=\u00a0\u00bb#ffffff\u00a0\u00bb text_font_size=\u00a0\u00bb21px\u00a0\u00bb text_line_height=\u00a0\u00bb1.3em\u00a0\u00bb text_orientation=\u00a0\u00bbcenter\u00a0\u00bb max_width=\u00a0\u00bb92%\u00a0\u00bb]<\/p>\n<p>En 2020 Quebec se r\u00e9invente et devient Quebec L\u2019original ! Un univers affirm\u00e9 pour une recette inchang\u00e9e depuis sa cr\u00e9ation. Nos mascottes ont rev\u00eatu leurs plus belles marini\u00e8res et sont plus que jamais pr\u00eates \u00e0 tout pour obtenir leur boisson pr\u00e9f\u00e9r\u00e9e ! Suivez \u00e0 pr\u00e9sent leurs aventures en ligne\u2026<\/p>\n<p>[\/et_pb_text][et_pb_button button_url=\u00a0\u00bb#poulpe\u00a0\u00bb button_text=\u00a0\u00bbD\u00e9couvrir l&rsquo;illustrateur\u00a0\u00bb button_alignment=\u00a0\u00bbcenter\u00a0\u00bb _builder_version=\u00a0\u00bb3.19.4&Prime; custom_button=\u00a0\u00bbon\u00a0\u00bb button_text_color=\u00a0\u00bb#fddd5c\u00a0\u00bb button_border_width=\u00a0\u00bb0px\u00a0\u00bb button_border_color=\u00a0\u00bbrgba(0,0,0,0)\u00a0\u00bb button_border_radius=\u00a0\u00bb100px\u00a0\u00bb button_font=\u00a0\u00bbFakir Black||||||||\u00a0\u00bb button_icon=\u00a0\u00bb%%38%%\u00a0\u00bb button_on_hover=\u00a0\u00bboff\u00a0\u00bb background_layout=\u00a0\u00bbdark\u00a0\u00bb custom_margin=\u00a0\u00bb20px||\u00a0\u00bb]<br \/>\n[\/et_pb_button][\/et_pb_column][\/et_pb_row][\/et_pb_section][et_pb_section fb_built=\u00a0\u00bb1&Prime; disabled_on=\u00a0\u00bbon|on|off\u00a0\u00bb module_id=\u00a0\u00bbpoulpe\u00a0\u00bb module_class=\u00a0\u00bbfullpage-section\u00a0\u00bb _builder_version=\u00a0\u00bb3.19.4&Prime; background_color=\u00a0\u00bb#277cbc\u00a0\u00bb parallax=\u00a0\u00bbon\u00a0\u00bb parallax_method=\u00a0\u00bboff\u00a0\u00bb][et_pb_row use_custom_width=\u00a0\u00bbon\u00a0\u00bb width_unit=\u00a0\u00bboff\u00a0\u00bb custom_padding=\u00a0\u00bb0|0px|0px|0|false|false\u00a0\u00bb make_equal=\u00a0\u00bbon\u00a0\u00bb parallax_2=\u00a0\u00bbon\u00a0\u00bb background_size_2=\u00a0\u00bbcontain\u00a0\u00bb background_repeat_2=\u00a0\u00bbno-repeat\u00a0\u00bb use_background_color_gradient_1=\u00a0\u00bboff\u00a0\u00bb use_background_color_gradient_2=\u00a0\u00bbon\u00a0\u00bb background_color_gradient_start_1=\u00a0\u00bb#74b0c9&Prime; background_color_gradient_start_2=\u00a0\u00bb#87aabc\u00a0\u00bb background_color_gradient_end_1=\u00a0\u00bbrgba(39,124,188,0)\u00a0\u00bb background_color_gradient_end_2=\u00a0\u00bbrgba(39,124,188,0)\u00a0\u00bb background_color_gradient_type_1=\u00a0\u00bbradial\u00a0\u00bb background_color_gradient_type_2=\u00a0\u00bbradial\u00a0\u00bb background_color_gradient_start_position_1=\u00a0\u00bb0%\u00a0\u00bb background_color_gradient_end_position_1=\u00a0\u00bb55%\u00a0\u00bb background_color_gradient_end_position_2=\u00a0\u00bb57%\u00a0\u00bb module_class_1=\u00a0\u00bbcentrer-verticalement\u00a0\u00bb module_class_2=\u00a0\u00bbcentrer-verticalement\u00a0\u00bb module_id=\u00a0\u00bborigine\u00a0\u00bb _builder_version=\u00a0\u00bb3.19.4&Prime; animation_style=\u00a0\u00bbbounce\u00a0\u00bb animation_direction=\u00a0\u00bbleft\u00a0\u00bb animation_delay=\u00a0\u00bb250ms\u00a0\u00bb animation_speed_curve=\u00a0\u00bbease-in\u00a0\u00bb][et_pb_column type=\u00a0\u00bb1_2&Prime; _builder_version=\u00a0\u00bb3.0.47&Prime; parallax=\u00a0\u00bboff\u00a0\u00bb parallax_method=\u00a0\u00bbon\u00a0\u00bb use_background_color_gradient=\u00a0\u00bboff\u00a0\u00bb background_color_gradient_start=\u00a0\u00bb#74b0c9&Prime; background_color_gradient_end=\u00a0\u00bbrgba(39,124,188,0)\u00a0\u00bb background_color_gradient_type=\u00a0\u00bbradial\u00a0\u00bb background_color_gradient_start_position=\u00a0\u00bb0%\u00a0\u00bb background_color_gradient_end_position=\u00a0\u00bb55%\u00a0\u00bb module_class=\u00a0\u00bbcentrer-verticalement\u00a0\u00bb][et_pb_text _builder_version=\u00a0\u00bb3.19.4&Prime; text_font=\u00a0\u00bbFakir Regular||||||||\u00a0\u00bb text_text_color=\u00a0\u00bb#ffffff\u00a0\u00bb header_font=\u00a0\u00bb||||||||\u00a0\u00bb header_text_color=\u00a0\u00bb#ffffff\u00a0\u00bb header_font_size=\u00a0\u00bb82px\u00a0\u00bb header_line_height=\u00a0\u00bb0.7em\u00a0\u00bb custom_margin=\u00a0\u00bb||27px\u00a0\u00bb]<\/p>\n<h1 style=\"text-align: center;\"><span style=\"color: #edf000;\"><\/span><\/h1>\n<p>&nbsp;<\/p>\n<h1 style=\"text-align: center;\"><span style=\"color: #fddd5c;\">Figure<\/span><br \/>De Poulpe<\/h1>\n<p>[\/et_pb_text][et_pb_text _builder_version=\u00a0\u00bb3.19.4&Prime; text_font=\u00a0\u00bbFakir Regular||||||||\u00a0\u00bb text_text_color=\u00a0\u00bb#ffffff\u00a0\u00bb text_font_size=\u00a0\u00bb21px\u00a0\u00bb text_line_height=\u00a0\u00bb1.3em\u00a0\u00bb text_orientation=\u00a0\u00bbcenter\u00a0\u00bb max_width=\u00a0\u00bb92%\u00a0\u00bb]<\/p>\n<p>El Julio &#8211; un illustrateur Marseillais &#8211; a \u00e9t\u00e9 choisi en 2020 pour revisiter nos Mascottes et marquer la Revolucion de Quebec!\u00a0<\/p>\n<p>[\/et_pb_text][et_pb_button button_url=\u00a0\u00bbhttps:\/\/figuredepoulpe.com\/\u00a0\u00bb url_new_window=\u00a0\u00bbon\u00a0\u00bb button_text=\u00a0\u00bbLe site de Figure de Poulpe\u00a0\u00bb button_alignment=\u00a0\u00bbcenter\u00a0\u00bb _builder_version=\u00a0\u00bb3.19.4&Prime; custom_button=\u00a0\u00bbon\u00a0\u00bb button_text_color=\u00a0\u00bb#fddd5c\u00a0\u00bb button_border_width=\u00a0\u00bb0px\u00a0\u00bb button_border_color=\u00a0\u00bbrgba(0,0,0,0)\u00a0\u00bb button_border_radius=\u00a0\u00bb100px\u00a0\u00bb button_font=\u00a0\u00bbFakir Black||||||||\u00a0\u00bb button_icon=\u00a0\u00bb%%47%%\u00a0\u00bb button_on_hover=\u00a0\u00bboff\u00a0\u00bb background_layout=\u00a0\u00bbdark\u00a0\u00bb custom_margin=\u00a0\u00bb20px||\u00a0\u00bb]<br \/>\n[\/et_pb_button][\/et_pb_column][et_pb_column type=\u00a0\u00bb1_2&Prime; _builder_version=\u00a0\u00bb3.0.47&Prime; parallax=\u00a0\u00bbon\u00a0\u00bb parallax_method=\u00a0\u00bbon\u00a0\u00bb background_size=\u00a0\u00bbcontain\u00a0\u00bb background_repeat=\u00a0\u00bbno-repeat\u00a0\u00bb use_background_color_gradient=\u00a0\u00bbon\u00a0\u00bb background_color_gradient_start=\u00a0\u00bb#87aabc\u00a0\u00bb background_color_gradient_end=\u00a0\u00bbrgba(39,124,188,0)\u00a0\u00bb background_color_gradient_type=\u00a0\u00bbradial\u00a0\u00bb background_color_gradient_end_position=\u00a0\u00bb57%\u00a0\u00bb module_class=\u00a0\u00bbcentrer-verticalement\u00a0\u00bb][et_pb_image src=\u00a0\u00bbhttps:\/\/www.quebec-original.fr\/wp-content\/uploads\/2020\/05\/FIURE.png\u00a0\u00bb _builder_version=\u00a0\u00bb3.19.4&Prime; max_width=\u00a0\u00bb86%\u00a0\u00bb]<br \/>\n[\/et_pb_image][\/et_pb_column][\/et_pb_row][\/et_pb_section][et_pb_section fb_built=\u00a0\u00bb1&Prime; specialty=\u00a0\u00bbon\u00a0\u00bb module_class_1=\u00a0\u00bbcentrer-verticalement\u00a0\u00bb module_class_2=\u00a0\u00bbcentrer-verticalement\u00a0\u00bb disabled_on=\u00a0\u00bbon|on|off\u00a0\u00bb module_class=\u00a0\u00bbfullpage-section\u00a0\u00bb _builder_version=\u00a0\u00bb3.19.4&Prime; use_background_color_gradient=\u00a0\u00bbon\u00a0\u00bb background_image=\u00a0\u00bbhttps:\/\/www.quebec-original.fr\/wp-content\/uploads\/2020\/04\/QUEBEC_HERITAGE_IDENTITE_BACKGROUND.jpg\u00a0\u00bb][et_pb_column type=\u00a0\u00bb1_3&Prime; _builder_version=\u00a0\u00bb3.0.47&Prime; parallax=\u00a0\u00bboff\u00a0\u00bb parallax__hover=\u00a0\u00bboff\u00a0\u00bb parallax_method=\u00a0\u00bbon\u00a0\u00bb parallax_method__hover=\u00a0\u00bbon\u00a0\u00bb module_class=\u00a0\u00bbcentrer-verticalement\u00a0\u00bb module_class__hover=\u00a0\u00bbcentrer-verticalement\u00a0\u00bb][et_pb_image src=\u00a0\u00bbhttps:\/\/www.quebec-original.fr\/wp-content\/uploads\/2020\/04\/LOGO_QUEBEC.png\u00a0\u00bb module_class=\u00a0\u00bbcentrer-verticalement\u00a0\u00bb _builder_version=\u00a0\u00bb3.19.4&Prime; max_width=\u00a0\u00bb89%\u00a0\u00bb module_alignment=\u00a0\u00bbcenter\u00a0\u00bb]<br \/>\n[\/et_pb_image][\/et_pb_column][et_pb_column type=\u00a0\u00bb2_3&Prime; specialty_columns=\u00a0\u00bb2&Prime; _builder_version=\u00a0\u00bb3.0.47&Prime; parallax=\u00a0\u00bboff\u00a0\u00bb parallax__hover=\u00a0\u00bboff\u00a0\u00bb parallax_method=\u00a0\u00bbon\u00a0\u00bb parallax_method__hover=\u00a0\u00bbon\u00a0\u00bb module_class=\u00a0\u00bbcentrer-verticalement\u00a0\u00bb module_class__hover=\u00a0\u00bbcentrer-verticalement\u00a0\u00bb][et_pb_row_inner custom_padding=\u00a0\u00bb30.5312px|0px|0|0px|false|false\u00a0\u00bb module_class_1=\u00a0\u00bbcentrer-verticalement\u00a0\u00bb module_class=\u00a0\u00bbcentrer-verticalement\u00a0\u00bb _builder_version=\u00a0\u00bb3.19.4&Prime;][et_pb_column_inner type=\u00a0\u00bb4_4&Prime; saved_specialty_column_type=\u00a0\u00bb2_3&Prime; _builder_version=\u00a0\u00bb3.0.47&Prime; parallax=\u00a0\u00bboff\u00a0\u00bb parallax__hover=\u00a0\u00bboff\u00a0\u00bb parallax_method=\u00a0\u00bbon\u00a0\u00bb parallax_method__hover=\u00a0\u00bbon\u00a0\u00bb module_class=\u00a0\u00bbcentrer-verticalement\u00a0\u00bb module_class__hover=\u00a0\u00bbcentrer-verticalement\u00a0\u00bb][et_pb_text _builder_version=\u00a0\u00bb3.19.4&Prime; text_font=\u00a0\u00bbFakir Regular||||||||\u00a0\u00bb text_text_color=\u00a0\u00bb#ffffff\u00a0\u00bb header_font=\u00a0\u00bb||||||||\u00a0\u00bb header_text_color=\u00a0\u00bb#ffffff\u00a0\u00bb header_font_size=\u00a0\u00bb82px\u00a0\u00bb header_line_height=\u00a0\u00bb0.7em\u00a0\u00bb header_text_shadow_style=\u00a0\u00bbpreset1&Prime; custom_margin=\u00a0\u00bb||27px\u00a0\u00bb]<\/p>\n<h1 style=\"text-align: center;\"><span style=\"color: #edf000;\"><\/span><\/h1>\n<p>&nbsp;<\/p>\n<h1 style=\"text-align: center;\">Suivez-nous<br \/>sur les r\u00e9seaux<\/h1>\n<p>[\/et_pb_text][\/et_pb_column_inner][\/et_pb_row_inner][et_pb_row_inner custom_padding=\u00a0\u00bb0|0px|30.5312px|0px|false|false\u00a0\u00bb _builder_version=\u00a0\u00bb3.19.4&Prime;][et_pb_column_inner type=\u00a0\u00bb1_2&Prime; saved_specialty_column_type=\u00a0\u00bb2_3&Prime; _builder_version=\u00a0\u00bb3.0.47&Prime; parallax=\u00a0\u00bboff\u00a0\u00bb parallax__hover=\u00a0\u00bboff\u00a0\u00bb parallax_method=\u00a0\u00bbon\u00a0\u00bb parallax_method__hover=\u00a0\u00bbon\u00a0\u00bb][et_pb_button button_url=\u00a0\u00bbhttps:\/\/www.facebook.com\/quebecloriginal\u00a0\u00bb url_new_window=\u00a0\u00bbon\u00a0\u00bb button_text=\u00a0\u00bbFacebook\u00a0\u00bb button_alignment=\u00a0\u00bbright\u00a0\u00bb _builder_version=\u00a0\u00bb3.19.4&Prime; custom_button=\u00a0\u00bbon\u00a0\u00bb button_text_size=\u00a0\u00bb27px\u00a0\u00bb button_text_color=\u00a0\u00bb#ffffff\u00a0\u00bb button_border_width=\u00a0\u00bb0px\u00a0\u00bb button_border_color=\u00a0\u00bb#ffffff\u00a0\u00bb button_border_radius=\u00a0\u00bb0px\u00a0\u00bb button_font=\u00a0\u00bbFakir Black||||||||\u00a0\u00bb button_icon=\u00a0\u00bb%%337%%\u00a0\u00bb button_icon_placement=\u00a0\u00bbleft\u00a0\u00bb button_on_hover=\u00a0\u00bboff\u00a0\u00bb]<br \/>\n[\/et_pb_button][\/et_pb_column_inner][et_pb_column_inner type=\u00a0\u00bb1_2&Prime; saved_specialty_column_type=\u00a0\u00bb2_3&Prime; _builder_version=\u00a0\u00bb3.0.47&Prime; parallax=\u00a0\u00bboff\u00a0\u00bb parallax__hover=\u00a0\u00bboff\u00a0\u00bb parallax_method=\u00a0\u00bbon\u00a0\u00bb parallax_method__hover=\u00a0\u00bbon\u00a0\u00bb][et_pb_button button_url=\u00a0\u00bbhttps:\/\/www.instagram.com\/quebec_loriginal\/\u00a0\u00bb button_text=\u00a0\u00bbInstagram\u00a0\u00bb button_alignment=\u00a0\u00bbleft\u00a0\u00bb _builder_version=\u00a0\u00bb3.19.4&Prime; custom_button=\u00a0\u00bbon\u00a0\u00bb button_text_size=\u00a0\u00bb27px\u00a0\u00bb button_text_color=\u00a0\u00bb#ffffff\u00a0\u00bb button_border_width=\u00a0\u00bb0px\u00a0\u00bb button_border_color=\u00a0\u00bb#ffffff\u00a0\u00bb button_border_radius=\u00a0\u00bb0px\u00a0\u00bb button_font=\u00a0\u00bbFakir Black||||||||\u00a0\u00bb button_icon=\u00a0\u00bb%%344%%\u00a0\u00bb button_on_hover=\u00a0\u00bboff\u00a0\u00bb]<br \/>\n[\/et_pb_button][\/et_pb_column_inner][\/et_pb_row_inner][\/et_pb_column][\/et_pb_section][et_pb_section fb_built=\u00a0\u00bb1&Prime; disabled_on=\u00a0\u00bbon|on|off\u00a0\u00bb _builder_version=\u00a0\u00bb3.19.4&Prime; background_color=\u00a0\u00bb#341f12&Prime;][et_pb_row custom_padding=\u00a0\u00bb21px|0px|0px|0|false|false\u00a0\u00bb _builder_version=\u00a0\u00bb3.19.4&Prime;][et_pb_column type=\u00a0\u00bb4_4&Prime; _builder_version=\u00a0\u00bb3.0.47&Prime; parallax=\u00a0\u00bboff\u00a0\u00bb parallax_method=\u00a0\u00bbon\u00a0\u00bb][\/et_pb_column][\/et_pb_row][et_pb_row custom_padding=\u00a0\u00bb60px|0px|29px|0|false|false\u00a0\u00bb custom_margin=\u00a0\u00bb||\u00a0\u00bb _builder_version=\u00a0\u00bb3.19.4&Prime;][et_pb_column type=\u00a0\u00bb4_4&Prime; _builder_version=\u00a0\u00bb3.0.47&Prime; parallax=\u00a0\u00bboff\u00a0\u00bb parallax_method=\u00a0\u00bbon\u00a0\u00bb][et_pb_text _builder_version=\u00a0\u00bb3.19.4&Prime; text_font=\u00a0\u00bb||||||||\u00a0\u00bb text_text_color=\u00a0\u00bb#ffffff\u00a0\u00bb header_font=\u00a0\u00bb||||||||\u00a0\u00bb header_4_font=\u00a0\u00bb||||||||\u00a0\u00bb header_4_text_color=\u00a0\u00bb#ffffff\u00a0\u00bb custom_margin=\u00a0\u00bb||40px\u00a0\u00bb]<\/p>\n<h4 style=\"text-align: center;\" id=\"h26ska2nmmp61h95df212jx375k5uarf\"><a href=\" https:\/\/www.quebec-original.fr\/\">Accueil<\/a>\u00a0 \u00a0 \u00a0 \u00a0 \u00a0 <a href=\"https:\/\/www.quebec-original.fr\/index.php\/notre-heritage\/\">H\u00e9ritage<\/a>\u00a0 \u00a0 \u00a0 \u00a0 \u00a0\u00a0<a href=\"https:\/\/www.quebec-original.fr\/index.php\/contact\/\">Contact<\/a>\u00a0 \u00a0 \u00a0 \u00a0 \u00a0\u00a0<a href=\"https:\/\/www.facebook.com\/quebecloriginal\">Facebook<\/a>\u00a0 \u00a0 \u00a0 \u00a0 \u00a0\u00a0<a href=\"https:\/\/www.instagram.com\/quebec_loriginal\/\">Instagram<\/a><\/p>\n<p>[\/et_pb_text][et_pb_text _builder_version=\u00a0\u00bb3.19.4&Prime; text_text_color=\u00a0\u00bb#ffffff\u00a0\u00bb text_font_size=\u00a0\u00bb11px\u00a0\u00bb text_line_height=\u00a0\u00bb0.7em\u00a0\u00bb header_text_color=\u00a0\u00bb#ffffff\u00a0\u00bb header_6_text_color=\u00a0\u00bb#ffffff\u00a0\u00bb]<\/p>\n<h6 class=\"layout-clear font-bold\" style=\"text-align: center;\">\u00ae 2023 Parot SAS, tous droits r\u00e9serv\u00e9s.<\/h6>\n<div class=\"layout-clear font-xsmall\" style=\"text-align: center;\">Quebec est une marque d\u00e9pos\u00e9e de Parot SAS<\/div>\n<p>[\/et_pb_text][\/et_pb_column][\/et_pb_row][\/et_pb_section][et_pb_section fb_built=\u00a0\u00bb1&Prime; disabled_on=\u00a0\u00bboff|off|on\u00a0\u00bb module_class=\u00a0\u00bbfullpage-section\u00a0\u00bb _builder_version=\u00a0\u00bb3.19.4&Prime; background_image=\u00a0\u00bbhttps:\/\/www.quebec-original.fr\/wp-content\/uploads\/2020\/04\/QUEBEC_SAINTE_VICTOIRE.jpg\u00a0\u00bb parallax=\u00a0\u00bbon\u00a0\u00bb][et_pb_row custom_padding=\u00a0\u00bb0px|0px|0px|0|false|false\u00a0\u00bb _builder_version=\u00a0\u00bb3.19.4&Prime;][et_pb_column type=\u00a0\u00bb4_4&Prime; _builder_version=\u00a0\u00bb3.0.47&Prime; parallax=\u00a0\u00bboff\u00a0\u00bb parallax_method=\u00a0\u00bbon\u00a0\u00bb][et_pb_text _builder_version=\u00a0\u00bb3.19.4&Prime; text_font=\u00a0\u00bb||||||||\u00a0\u00bb text_font_size=\u00a0\u00bb8px\u00a0\u00bb header_font=\u00a0\u00bb||||||||\u00a0\u00bb header_text_align=\u00a0\u00bbcenter\u00a0\u00bb header_text_color=\u00a0\u00bb#ffffff\u00a0\u00bb header_font_size=\u00a0\u00bb43px\u00a0\u00bb]<\/p>\n<h1>Quebec L\u2019original,<br \/> Boisson myst\u00e9rieuse.<\/h1>\n<p>[\/et_pb_text][et_pb_text _builder_version=\u00a0\u00bb3.19.4&Prime; text_text_color=\u00a0\u00bb#ffffff\u00a0\u00bb text_font_size=\u00a0\u00bb17px\u00a0\u00bb text_line_height=\u00a0\u00bb1.4em\u00a0\u00bb header_text_align=\u00a0\u00bbcenter\u00a0\u00bb header_text_color=\u00a0\u00bb#ffffff\u00a0\u00bb header_font_size=\u00a0\u00bb85px\u00a0\u00bb text_orientation=\u00a0\u00bbcenter\u00a0\u00bb]<\/p>\n<p>Si le go\u00fbt unique du Quebec a \u00e9t\u00e9 d\u00e9couvert en Provence, personne ne sait quand il est r\u00e9ellement apparu\u2026 Voici les \u00e9l\u00e9ments que nous connaissons.<\/p>\n<p>[\/et_pb_text][et_pb_button button_url=\u00a0\u00bb#originetel\u00a0\u00bb button_text=\u00a0\u00bbD\u00e9couvrir\u00a0\u00bb button_alignment=\u00a0\u00bbcenter\u00a0\u00bb _builder_version=\u00a0\u00bb3.19.4&Prime; custom_button=\u00a0\u00bbon\u00a0\u00bb button_text_size=\u00a0\u00bb15px\u00a0\u00bb button_text_color=\u00a0\u00bb#341f12&Prime; button_bg_color=\u00a0\u00bb#fddd5c\u00a0\u00bb button_border_width=\u00a0\u00bb3px\u00a0\u00bb button_border_color=\u00a0\u00bbrgba(0,0,0,0)\u00a0\u00bb button_border_radius=\u00a0\u00bb100px\u00a0\u00bb button_font=\u00a0\u00bbFakir Black||||||||\u00a0\u00bb background_layout=\u00a0\u00bbdark\u00a0\u00bb custom_margin=\u00a0\u00bb20px||\u00a0\u00bb]<br \/>\n[\/et_pb_button][\/et_pb_column][\/et_pb_row][\/et_pb_section][et_pb_section fb_built=\u00a0\u00bb1&Prime; disabled_on=\u00a0\u00bboff|off|on\u00a0\u00bb _builder_version=\u00a0\u00bb3.19.4&Prime; background_color=\u00a0\u00bb#277cbc\u00a0\u00bb background_size=\u00a0\u00bbcontain\u00a0\u00bb][et_pb_row use_custom_width=\u00a0\u00bbon\u00a0\u00bb width_unit=\u00a0\u00bboff\u00a0\u00bb custom_padding=\u00a0\u00bb30px|0px|30px|0|false|false\u00a0\u00bb custom_margin=\u00a0\u00bb||\u00a0\u00bb make_equal=\u00a0\u00bbon\u00a0\u00bb parallax_2=\u00a0\u00bbon\u00a0\u00bb background_size_2=\u00a0\u00bbcontain\u00a0\u00bb background_repeat_2=\u00a0\u00bbno-repeat\u00a0\u00bb use_background_color_gradient_1=\u00a0\u00bboff\u00a0\u00bb background_color_gradient_start_1=\u00a0\u00bb#74b0c9&Prime; background_color_gradient_end_1=\u00a0\u00bbrgba(39,124,188,0)\u00a0\u00bb background_color_gradient_type_1=\u00a0\u00bbradial\u00a0\u00bb background_color_gradient_start_position_1=\u00a0\u00bb0%\u00a0\u00bb background_color_gradient_end_position_1=\u00a0\u00bb55%\u00a0\u00bb module_class_1=\u00a0\u00bbcentrer-verticalement\u00a0\u00bb module_class_2=\u00a0\u00bbcentrer-verticalement\u00a0\u00bb module_id=\u00a0\u00bboriginetel\u00a0\u00bb _builder_version=\u00a0\u00bb3.19.4&Prime; animation_style=\u00a0\u00bbbounce\u00a0\u00bb animation_direction=\u00a0\u00bbleft\u00a0\u00bb animation_delay=\u00a0\u00bb250ms\u00a0\u00bb animation_speed_curve=\u00a0\u00bbease-in\u00a0\u00bb][et_pb_column type=\u00a0\u00bb4_4&Prime; _builder_version=\u00a0\u00bb3.0.47&Prime; parallax=\u00a0\u00bboff\u00a0\u00bb parallax_method=\u00a0\u00bbon\u00a0\u00bb use_background_color_gradient=\u00a0\u00bboff\u00a0\u00bb background_color_gradient_start=\u00a0\u00bb#74b0c9&Prime; background_color_gradient_end=\u00a0\u00bbrgba(39,124,188,0)\u00a0\u00bb background_color_gradient_type=\u00a0\u00bbradial\u00a0\u00bb background_color_gradient_start_position=\u00a0\u00bb0%\u00a0\u00bb background_color_gradient_end_position=\u00a0\u00bb55%\u00a0\u00bb module_class=\u00a0\u00bbcentrer-verticalement\u00a0\u00bb][et_pb_image src=\u00a0\u00bbhttps:\/\/www.quebec-original.fr\/wp-content\/uploads\/2020\/04\/QUEBEC_HERITAGE_ORIGINE_4.png\u00a0\u00bb align=\u00a0\u00bbcenter\u00a0\u00bb _builder_version=\u00a0\u00bb3.19.4&Prime; max_width=\u00a0\u00bb94%\u00a0\u00bb]<br \/>\n[\/et_pb_image][et_pb_text _builder_version=\u00a0\u00bb3.19.4&Prime; text_font=\u00a0\u00bbFakir Regular||||||||\u00a0\u00bb text_text_color=\u00a0\u00bb#ffffff\u00a0\u00bb header_text_color=\u00a0\u00bb#ffffff\u00a0\u00bb header_font_size=\u00a0\u00bb43px\u00a0\u00bb header_line_height=\u00a0\u00bb0.7em\u00a0\u00bb custom_margin=\u00a0\u00bb||27px\u00a0\u00bb]<\/p>\n<h1 style=\"text-align: center;\">\u00a0<\/h1>\n<p>\u00a0<\/p>\n<h1 style=\"text-align: center;\"><span style=\"color: #fddd5c;\">???<\/span><br \/><span style=\"color: #ffffff;\"> l<\/span>&lsquo;origine<br \/>du nom<\/h1>\n<p>[\/et_pb_text][et_pb_text _builder_version=\u00a0\u00bb3.19.4&Prime; text_font=\u00a0\u00bbFakir Regular||||||||\u00a0\u00bb text_text_color=\u00a0\u00bb#ffffff\u00a0\u00bb text_font_size=\u00a0\u00bb16px\u00a0\u00bb text_line_height=\u00a0\u00bb1.3em\u00a0\u00bb text_orientation=\u00a0\u00bbcenter\u00a0\u00bb max_width=\u00a0\u00bb92%\u00a0\u00bb]<\/p>\n<p>L\u2019origine du nom divise les pap\u00e9s proven\u00e7aux. Certains disent qu\u2019il viendrait d\u2019un surnom donn\u00e9 au cr\u00e9ateur de la boisson venant de l\u2019expression \u201cQu\u00e8 b\u00e8co\u201d (Quelle bouche), lui donnant ainsi une allure d\u2019ours. D\u2019autres que son animal de compagnie \u00e9tait un ours et qu\u2019il l\u2019avait pr\u00e9nomm\u00e9 Quebec, en r\u00e9f\u00e9rence aux ours canadiens. D\u2019autres hypoth\u00e8ses existent encore, mais aucune n\u2019a pu \u00eatre v\u00e9rifi\u00e9e \u00e0 ce jour.<\/p>\n<p>[\/et_pb_text][et_pb_button button_url=\u00a0\u00bb#1954tel\u00a0\u00bb button_text=\u00a0\u00bb1954&Prime; button_alignment=\u00a0\u00bbcenter\u00a0\u00bb _builder_version=\u00a0\u00bb3.19.4&Prime; custom_button=\u00a0\u00bbon\u00a0\u00bb button_text_color=\u00a0\u00bb#fddd5c\u00a0\u00bb button_border_width=\u00a0\u00bb0px\u00a0\u00bb button_border_color=\u00a0\u00bbrgba(0,0,0,0)\u00a0\u00bb button_border_radius=\u00a0\u00bb100px\u00a0\u00bb button_font=\u00a0\u00bbFakir Black||||||||\u00a0\u00bb button_icon=\u00a0\u00bb%%38%%\u00a0\u00bb button_on_hover=\u00a0\u00bboff\u00a0\u00bb background_layout=\u00a0\u00bbdark\u00a0\u00bb custom_margin=\u00a0\u00bb20px||\u00a0\u00bb]<br \/>\n[\/et_pb_button][\/et_pb_column][\/et_pb_row][\/et_pb_section][et_pb_section fb_built=\u00a0\u00bb1&Prime; disabled_on=\u00a0\u00bboff|off|on\u00a0\u00bb _builder_version=\u00a0\u00bb3.19.4&Prime; background_color=\u00a0\u00bb#76985c\u00a0\u00bb custom_padding=\u00a0\u00bb0px|0px|7px|0px|false|false\u00a0\u00bb][et_pb_row use_custom_width=\u00a0\u00bbon\u00a0\u00bb width_unit=\u00a0\u00bboff\u00a0\u00bb custom_padding=\u00a0\u00bb0|0px|0px|0px|false|false\u00a0\u00bb make_equal=\u00a0\u00bbon\u00a0\u00bb use_background_color_gradient_1=\u00a0\u00bboff\u00a0\u00bb background_color_gradient_start_1=\u00a0\u00bb#74b0c9&Prime; background_color_gradient_end_1=\u00a0\u00bbrgba(39,124,188,0)\u00a0\u00bb background_color_gradient_type_1=\u00a0\u00bbradial\u00a0\u00bb background_color_gradient_start_position_1=\u00a0\u00bb0%\u00a0\u00bb background_color_gradient_end_position_1=\u00a0\u00bb55%\u00a0\u00bb module_class_1=\u00a0\u00bbcentrer-verticalement\u00a0\u00bb module_class_2=\u00a0\u00bbcentrer-verticalement\u00a0\u00bb module_id=\u00a0\u00bb1954tel\u00a0\u00bb _builder_version=\u00a0\u00bb3.19.4&Prime; animation_style=\u00a0\u00bbbounce\u00a0\u00bb animation_direction=\u00a0\u00bbright\u00a0\u00bb animation_duration=\u00a0\u00bb1600ms\u00a0\u00bb][et_pb_column type=\u00a0\u00bb4_4&Prime; _builder_version=\u00a0\u00bb3.0.47&Prime; parallax=\u00a0\u00bboff\u00a0\u00bb parallax_method=\u00a0\u00bbon\u00a0\u00bb use_background_color_gradient=\u00a0\u00bboff\u00a0\u00bb background_color_gradient_start=\u00a0\u00bb#74b0c9&Prime; background_color_gradient_end=\u00a0\u00bbrgba(39,124,188,0)\u00a0\u00bb background_color_gradient_type=\u00a0\u00bbradial\u00a0\u00bb background_color_gradient_start_position=\u00a0\u00bb0%\u00a0\u00bb background_color_gradient_end_position=\u00a0\u00bb55%\u00a0\u00bb module_class=\u00a0\u00bbcentrer-verticalement\u00a0\u00bb][et_pb_image src=\u00a0\u00bbhttps:\/\/www.quebec-original.fr\/wp-content\/uploads\/2020\/04\/QUEBEC_HERITAGE_BOUTEILLE.png\u00a0\u00bb align=\u00a0\u00bbcenter\u00a0\u00bb _builder_version=\u00a0\u00bb3.19.4&Prime; max_width=\u00a0\u00bb94%\u00a0\u00bb custom_padding=\u00a0\u00bb30px||\u00a0\u00bb]<br \/>\n[\/et_pb_image][et_pb_text _builder_version=\u00a0\u00bb3.19.4&Prime; text_font=\u00a0\u00bbFakir Regular||||||||\u00a0\u00bb text_text_color=\u00a0\u00bb#ffffff\u00a0\u00bb header_font=\u00a0\u00bb||||||||\u00a0\u00bb header_text_color=\u00a0\u00bb#ffffff\u00a0\u00bb header_font_size=\u00a0\u00bb43px\u00a0\u00bb header_line_height=\u00a0\u00bb0.8em\u00a0\u00bb custom_margin=\u00a0\u00bb||\u00a0\u00bb custom_padding=\u00a0\u00bb||\u00a0\u00bb]<\/p>\n<h1 style=\"text-align: center;\"><span style=\"color: #edf000;\"><\/span><\/h1>\n<h1 style=\"text-align: center;\"><span style=\"color: #fddd5c;\">1954<\/span><br \/> <span style=\"color: #ffffff;\">Les premi\u00e8res<\/span><br \/> bouteilles<\/h1>\n<p>[\/et_pb_text][et_pb_text _builder_version=\u00a0\u00bb3.19.4&Prime; text_font=\u00a0\u00bbFakir Regular||||||||\u00a0\u00bb text_text_color=\u00a0\u00bb#ffffff\u00a0\u00bb text_font_size=\u00a0\u00bb16px\u00a0\u00bb text_line_height=\u00a0\u00bb1.3em\u00a0\u00bb text_orientation=\u00a0\u00bbcenter\u00a0\u00bb max_width=\u00a0\u00bb92%\u00a0\u00bb module_alignment=\u00a0\u00bbcenter\u00a0\u00bb]<\/p>\n<p>La plus ancienne trace de la boisson que nous connaissons est une affiche avec le nom \u201cBoisson Fra\u00eeche Quebec\u201d. On y retrouve d\u00e9j\u00e0 l\u2019ours, \u00e9l\u00e9ment commun \u00e0 toutes les l\u00e9gendes des pap\u00e9s. Quel lien existe-t-il r\u00e9ellement entre les ours et la boisson ?<\/p>\n<p>[\/et_pb_text][et_pb_button button_url=\u00a0\u00bb#1956tel\u00a0\u00bb button_text=\u00a0\u00bb1956&Prime; button_alignment=\u00a0\u00bbcenter\u00a0\u00bb _builder_version=\u00a0\u00bb3.19.4&Prime; custom_button=\u00a0\u00bbon\u00a0\u00bb button_text_color=\u00a0\u00bb#fddd5c\u00a0\u00bb button_border_width=\u00a0\u00bb0px\u00a0\u00bb button_border_color=\u00a0\u00bbrgba(0,0,0,0)\u00a0\u00bb button_border_radius=\u00a0\u00bb100px\u00a0\u00bb button_font=\u00a0\u00bbFakir Black||||||||\u00a0\u00bb button_icon=\u00a0\u00bb%%38%%\u00a0\u00bb button_on_hover=\u00a0\u00bboff\u00a0\u00bb background_layout=\u00a0\u00bbdark\u00a0\u00bb custom_margin=\u00a0\u00bb20px||\u00a0\u00bb]<br \/>\n[\/et_pb_button][\/et_pb_column][\/et_pb_row][\/et_pb_section][et_pb_section fb_built=\u00a0\u00bb1&Prime; disabled_on=\u00a0\u00bboff|off|on\u00a0\u00bb _builder_version=\u00a0\u00bb3.19.4&Prime; background_color=\u00a0\u00bb#8c9044&Prime;][et_pb_row use_custom_width=\u00a0\u00bbon\u00a0\u00bb width_unit=\u00a0\u00bboff\u00a0\u00bb custom_padding=\u00a0\u00bb0|0px|0px|0px|false|false\u00a0\u00bb make_equal=\u00a0\u00bbon\u00a0\u00bb use_background_color_gradient_1=\u00a0\u00bboff\u00a0\u00bb background_color_gradient_start_1=\u00a0\u00bb#74b0c9&Prime; background_color_gradient_end_1=\u00a0\u00bbrgba(39,124,188,0)\u00a0\u00bb background_color_gradient_type_1=\u00a0\u00bbradial\u00a0\u00bb background_color_gradient_start_position_1=\u00a0\u00bb0%\u00a0\u00bb background_color_gradient_end_position_1=\u00a0\u00bb55%\u00a0\u00bb module_class_1=\u00a0\u00bbcentrer-verticalement\u00a0\u00bb module_class_2=\u00a0\u00bbcentrer-verticalement\u00a0\u00bb module_id=\u00a0\u00bb1956tel\u00a0\u00bb _builder_version=\u00a0\u00bb3.19.4&Prime; animation_style=\u00a0\u00bbbounce\u00a0\u00bb animation_duration=\u00a0\u00bb1600ms\u00a0\u00bb][et_pb_column type=\u00a0\u00bb4_4&Prime; _builder_version=\u00a0\u00bb3.0.47&Prime; parallax=\u00a0\u00bboff\u00a0\u00bb parallax_method=\u00a0\u00bbon\u00a0\u00bb use_background_color_gradient=\u00a0\u00bboff\u00a0\u00bb background_color_gradient_start=\u00a0\u00bb#74b0c9&Prime; background_color_gradient_end=\u00a0\u00bbrgba(39,124,188,0)\u00a0\u00bb background_color_gradient_type=\u00a0\u00bbradial\u00a0\u00bb background_color_gradient_start_position=\u00a0\u00bb0%\u00a0\u00bb background_color_gradient_end_position=\u00a0\u00bb55%\u00a0\u00bb module_class=\u00a0\u00bbcentrer-verticalement\u00a0\u00bb][et_pb_image src=\u00a0\u00bbhttps:\/\/www.quebec-original.fr\/wp-content\/uploads\/2020\/04\/QUEBEC_HERITAGE_OURS_PETANQUE.png\u00a0\u00bb _builder_version=\u00a0\u00bb3.19.4&Prime;]<br \/>\n[\/et_pb_image][et_pb_text _builder_version=\u00a0\u00bb3.19.4&Prime; text_font=\u00a0\u00bbFakir Regular||||||||\u00a0\u00bb text_text_color=\u00a0\u00bb#ffffff\u00a0\u00bb header_font=\u00a0\u00bb||||||||\u00a0\u00bb header_text_color=\u00a0\u00bb#ffffff\u00a0\u00bb header_font_size=\u00a0\u00bb43px\u00a0\u00bb header_line_height=\u00a0\u00bb0.8em\u00a0\u00bb custom_margin=\u00a0\u00bb||\u00a0\u00bb]<\/p>\n<h1 style=\"text-align: center;\"><span style=\"color: #edf000;\"><\/span><\/h1>\n<h1 style=\"text-align: center;\"><span style=\"color: #fddd5c;\">1956<\/span><br \/> <span style=\"color: #ffffff;\">Des faits<\/span><br \/> surprenants<\/h1>\n<p>[\/et_pb_text][et_pb_text _builder_version=\u00a0\u00bb3.19.4&Prime; text_font=\u00a0\u00bbFakir Regular||||||||\u00a0\u00bb text_text_color=\u00a0\u00bb#ffffff\u00a0\u00bb text_font_size=\u00a0\u00bb16px\u00a0\u00bb text_line_height=\u00a0\u00bb1.3em\u00a0\u00bb text_orientation=\u00a0\u00bbcenter\u00a0\u00bb max_width=\u00a0\u00bb92%\u00a0\u00bb module_alignment=\u00a0\u00bbcenter\u00a0\u00bb]<\/p>\n<p>\u00c0 partir de 1956, de Marseille \u00e0 Martigues, de nombreux t\u00e9moignages de gens ayant crois\u00e9 le chemin d\u2019ours pas comme les autres sont recens\u00e9s. Certains auraient m\u00eame vu des ours jouer \u00e0 la p\u00e9tanque\u2026<\/p>\n<p>[\/et_pb_text][et_pb_button button_url=\u00a0\u00bb#temoignagestel\u00a0\u00bb button_text=\u00a0\u00bbLes t\u00e9moignages\u00a0\u00bb button_alignment=\u00a0\u00bbcenter\u00a0\u00bb _builder_version=\u00a0\u00bb3.19.4&Prime; custom_button=\u00a0\u00bbon\u00a0\u00bb button_text_color=\u00a0\u00bb#fddd5c\u00a0\u00bb button_border_width=\u00a0\u00bb0px\u00a0\u00bb button_border_color=\u00a0\u00bbrgba(0,0,0,0)\u00a0\u00bb button_border_radius=\u00a0\u00bb100px\u00a0\u00bb button_font=\u00a0\u00bbFakir Black||||||||\u00a0\u00bb button_icon=\u00a0\u00bb%%38%%\u00a0\u00bb button_on_hover=\u00a0\u00bboff\u00a0\u00bb background_layout=\u00a0\u00bbdark\u00a0\u00bb custom_margin=\u00a0\u00bb20px||\u00a0\u00bb]<br \/>\n[\/et_pb_button][\/et_pb_column][\/et_pb_row][\/et_pb_section][et_pb_section fb_built=\u00a0\u00bb1&Prime; disabled_on=\u00a0\u00bboff|off|on\u00a0\u00bb module_id=\u00a0\u00bbtemoignages\u00a0\u00bb _builder_version=\u00a0\u00bb3.19.4&Prime; background_color=\u00a0\u00bb#fddc59&Prime; custom_margin=\u00a0\u00bb0px||0px\u00a0\u00bb custom_padding=\u00a0\u00bb0px||0px|\u00a0\u00bb][et_pb_row use_custom_width=\u00a0\u00bbon\u00a0\u00bb width_unit=\u00a0\u00bboff\u00a0\u00bb custom_padding=\u00a0\u00bb0|0px|0px|0px|false|false\u00a0\u00bb custom_margin=\u00a0\u00bb0px||\u00a0\u00bb make_equal=\u00a0\u00bbon\u00a0\u00bb use_background_color_gradient_1=\u00a0\u00bboff\u00a0\u00bb background_color_gradient_start_1=\u00a0\u00bb#74b0c9&Prime; background_color_gradient_end_1=\u00a0\u00bbrgba(39,124,188,0)\u00a0\u00bb background_color_gradient_type_1=\u00a0\u00bbradial\u00a0\u00bb background_color_gradient_start_position_1=\u00a0\u00bb0%\u00a0\u00bb background_color_gradient_end_position_1=\u00a0\u00bb55%\u00a0\u00bb module_class_1=\u00a0\u00bbcentrer-verticalement\u00a0\u00bb module_class_2=\u00a0\u00bbcentrer-verticalement\u00a0\u00bb module_id=\u00a0\u00bbtemoignagestel\u00a0\u00bb _builder_version=\u00a0\u00bb3.19.4&Prime; animation_style=\u00a0\u00bbbounce\u00a0\u00bb animation_direction=\u00a0\u00bbbottom\u00a0\u00bb][et_pb_column type=\u00a0\u00bb4_4&Prime; _builder_version=\u00a0\u00bb3.0.47&Prime; parallax=\u00a0\u00bboff\u00a0\u00bb parallax_method=\u00a0\u00bbon\u00a0\u00bb use_background_color_gradient=\u00a0\u00bboff\u00a0\u00bb background_color_gradient_start=\u00a0\u00bb#74b0c9&Prime; background_color_gradient_end=\u00a0\u00bbrgba(39,124,188,0)\u00a0\u00bb background_color_gradient_type=\u00a0\u00bbradial\u00a0\u00bb background_color_gradient_start_position=\u00a0\u00bb0%\u00a0\u00bb background_color_gradient_end_position=\u00a0\u00bb55%\u00a0\u00bb module_class=\u00a0\u00bbcentrer-verticalement\u00a0\u00bb][et_pb_text _builder_version=\u00a0\u00bb3.19.4&Prime; text_font=\u00a0\u00bbFakir Regular||||||||\u00a0\u00bb text_text_color=\u00a0\u00bb#341f12&Prime; text_font_size=\u00a0\u00bb16px\u00a0\u00bb text_line_height=\u00a0\u00bb1.3em\u00a0\u00bb header_font=\u00a0\u00bb||||||||\u00a0\u00bb header_text_color=\u00a0\u00bb#341f12&Prime; header_font_size=\u00a0\u00bb43px\u00a0\u00bb text_orientation=\u00a0\u00bbcenter\u00a0\u00bb max_width=\u00a0\u00bb92%\u00a0\u00bb module_alignment=\u00a0\u00bbcenter\u00a0\u00bb custom_padding=\u00a0\u00bb40px||\u00a0\u00bb]<\/p>\n<h1>Mars 1960<\/h1>\n<p>\u201cOh fada ! J\u2019\u00e9tais tranquille dans ma cuisine en train de pr\u00e9parer mon a\u00efoli en buvant un verre de Quebec quand j\u2019ai vu un ours taper aux carreaux, j\u2019ai cri\u00e9 et il est parti !\u201d<\/p>\n<p style=\"text-align: right;\">Soraya.B<\/p>\n<p>&nbsp;<\/p>\n<p>[\/et_pb_text][et_pb_text _builder_version=\u00a0\u00bb3.19.4&Prime; text_font=\u00a0\u00bbFakir Regular||||||||\u00a0\u00bb text_text_color=\u00a0\u00bb#341f12&Prime; text_font_size=\u00a0\u00bb16px\u00a0\u00bb text_line_height=\u00a0\u00bb1.3em\u00a0\u00bb header_text_color=\u00a0\u00bb#341f12&Prime; header_font_size=\u00a0\u00bb43px\u00a0\u00bb text_orientation=\u00a0\u00bbcenter\u00a0\u00bb max_width=\u00a0\u00bb92%\u00a0\u00bb module_alignment=\u00a0\u00bbcenter\u00a0\u00bb]<\/p>\n<h1>Juin 1964<\/h1>\n<p>\u201cMardi dernier, j\u2019\u00e9tais dans les calanques avec mon ami Jo. Quand on a ouvert un Quebec, un ours est apparu et nous a vol\u00e9 la bouteille ! On a pris la poudre d\u2019escampette !\u201d<\/p>\n<p style=\"text-align: right;\">Janot.A<\/p>\n<p>\u00a0<\/p>\n<p>[\/et_pb_text][et_pb_text _builder_version=\u00a0\u00bb3.19.4&Prime; text_font=\u00a0\u00bbFakir Regular||||||||\u00a0\u00bb text_text_color=\u00a0\u00bb#341f12&Prime; text_font_size=\u00a0\u00bb16px\u00a0\u00bb text_line_height=\u00a0\u00bb1.3em\u00a0\u00bb header_text_color=\u00a0\u00bb#341f12&Prime; header_font_size=\u00a0\u00bb43px\u00a0\u00bb text_orientation=\u00a0\u00bbcenter\u00a0\u00bb max_width=\u00a0\u00bb92%\u00a0\u00bb module_alignment=\u00a0\u00bbcenter\u00a0\u00bb]<\/p>\n<h1>Ao\u00fbt 1968<\/h1>\n<p>\u201cUn soir d\u2019\u00e9t\u00e9, nous sommes all\u00e9s \u00e0 l\u2019Estaque pour une baignade&#8230; En sortant de l\u2019eau, notre bouteille de Quebec avait disparu ! On pouvait apercevoir des traces d\u2019ours dans le sable\u2026\u201d<\/p>\n<p style=\"text-align: right;\">Jacqueline.C<\/p>\n<p>\u00a0<\/p>\n<p>[\/et_pb_text][\/et_pb_column][\/et_pb_row][et_pb_row custom_margin=\u00a0\u00bb0px||\u00a0\u00bb module_class_1=\u00a0\u00bbcentrer-verticalement\u00a0\u00bb module_class=\u00a0\u00bbcentrer-verticalement\u00a0\u00bb _builder_version=\u00a0\u00bb3.19.4&Prime; animation_style=\u00a0\u00bbbounce\u00a0\u00bb][et_pb_column type=\u00a0\u00bb4_4&Prime; _builder_version=\u00a0\u00bb3.0.47&Prime; parallax=\u00a0\u00bboff\u00a0\u00bb parallax_method=\u00a0\u00bbon\u00a0\u00bb module_class=\u00a0\u00bbcentrer-verticalement\u00a0\u00bb][et_pb_button button_url=\u00a0\u00bb#1970tel\u00a0\u00bb button_text=\u00a0\u00bb1970&Prime; button_alignment=\u00a0\u00bbcenter\u00a0\u00bb _builder_version=\u00a0\u00bb3.19.4&Prime; custom_button=\u00a0\u00bbon\u00a0\u00bb button_text_color=\u00a0\u00bb#341f12&Prime; button_border_width=\u00a0\u00bb0px\u00a0\u00bb button_border_color=\u00a0\u00bbrgba(0,0,0,0)\u00a0\u00bb button_border_radius=\u00a0\u00bb100px\u00a0\u00bb button_font=\u00a0\u00bbFakir Black||||||||\u00a0\u00bb button_icon=\u00a0\u00bb%%38%%\u00a0\u00bb button_on_hover=\u00a0\u00bboff\u00a0\u00bb background_layout=\u00a0\u00bbdark\u00a0\u00bb custom_margin=\u00a0\u00bb||\u00a0\u00bb]<br \/>\n[\/et_pb_button][\/et_pb_column][\/et_pb_row][\/et_pb_section][et_pb_section fb_built=\u00a0\u00bb1&Prime; disabled_on=\u00a0\u00bboff|off|on\u00a0\u00bb module_id=\u00a0\u00bb1970tel\u00a0\u00bb _builder_version=\u00a0\u00bb3.19.4&Prime; background_color=\u00a0\u00bb#8c9044&Prime;][et_pb_row custom_padding=\u00a0\u00bb0|0px|0px|0px|false|false\u00a0\u00bb make_equal=\u00a0\u00bbon\u00a0\u00bb use_background_color_gradient_1=\u00a0\u00bboff\u00a0\u00bb background_color_gradient_start_1=\u00a0\u00bb#74b0c9&Prime; background_color_gradient_end_1=\u00a0\u00bbrgba(39,124,188,0)\u00a0\u00bb background_color_gradient_type_1=\u00a0\u00bbradial\u00a0\u00bb background_color_gradient_start_position_1=\u00a0\u00bb0%\u00a0\u00bb background_color_gradient_end_position_1=\u00a0\u00bb55%\u00a0\u00bb module_class_1=\u00a0\u00bbcentrer-verticalement\u00a0\u00bb module_class_2=\u00a0\u00bbcentrer-verticalement\u00a0\u00bb _builder_version=\u00a0\u00bb3.19.4&Prime; animation_style=\u00a0\u00bbbounce\u00a0\u00bb animation_direction=\u00a0\u00bbright\u00a0\u00bb animation_duration=\u00a0\u00bb1350ms\u00a0\u00bb][et_pb_column type=\u00a0\u00bb4_4&Prime; _builder_version=\u00a0\u00bb3.0.47&Prime; parallax=\u00a0\u00bboff\u00a0\u00bb parallax_method=\u00a0\u00bbon\u00a0\u00bb use_background_color_gradient=\u00a0\u00bboff\u00a0\u00bb background_color_gradient_start=\u00a0\u00bb#74b0c9&Prime; background_color_gradient_end=\u00a0\u00bbrgba(39,124,188,0)\u00a0\u00bb background_color_gradient_type=\u00a0\u00bbradial\u00a0\u00bb background_color_gradient_start_position=\u00a0\u00bb0%\u00a0\u00bb background_color_gradient_end_position=\u00a0\u00bb55%\u00a0\u00bb module_class=\u00a0\u00bbcentrer-verticalement\u00a0\u00bb][et_pb_text _builder_version=\u00a0\u00bb3.19.4&Prime; text_font=\u00a0\u00bbFakir Regular||||||||\u00a0\u00bb text_text_color=\u00a0\u00bb#ffffff\u00a0\u00bb header_font=\u00a0\u00bb||||||||\u00a0\u00bb header_text_color=\u00a0\u00bb#ffffff\u00a0\u00bb header_font_size=\u00a0\u00bb43px\u00a0\u00bb header_line_height=\u00a0\u00bb0.8em\u00a0\u00bb custom_margin=\u00a0\u00bb||27px\u00a0\u00bb]<\/p>\n<h1 style=\"text-align: center;\"><span style=\"color: #edf000;\"><\/span><\/h1>\n<h1 style=\"text-align: center;\"><span style=\"color: #fddd5c;\">1970<\/span><br \/> La presse<\/h1>\n<p>[\/et_pb_text][et_pb_text _builder_version=\u00a0\u00bb3.19.4&Prime; text_font=\u00a0\u00bbFakir Regular||||||||\u00a0\u00bb text_text_color=\u00a0\u00bb#ffffff\u00a0\u00bb text_font_size=\u00a0\u00bb16px\u00a0\u00bb text_line_height=\u00a0\u00bb1.3em\u00a0\u00bb text_orientation=\u00a0\u00bbcenter\u00a0\u00bb module_alignment=\u00a0\u00bbcenter\u00a0\u00bb]<\/p>\n<p>Les journaux r\u00e9gionaux titrent : \u00ab\u00a0Des ours en Provence\u00a0\u00bb, \u00ab\u00a0Panique en ville, des ours dans nos rues\u00a0\u00bb, \u00ab\u00a0Une migration myst\u00e9rieuse\u00a0\u00bb\u2026 Suite \u00e0 de nombreux t\u00e9moignages, Quebec est forc\u00e9 de constater que les nombreuses apparitions d&rsquo;ours ne sont pas le fruit du hasard ! Mais pourquoi le Quebec attire-t-il les ours ?<\/p>\n<p>[\/et_pb_text][et_pb_button button_url=\u00a0\u00bb#1972tel\u00a0\u00bb button_text=\u00a0\u00bb1972&Prime; button_alignment=\u00a0\u00bbcenter\u00a0\u00bb _builder_version=\u00a0\u00bb3.19.4&Prime; custom_button=\u00a0\u00bbon\u00a0\u00bb button_text_color=\u00a0\u00bb#fddd5c\u00a0\u00bb button_border_width=\u00a0\u00bb0px\u00a0\u00bb button_border_color=\u00a0\u00bbrgba(0,0,0,0)\u00a0\u00bb button_border_radius=\u00a0\u00bb100px\u00a0\u00bb button_font=\u00a0\u00bbFakir Black||||||||\u00a0\u00bb button_icon=\u00a0\u00bb%%38%%\u00a0\u00bb button_on_hover=\u00a0\u00bboff\u00a0\u00bb background_layout=\u00a0\u00bbdark\u00a0\u00bb custom_margin=\u00a0\u00bb20px||\u00a0\u00bb]<br \/>\n[\/et_pb_button][\/et_pb_column][\/et_pb_row][\/et_pb_section][et_pb_section fb_built=\u00a0\u00bb1&Prime; disabled_on=\u00a0\u00bboff|off|on\u00a0\u00bb module_id=\u00a0\u00bb1972tel\u00a0\u00bb _builder_version=\u00a0\u00bb3.19.4&Prime; background_color=\u00a0\u00bb#76985c\u00a0\u00bb parallax=\u00a0\u00bbon\u00a0\u00bb][et_pb_row use_custom_width=\u00a0\u00bbon\u00a0\u00bb width_unit=\u00a0\u00bboff\u00a0\u00bb custom_width_percent=\u00a0\u00bb86%\u00a0\u00bb custom_padding=\u00a0\u00bb0|0px|0px|0px|false|false\u00a0\u00bb make_equal=\u00a0\u00bbon\u00a0\u00bb use_background_color_gradient_1=\u00a0\u00bboff\u00a0\u00bb background_color_gradient_start_1=\u00a0\u00bb#74b0c9&Prime; background_color_gradient_end_1=\u00a0\u00bbrgba(39,124,188,0)\u00a0\u00bb background_color_gradient_type_1=\u00a0\u00bbradial\u00a0\u00bb background_color_gradient_start_position_1=\u00a0\u00bb0%\u00a0\u00bb background_color_gradient_end_position_1=\u00a0\u00bb55%\u00a0\u00bb module_class_1=\u00a0\u00bbcentrer-verticalement\u00a0\u00bb module_class_2=\u00a0\u00bbcentrer-verticalement\u00a0\u00bb module_id=\u00a0\u00bb1972tel\u00a0\u00bb _builder_version=\u00a0\u00bb3.19.4&Prime; animation_style=\u00a0\u00bbbounce\u00a0\u00bb animation_direction=\u00a0\u00bbright\u00a0\u00bb animation_duration=\u00a0\u00bb1600ms\u00a0\u00bb][et_pb_column type=\u00a0\u00bb4_4&Prime; _builder_version=\u00a0\u00bb3.0.47&Prime; parallax=\u00a0\u00bboff\u00a0\u00bb parallax_method=\u00a0\u00bbon\u00a0\u00bb use_background_color_gradient=\u00a0\u00bboff\u00a0\u00bb background_color_gradient_start=\u00a0\u00bb#74b0c9&Prime; background_color_gradient_end=\u00a0\u00bbrgba(39,124,188,0)\u00a0\u00bb background_color_gradient_type=\u00a0\u00bbradial\u00a0\u00bb background_color_gradient_start_position=\u00a0\u00bb0%\u00a0\u00bb background_color_gradient_end_position=\u00a0\u00bb55%\u00a0\u00bb module_class=\u00a0\u00bbcentrer-verticalement\u00a0\u00bb][et_pb_image src=\u00a0\u00bbhttps:\/\/www.quebec-original.fr\/wp-content\/uploads\/2020\/04\/QUEBEC_HISTOIRE_DEMENAGEMENT_2.png\u00a0\u00bb _builder_version=\u00a0\u00bb3.19.4&Prime;]<br \/>\n[\/et_pb_image][et_pb_text _builder_version=\u00a0\u00bb3.19.4&Prime; text_font=\u00a0\u00bbFakir Regular||||||||\u00a0\u00bb text_text_color=\u00a0\u00bb#ffffff\u00a0\u00bb header_text_color=\u00a0\u00bb#ffffff\u00a0\u00bb header_font_size=\u00a0\u00bb43px\u00a0\u00bb header_line_height=\u00a0\u00bb0.8em\u00a0\u00bb custom_margin=\u00a0\u00bb||27px\u00a0\u00bb]<\/p>\n<h1 style=\"text-align: center;\">\u00a0<\/h1>\n<h1 style=\"text-align: center;\"><span style=\"color: #fddd5c;\">1972<\/span><br \/><span style=\"color: #ffffff;\">L&rsquo;heure du d\u00e9m\u00e9nagement<\/span><\/h1>\n<p>[\/et_pb_text][et_pb_text _builder_version=\u00a0\u00bb3.19.4&Prime; text_font=\u00a0\u00bbFakir Regular||||||||\u00a0\u00bb text_text_color=\u00a0\u00bb#ffffff\u00a0\u00bb text_font_size=\u00a0\u00bb16px\u00a0\u00bb text_line_height=\u00a0\u00bb1.3em\u00a0\u00bb text_orientation=\u00a0\u00bbcenter\u00a0\u00bb max_width=\u00a0\u00bb92%\u00a0\u00bb module_alignment=\u00a0\u00bbcenter\u00a0\u00bb]<\/p>\n<p>Afin que les ours cessent de mettre le oa\u00ef* en Provence et surtout, afin de sauvegarder sa production, la soci\u00e9t\u00e9 d\u00e9m\u00e9nage dans un lieu tenu secret. C\u2019est \u00e0 partir de cette \u00e9poque que Quebec r\u00e9ussit la prouesse de dispara\u00eetre tout en continuant d\u2019approvisionner l&rsquo;ensemble des \u00e9piceries proven\u00e7ales.<\/p>\n<p style=\"text-align: right; font-size: 15px;\">*Mettre le bazar<\/p>\n<p>[\/et_pb_text][et_pb_button button_url=\u00a0\u00bb#2010tel\u00a0\u00bb button_text=\u00a0\u00bb2010&Prime; button_alignment=\u00a0\u00bbcenter\u00a0\u00bb _builder_version=\u00a0\u00bb3.19.4&Prime; custom_button=\u00a0\u00bbon\u00a0\u00bb button_text_color=\u00a0\u00bb#fddd5c\u00a0\u00bb button_border_width=\u00a0\u00bb0px\u00a0\u00bb button_border_color=\u00a0\u00bbrgba(0,0,0,0)\u00a0\u00bb button_border_radius=\u00a0\u00bb100px\u00a0\u00bb button_font=\u00a0\u00bbFakir Black||||||||\u00a0\u00bb button_icon=\u00a0\u00bb%%38%%\u00a0\u00bb button_on_hover=\u00a0\u00bboff\u00a0\u00bb background_layout=\u00a0\u00bbdark\u00a0\u00bb custom_margin=\u00a0\u00bb20px||\u00a0\u00bb]<br \/>\n[\/et_pb_button][\/et_pb_column][\/et_pb_row][\/et_pb_section][et_pb_section fb_built=\u00a0\u00bb1&Prime; disabled_on=\u00a0\u00bboff|off|on\u00a0\u00bb module_id=\u00a0\u00bb2010tel\u00a0\u00bb module_class=\u00a0\u00bbfullpage-section\u00a0\u00bb _builder_version=\u00a0\u00bb3.19.4&Prime; background_color=\u00a0\u00bb#277cbc\u00a0\u00bb parallax=\u00a0\u00bbon\u00a0\u00bb][et_pb_row use_custom_width=\u00a0\u00bbon\u00a0\u00bb width_unit=\u00a0\u00bboff\u00a0\u00bb custom_padding=\u00a0\u00bb0|0px|0px|0|false|false\u00a0\u00bb make_equal=\u00a0\u00bbon\u00a0\u00bb parallax_2=\u00a0\u00bbon\u00a0\u00bb background_size_2=\u00a0\u00bbcontain\u00a0\u00bb background_repeat_2=\u00a0\u00bbno-repeat\u00a0\u00bb use_background_color_gradient_1=\u00a0\u00bboff\u00a0\u00bb use_background_color_gradient_2=\u00a0\u00bbon\u00a0\u00bb background_color_gradient_start_1=\u00a0\u00bb#74b0c9&Prime; background_color_gradient_start_2=\u00a0\u00bb#87aabc\u00a0\u00bb background_color_gradient_end_1=\u00a0\u00bbrgba(39,124,188,0)\u00a0\u00bb background_color_gradient_end_2=\u00a0\u00bbrgba(39,124,188,0)\u00a0\u00bb background_color_gradient_type_1=\u00a0\u00bbradial\u00a0\u00bb background_color_gradient_type_2=\u00a0\u00bbradial\u00a0\u00bb background_color_gradient_start_position_1=\u00a0\u00bb0%\u00a0\u00bb background_color_gradient_end_position_1=\u00a0\u00bb55%\u00a0\u00bb background_color_gradient_end_position_2=\u00a0\u00bb57%\u00a0\u00bb module_class_1=\u00a0\u00bbcentrer-verticalement\u00a0\u00bb module_class_2=\u00a0\u00bbcentrer-verticalement\u00a0\u00bb disabled_on=\u00a0\u00bboff|off|off\u00a0\u00bb module_id=\u00a0\u00bborigine\u00a0\u00bb _builder_version=\u00a0\u00bb3.19.4&Prime; animation_style=\u00a0\u00bbbounce\u00a0\u00bb animation_direction=\u00a0\u00bbleft\u00a0\u00bb animation_delay=\u00a0\u00bb250ms\u00a0\u00bb animation_speed_curve=\u00a0\u00bbease-in\u00a0\u00bb][et_pb_column type=\u00a0\u00bb4_4&Prime; _builder_version=\u00a0\u00bb3.0.47&Prime; parallax=\u00a0\u00bboff\u00a0\u00bb parallax_method=\u00a0\u00bbon\u00a0\u00bb use_background_color_gradient=\u00a0\u00bboff\u00a0\u00bb background_color_gradient_start=\u00a0\u00bb#74b0c9&Prime; background_color_gradient_end=\u00a0\u00bbrgba(39,124,188,0)\u00a0\u00bb background_color_gradient_type=\u00a0\u00bbradial\u00a0\u00bb background_color_gradient_start_position=\u00a0\u00bb0%\u00a0\u00bb background_color_gradient_end_position=\u00a0\u00bb55%\u00a0\u00bb module_class=\u00a0\u00bbcentrer-verticalement\u00a0\u00bb][et_pb_image src=\u00a0\u00bbhttps:\/\/www.quebec-original.fr\/wp-content\/uploads\/2020\/04\/QUEBEC_HERITAGE_PAROT_2.png\u00a0\u00bb align=\u00a0\u00bbcenter\u00a0\u00bb _builder_version=\u00a0\u00bb3.19.4&Prime;]<br \/>\n[\/et_pb_image][et_pb_text _builder_version=\u00a0\u00bb3.19.4&Prime; text_font=\u00a0\u00bbFakir Regular||||||||\u00a0\u00bb text_text_color=\u00a0\u00bb#ffffff\u00a0\u00bb header_font=\u00a0\u00bb||||||||\u00a0\u00bb header_text_color=\u00a0\u00bb#ffffff\u00a0\u00bb header_font_size=\u00a0\u00bb43px\u00a0\u00bb header_line_height=\u00a0\u00bb0.7em\u00a0\u00bb custom_margin=\u00a0\u00bb||27px\u00a0\u00bb]<\/p>\n<h1 style=\"text-align: center;\"><span style=\"color: #edf000;\"><\/span><\/h1>\n<p>&nbsp;<\/p>\n<h1 style=\"text-align: center;\"><span style=\"color: #fddd5c;\">2010<\/span><br \/> Quebec<br \/> l&rsquo;h\u00e9ritage<\/h1>\n<p>[\/et_pb_text][et_pb_text _builder_version=\u00a0\u00bb3.19.4&Prime; text_font=\u00a0\u00bbFakir Regular||||||||\u00a0\u00bb text_text_color=\u00a0\u00bb#ffffff\u00a0\u00bb text_font_size=\u00a0\u00bb16px\u00a0\u00bb text_line_height=\u00a0\u00bb1.3em\u00a0\u00bb text_orientation=\u00a0\u00bbcenter\u00a0\u00bb max_width=\u00a0\u00bb92%\u00a0\u00bb]<\/p>\n<p>En 2010, le secret le mieux gard\u00e9 de Provence devient notre responsabilit\u00e9. D\u00e9sormais d\u00e9fenseurs d\u2019un h\u00e9ritage inestimable, l\u2019histoire de Quebec et de ses adeptes est loin d\u2019\u00eatre termin\u00e9e !<\/p>\n<p>[\/et_pb_text][et_pb_button button_url=\u00a0\u00bb#2012tel\u00a0\u00bb button_text=\u00a0\u00bb2012&Prime; button_alignment=\u00a0\u00bbcenter\u00a0\u00bb _builder_version=\u00a0\u00bb3.19.4&Prime; custom_button=\u00a0\u00bbon\u00a0\u00bb button_text_color=\u00a0\u00bb#fddd5c\u00a0\u00bb button_border_width=\u00a0\u00bb0px\u00a0\u00bb button_border_color=\u00a0\u00bbrgba(0,0,0,0)\u00a0\u00bb button_border_radius=\u00a0\u00bb100px\u00a0\u00bb button_font=\u00a0\u00bbFakir Black||||||||\u00a0\u00bb button_icon=\u00a0\u00bb%%38%%\u00a0\u00bb button_on_hover=\u00a0\u00bboff\u00a0\u00bb background_layout=\u00a0\u00bbdark\u00a0\u00bb custom_margin=\u00a0\u00bb20px||\u00a0\u00bb]<br \/>\n[\/et_pb_button][\/et_pb_column][\/et_pb_row][\/et_pb_section][et_pb_section fb_built=\u00a0\u00bb1&Prime; disabled_on=\u00a0\u00bboff|off|on\u00a0\u00bb module_id=\u00a0\u00bb2012&Prime; module_class=\u00a0\u00bbfullpage-section\u00a0\u00bb _builder_version=\u00a0\u00bb3.19.4&Prime; background_color=\u00a0\u00bb#277cbc\u00a0\u00bb background_image=\u00a0\u00bbhttps:\/\/www.quebec-original.fr\/wp-content\/uploads\/2020\/05\/QUEBEC_HERITAGE_BOUTEILLE_2010_3.png\u00a0\u00bb parallax=\u00a0\u00bbon\u00a0\u00bb][et_pb_row use_custom_width=\u00a0\u00bbon\u00a0\u00bb width_unit=\u00a0\u00bboff\u00a0\u00bb custom_padding=\u00a0\u00bb0|0px|0px|0|false|false\u00a0\u00bb make_equal=\u00a0\u00bbon\u00a0\u00bb parallax_2=\u00a0\u00bbon\u00a0\u00bb background_size_2=\u00a0\u00bbcontain\u00a0\u00bb background_repeat_2=\u00a0\u00bbno-repeat\u00a0\u00bb use_background_color_gradient_1=\u00a0\u00bboff\u00a0\u00bb background_color_gradient_start_1=\u00a0\u00bb#74b0c9&Prime; background_color_gradient_end_1=\u00a0\u00bbrgba(39,124,188,0)\u00a0\u00bb background_color_gradient_type_1=\u00a0\u00bbradial\u00a0\u00bb background_color_gradient_start_position_1=\u00a0\u00bb0%\u00a0\u00bb background_color_gradient_end_position_1=\u00a0\u00bb55%\u00a0\u00bb module_class_1=\u00a0\u00bbcentrer-verticalement\u00a0\u00bb module_class_2=\u00a0\u00bbcentrer-verticalement\u00a0\u00bb module_id=\u00a0\u00bb2012tel\u00a0\u00bb _builder_version=\u00a0\u00bb3.19.4&Prime; animation_style=\u00a0\u00bbbounce\u00a0\u00bb animation_direction=\u00a0\u00bbleft\u00a0\u00bb animation_delay=\u00a0\u00bb250ms\u00a0\u00bb animation_speed_curve=\u00a0\u00bbease-in\u00a0\u00bb][et_pb_column type=\u00a0\u00bb4_4&Prime; _builder_version=\u00a0\u00bb3.0.47&Prime; parallax=\u00a0\u00bboff\u00a0\u00bb parallax_method=\u00a0\u00bbon\u00a0\u00bb use_background_color_gradient=\u00a0\u00bboff\u00a0\u00bb background_color_gradient_start=\u00a0\u00bb#74b0c9&Prime; background_color_gradient_end=\u00a0\u00bbrgba(39,124,188,0)\u00a0\u00bb background_color_gradient_type=\u00a0\u00bbradial\u00a0\u00bb background_color_gradient_start_position=\u00a0\u00bb0%\u00a0\u00bb background_color_gradient_end_position=\u00a0\u00bb55%\u00a0\u00bb module_class=\u00a0\u00bbcentrer-verticalement\u00a0\u00bb][et_pb_text _builder_version=\u00a0\u00bb3.19.4&Prime; text_font=\u00a0\u00bbFakir Regular||||||||\u00a0\u00bb text_text_color=\u00a0\u00bb#ffffff\u00a0\u00bb header_font=\u00a0\u00bb||||||||\u00a0\u00bb header_text_color=\u00a0\u00bb#ffffff\u00a0\u00bb header_font_size=\u00a0\u00bb43px\u00a0\u00bb header_line_height=\u00a0\u00bb0.7em\u00a0\u00bb custom_margin=\u00a0\u00bb||27px\u00a0\u00bb]<\/p>\n<h1 style=\"text-align: center;\"><span style=\"color: #edf000;\"><\/span><\/h1>\n<p>&nbsp;<\/p>\n<h1 style=\"text-align: center;\"><span style=\"color: #fddd5c;\">2012<\/span><br \/> Des mascottes<br \/> officielles<\/h1>\n<p>[\/et_pb_text][et_pb_text _builder_version=\u00a0\u00bb3.19.4&Prime; text_font=\u00a0\u00bbFakir Regular||||||||\u00a0\u00bb text_text_color=\u00a0\u00bb#ffffff\u00a0\u00bb text_font_size=\u00a0\u00bb16px\u00a0\u00bb text_line_height=\u00a0\u00bb1.3em\u00a0\u00bb text_orientation=\u00a0\u00bbcenter\u00a0\u00bb max_width=\u00a0\u00bb92%\u00a0\u00bb]<\/p>\n<p>Quebec reconna\u00eet officiellement les Ours comme mascottes officielles de sa boisson ! Une victoire pour les ursid\u00e9s qui b\u00e9n\u00e9ficient \u00e0 pr\u00e9sent, pour les plus chanceux, de la possibilit\u00e9 d\u2019\u00eatre employ\u00e9s au service conformit\u00e9 produit !<\/p>\n<p>[\/et_pb_text][et_pb_button button_url=\u00a0\u00bb#2020tel\u00a0\u00bb button_text=\u00a0\u00bb2020&Prime; button_alignment=\u00a0\u00bbcenter\u00a0\u00bb _builder_version=\u00a0\u00bb3.19.4&Prime; custom_button=\u00a0\u00bbon\u00a0\u00bb button_text_color=\u00a0\u00bb#fddd5c\u00a0\u00bb button_border_width=\u00a0\u00bb0px\u00a0\u00bb button_border_color=\u00a0\u00bbrgba(0,0,0,0)\u00a0\u00bb button_border_radius=\u00a0\u00bb100px\u00a0\u00bb button_font=\u00a0\u00bbFakir Black||||||||\u00a0\u00bb button_icon=\u00a0\u00bb%%38%%\u00a0\u00bb button_on_hover=\u00a0\u00bboff\u00a0\u00bb background_layout=\u00a0\u00bbdark\u00a0\u00bb custom_margin=\u00a0\u00bb20px||\u00a0\u00bb]<br \/>\n[\/et_pb_button][\/et_pb_column][\/et_pb_row][\/et_pb_section][et_pb_section fb_built=\u00a0\u00bb1&Prime; disabled_on=\u00a0\u00bboff|off|on\u00a0\u00bb module_id=\u00a0\u00bb2020&Prime; _builder_version=\u00a0\u00bb3.19.4&Prime; background_color=\u00a0\u00bb#277cbc\u00a0\u00bb background_image=\u00a0\u00bbhttps:\/\/www.quebec-original.fr\/wp-content\/uploads\/2020\/04\/QUEBEC_HERITAGE_LOGOTYPE_BACKGROUND-2.jpg\u00a0\u00bb parallax=\u00a0\u00bbon\u00a0\u00bb parallax_method=\u00a0\u00bboff\u00a0\u00bb][et_pb_row use_custom_width=\u00a0\u00bbon\u00a0\u00bb width_unit=\u00a0\u00bboff\u00a0\u00bb custom_padding=\u00a0\u00bb0|0px|0px|0|false|false\u00a0\u00bb make_equal=\u00a0\u00bbon\u00a0\u00bb parallax_2=\u00a0\u00bbon\u00a0\u00bb background_size_2=\u00a0\u00bbcontain\u00a0\u00bb background_repeat_2=\u00a0\u00bbno-repeat\u00a0\u00bb use_background_color_gradient_1=\u00a0\u00bboff\u00a0\u00bb use_background_color_gradient_2=\u00a0\u00bbon\u00a0\u00bb background_color_gradient_start_1=\u00a0\u00bb#74b0c9&Prime; background_color_gradient_start_2=\u00a0\u00bb#87aabc\u00a0\u00bb background_color_gradient_end_1=\u00a0\u00bbrgba(39,124,188,0)\u00a0\u00bb background_color_gradient_end_2=\u00a0\u00bbrgba(39,124,188,0)\u00a0\u00bb background_color_gradient_type_1=\u00a0\u00bbradial\u00a0\u00bb background_color_gradient_type_2=\u00a0\u00bbradial\u00a0\u00bb background_color_gradient_start_position_1=\u00a0\u00bb0%\u00a0\u00bb background_color_gradient_end_position_1=\u00a0\u00bb55%\u00a0\u00bb background_color_gradient_end_position_2=\u00a0\u00bb57%\u00a0\u00bb module_class_1=\u00a0\u00bbcentrer-verticalement\u00a0\u00bb module_class_2=\u00a0\u00bbcentrer-verticalement\u00a0\u00bb module_id=\u00a0\u00bborigine\u00a0\u00bb _builder_version=\u00a0\u00bb3.19.4&Prime; animation_style=\u00a0\u00bbbounce\u00a0\u00bb animation_direction=\u00a0\u00bbleft\u00a0\u00bb animation_delay=\u00a0\u00bb250ms\u00a0\u00bb animation_speed_curve=\u00a0\u00bbease-in\u00a0\u00bb][et_pb_column type=\u00a0\u00bb4_4&Prime; _builder_version=\u00a0\u00bb3.0.47&Prime; parallax=\u00a0\u00bboff\u00a0\u00bb parallax_method=\u00a0\u00bbon\u00a0\u00bb use_background_color_gradient=\u00a0\u00bboff\u00a0\u00bb background_color_gradient_start=\u00a0\u00bb#74b0c9&Prime; background_color_gradient_end=\u00a0\u00bbrgba(39,124,188,0)\u00a0\u00bb background_color_gradient_type=\u00a0\u00bbradial\u00a0\u00bb background_color_gradient_start_position=\u00a0\u00bb0%\u00a0\u00bb background_color_gradient_end_position=\u00a0\u00bb55%\u00a0\u00bb module_class=\u00a0\u00bbcentrer-verticalement\u00a0\u00bb][et_pb_image src=\u00a0\u00bbhttps:\/\/www.quebec-original.fr\/wp-content\/uploads\/2020\/04\/QUEBEC_HERITAGE_LOGOTYPE_2020.png\u00a0\u00bb align=\u00a0\u00bbcenter\u00a0\u00bb module_id=\u00a0\u00bb2020tel\u00a0\u00bb _builder_version=\u00a0\u00bb3.19.4&Prime;]<br \/>\n[\/et_pb_image][et_pb_text _builder_version=\u00a0\u00bb3.19.4&Prime; text_font=\u00a0\u00bbFakir Regular||||||||\u00a0\u00bb text_text_color=\u00a0\u00bb#ffffff\u00a0\u00bb header_font=\u00a0\u00bb||||||||\u00a0\u00bb header_text_color=\u00a0\u00bb#ffffff\u00a0\u00bb header_font_size=\u00a0\u00bb43px\u00a0\u00bb header_line_height=\u00a0\u00bb0.7em\u00a0\u00bb header_text_shadow_style=\u00a0\u00bbpreset1&Prime; custom_margin=\u00a0\u00bb||27px\u00a0\u00bb]<\/p>\n<h1 style=\"text-align: center;\"><span style=\"color: #edf000;\"><\/span><\/h1>\n<p>&nbsp;<\/p>\n<h1 style=\"text-align: center;\"><span style=\"color: #fddd5c;\">2020<\/span><br \/>Revoulucioun !<\/h1>\n<p>[\/et_pb_text][et_pb_text _builder_version=\u00a0\u00bb3.19.4&Prime; text_font=\u00a0\u00bbFakir Regular||||||||\u00a0\u00bb text_text_color=\u00a0\u00bb#ffffff\u00a0\u00bb text_font_size=\u00a0\u00bb16px\u00a0\u00bb text_line_height=\u00a0\u00bb1.3em\u00a0\u00bb text_orientation=\u00a0\u00bbcenter\u00a0\u00bb max_width=\u00a0\u00bb92%\u00a0\u00bb]<\/p>\n<p>En 2020 Quebec se r\u00e9invente et devient Quebec L\u2019Original ! Un univers affirm\u00e9 pour une recette inchang\u00e9e depuis sa cr\u00e9ation. Nos mascottes ont rev\u00eatu leurs plus belles marini\u00e8res et sont plus que jamais pr\u00eates \u00e0 tout pour obtenir leur boisson pr\u00e9f\u00e9r\u00e9e ! Suivez \u00e0 pr\u00e9sent leurs aventures en ligne\u2026<\/p>\n<p>[\/et_pb_text][\/et_pb_column][\/et_pb_row][\/et_pb_section][et_pb_section fb_built=\u00a0\u00bb1&Prime; disabled_on=\u00a0\u00bboff|off|on\u00a0\u00bb module_id=\u00a0\u00bb2020&Prime; _builder_version=\u00a0\u00bb3.19.4&Prime; background_color=\u00a0\u00bb#277cbc\u00a0\u00bb parallax=\u00a0\u00bbon\u00a0\u00bb parallax_method=\u00a0\u00bboff\u00a0\u00bb][et_pb_row use_custom_width=\u00a0\u00bbon\u00a0\u00bb width_unit=\u00a0\u00bboff\u00a0\u00bb custom_padding=\u00a0\u00bb0|0px|0px|0|false|false\u00a0\u00bb make_equal=\u00a0\u00bbon\u00a0\u00bb parallax_2=\u00a0\u00bbon\u00a0\u00bb background_size_2=\u00a0\u00bbcontain\u00a0\u00bb background_repeat_2=\u00a0\u00bbno-repeat\u00a0\u00bb use_background_color_gradient_1=\u00a0\u00bboff\u00a0\u00bb use_background_color_gradient_2=\u00a0\u00bbon\u00a0\u00bb background_color_gradient_start_1=\u00a0\u00bb#74b0c9&Prime; background_color_gradient_start_2=\u00a0\u00bb#87aabc\u00a0\u00bb background_color_gradient_end_1=\u00a0\u00bbrgba(39,124,188,0)\u00a0\u00bb background_color_gradient_end_2=\u00a0\u00bbrgba(39,124,188,0)\u00a0\u00bb background_color_gradient_type_1=\u00a0\u00bbradial\u00a0\u00bb background_color_gradient_type_2=\u00a0\u00bbradial\u00a0\u00bb background_color_gradient_start_position_1=\u00a0\u00bb0%\u00a0\u00bb background_color_gradient_end_position_1=\u00a0\u00bb55%\u00a0\u00bb background_color_gradient_end_position_2=\u00a0\u00bb57%\u00a0\u00bb module_class_1=\u00a0\u00bbcentrer-verticalement\u00a0\u00bb module_class_2=\u00a0\u00bbcentrer-verticalement\u00a0\u00bb module_id=\u00a0\u00bborigine\u00a0\u00bb _builder_version=\u00a0\u00bb3.19.4&Prime; animation_style=\u00a0\u00bbbounce\u00a0\u00bb animation_direction=\u00a0\u00bbleft\u00a0\u00bb animation_delay=\u00a0\u00bb250ms\u00a0\u00bb animation_speed_curve=\u00a0\u00bbease-in\u00a0\u00bb][et_pb_column type=\u00a0\u00bb4_4&Prime; _builder_version=\u00a0\u00bb3.0.47&Prime; parallax=\u00a0\u00bboff\u00a0\u00bb parallax_method=\u00a0\u00bbon\u00a0\u00bb use_background_color_gradient=\u00a0\u00bboff\u00a0\u00bb background_color_gradient_start=\u00a0\u00bb#74b0c9&Prime; background_color_gradient_end=\u00a0\u00bbrgba(39,124,188,0)\u00a0\u00bb background_color_gradient_type=\u00a0\u00bbradial\u00a0\u00bb background_color_gradient_start_position=\u00a0\u00bb0%\u00a0\u00bb background_color_gradient_end_position=\u00a0\u00bb55%\u00a0\u00bb module_class=\u00a0\u00bbcentrer-verticalement\u00a0\u00bb][et_pb_image src=\u00a0\u00bbhttps:\/\/www.quebec-original.fr\/wp-content\/uploads\/2020\/05\/FIURE.png\u00a0\u00bb align=\u00a0\u00bbcenter\u00a0\u00bb module_id=\u00a0\u00bb2020tel\u00a0\u00bb _builder_version=\u00a0\u00bb3.19.4&Prime;]<br \/>\n[\/et_pb_image][et_pb_text _builder_version=\u00a0\u00bb3.19.4&Prime; text_font=\u00a0\u00bbFakir Regular||||||||\u00a0\u00bb text_text_color=\u00a0\u00bb#ffffff\u00a0\u00bb header_font=\u00a0\u00bb||||||||\u00a0\u00bb header_text_color=\u00a0\u00bb#ffffff\u00a0\u00bb header_font_size=\u00a0\u00bb43px\u00a0\u00bb header_line_height=\u00a0\u00bb0.7em\u00a0\u00bb header_text_shadow_style=\u00a0\u00bbpreset1&Prime; custom_margin=\u00a0\u00bb||27px\u00a0\u00bb]<\/p>\n<h1 style=\"text-align: center;\"><span style=\"color: #edf000;\"><\/span><\/h1>\n<p>&nbsp;<\/p>\n<h1 style=\"text-align: center;\"><span style=\"color: #fddd5c;\">Figure<\/span><br \/>De Poulpe<\/h1>\n<p>[\/et_pb_text][et_pb_text _builder_version=\u00a0\u00bb3.19.4&Prime; text_font=\u00a0\u00bbFakir Regular||||||||\u00a0\u00bb text_text_color=\u00a0\u00bb#ffffff\u00a0\u00bb text_font_size=\u00a0\u00bb16px\u00a0\u00bb text_line_height=\u00a0\u00bb1.3em\u00a0\u00bb text_orientation=\u00a0\u00bbcenter\u00a0\u00bb max_width=\u00a0\u00bb92%\u00a0\u00bb]<\/p>\n<p>El Julio &#8211; un illustrateur Marseillais &#8211; a \u00e9t\u00e9 choisi en 2020 pour revisiter nos Mascottes et marquer la Revolucion de Quebec !<\/p>\n<p>[\/et_pb_text][et_pb_button button_url=\u00a0\u00bbhttps:\/\/figuredepoulpe.com\/\u00a0\u00bb url_new_window=\u00a0\u00bbon\u00a0\u00bb button_text=\u00a0\u00bbLe site de Figure de Poulpe\u00a0\u00bb button_alignment=\u00a0\u00bbcenter\u00a0\u00bb _builder_version=\u00a0\u00bb3.19.4&Prime; custom_button=\u00a0\u00bbon\u00a0\u00bb button_text_color=\u00a0\u00bb#fddd5c\u00a0\u00bb button_border_width=\u00a0\u00bb0px\u00a0\u00bb button_border_color=\u00a0\u00bbrgba(0,0,0,0)\u00a0\u00bb button_border_radius=\u00a0\u00bb100px\u00a0\u00bb button_font=\u00a0\u00bbFakir Black||||||||\u00a0\u00bb button_icon=\u00a0\u00bb%%47%%\u00a0\u00bb button_on_hover=\u00a0\u00bboff\u00a0\u00bb background_layout=\u00a0\u00bbdark\u00a0\u00bb custom_margin=\u00a0\u00bb20px||\u00a0\u00bb]<br \/>\n[\/et_pb_button][\/et_pb_column][\/et_pb_row][\/et_pb_section][et_pb_section fb_built=\u00a0\u00bb1&Prime; disabled_on=\u00a0\u00bboff|off|on\u00a0\u00bb module_id=\u00a0\u00bb2020&Prime; module_class=\u00a0\u00bbfullpage-section\u00a0\u00bb _builder_version=\u00a0\u00bb3.19.4&Prime; background_color=\u00a0\u00bb#277cbc\u00a0\u00bb background_image=\u00a0\u00bbhttps:\/\/www.quebec-original.fr\/wp-content\/uploads\/2020\/04\/QUEBEC_HERITAGE_IDENTITE_BACKGROUND.jpg\u00a0\u00bb parallax=\u00a0\u00bbon\u00a0\u00bb parallax_method=\u00a0\u00bboff\u00a0\u00bb][et_pb_row use_custom_width=\u00a0\u00bbon\u00a0\u00bb width_unit=\u00a0\u00bboff\u00a0\u00bb custom_padding=\u00a0\u00bb0|0px|0px|0|false|false\u00a0\u00bb make_equal=\u00a0\u00bbon\u00a0\u00bb parallax_2=\u00a0\u00bbon\u00a0\u00bb background_size_2=\u00a0\u00bbcontain\u00a0\u00bb background_repeat_2=\u00a0\u00bbno-repeat\u00a0\u00bb use_background_color_gradient_1=\u00a0\u00bboff\u00a0\u00bb use_background_color_gradient_2=\u00a0\u00bbon\u00a0\u00bb background_color_gradient_start_1=\u00a0\u00bb#74b0c9&Prime; background_color_gradient_start_2=\u00a0\u00bb#87aabc\u00a0\u00bb background_color_gradient_end_1=\u00a0\u00bbrgba(39,124,188,0)\u00a0\u00bb background_color_gradient_end_2=\u00a0\u00bbrgba(39,124,188,0)\u00a0\u00bb background_color_gradient_type_1=\u00a0\u00bbradial\u00a0\u00bb background_color_gradient_type_2=\u00a0\u00bbradial\u00a0\u00bb background_color_gradient_start_position_1=\u00a0\u00bb0%\u00a0\u00bb background_color_gradient_end_position_1=\u00a0\u00bb55%\u00a0\u00bb background_color_gradient_end_position_2=\u00a0\u00bb57%\u00a0\u00bb module_class_1=\u00a0\u00bbcentrer-verticalement\u00a0\u00bb module_class_2=\u00a0\u00bbcentrer-verticalement\u00a0\u00bb module_id=\u00a0\u00bborigine\u00a0\u00bb _builder_version=\u00a0\u00bb3.19.4&Prime; animation_style=\u00a0\u00bbbounce\u00a0\u00bb animation_direction=\u00a0\u00bbleft\u00a0\u00bb animation_delay=\u00a0\u00bb250ms\u00a0\u00bb animation_speed_curve=\u00a0\u00bbease-in\u00a0\u00bb][et_pb_column type=\u00a0\u00bb4_4&Prime; _builder_version=\u00a0\u00bb3.0.47&Prime; parallax=\u00a0\u00bboff\u00a0\u00bb parallax_method=\u00a0\u00bbon\u00a0\u00bb use_background_color_gradient=\u00a0\u00bboff\u00a0\u00bb background_color_gradient_start=\u00a0\u00bb#74b0c9&Prime; background_color_gradient_end=\u00a0\u00bbrgba(39,124,188,0)\u00a0\u00bb background_color_gradient_type=\u00a0\u00bbradial\u00a0\u00bb background_color_gradient_start_position=\u00a0\u00bb0%\u00a0\u00bb background_color_gradient_end_position=\u00a0\u00bb55%\u00a0\u00bb module_class=\u00a0\u00bbcentrer-verticalement\u00a0\u00bb][et_pb_image src=\u00a0\u00bbhttps:\/\/www.quebec-original.fr\/wp-content\/uploads\/2020\/04\/LOGO_QUEBEC.png\u00a0\u00bb module_class=\u00a0\u00bbcentrer-verticalement\u00a0\u00bb _builder_version=\u00a0\u00bb3.19.4&Prime; max_width=\u00a0\u00bb89%\u00a0\u00bb module_alignment=\u00a0\u00bbcenter\u00a0\u00bb]<br \/>\n[\/et_pb_image][et_pb_text _builder_version=\u00a0\u00bb3.19.4&Prime; text_font=\u00a0\u00bbFakir Regular||||||||\u00a0\u00bb text_text_color=\u00a0\u00bb#ffffff\u00a0\u00bb header_text_color=\u00a0\u00bb#ffffff\u00a0\u00bb header_font_size=\u00a0\u00bb46px\u00a0\u00bb header_line_height=\u00a0\u00bb0.7em\u00a0\u00bb header_text_shadow_style=\u00a0\u00bbpreset1&Prime; custom_margin=\u00a0\u00bb||27px\u00a0\u00bb]<\/p>\n<h1 style=\"text-align: center;\">\u00a0<\/h1>\n<p>\u00a0<\/p>\n<h1 style=\"text-align: center;\">Suivez-nous<br \/>sur les r\u00e9seaux<\/h1>\n<p>[\/et_pb_text][et_pb_button button_url=\u00a0\u00bbhttps:\/\/www.facebook.com\/quebecloriginal\u00a0\u00bb url_new_window=\u00a0\u00bbon\u00a0\u00bb button_text=\u00a0\u00bbFacebook\u00a0\u00bb button_alignment=\u00a0\u00bbcenter\u00a0\u00bb _builder_version=\u00a0\u00bb3.19.4&Prime; custom_button=\u00a0\u00bbon\u00a0\u00bb button_text_size=\u00a0\u00bb27px\u00a0\u00bb button_text_color=\u00a0\u00bb#ffffff\u00a0\u00bb button_border_width=\u00a0\u00bb0px\u00a0\u00bb button_border_color=\u00a0\u00bb#ffffff\u00a0\u00bb button_border_radius=\u00a0\u00bb0px\u00a0\u00bb button_font=\u00a0\u00bbFakir Black||||||||\u00a0\u00bb button_icon=\u00a0\u00bb%%337%%\u00a0\u00bb button_icon_placement=\u00a0\u00bbleft\u00a0\u00bb button_on_hover=\u00a0\u00bboff\u00a0\u00bb]<br \/>\n[\/et_pb_button][et_pb_button button_url=\u00a0\u00bbhttps:\/\/www.instagram.com\/quebec_loriginal\/\u00a0\u00bb button_text=\u00a0\u00bbInstagram\u00a0\u00bb button_alignment=\u00a0\u00bbcenter\u00a0\u00bb _builder_version=\u00a0\u00bb3.19.4&Prime; custom_button=\u00a0\u00bbon\u00a0\u00bb button_text_size=\u00a0\u00bb27px\u00a0\u00bb button_text_color=\u00a0\u00bb#ffffff\u00a0\u00bb button_border_width=\u00a0\u00bb0px\u00a0\u00bb button_border_color=\u00a0\u00bb#ffffff\u00a0\u00bb button_border_radius=\u00a0\u00bb0px\u00a0\u00bb button_font=\u00a0\u00bbFakir Black||||||||\u00a0\u00bb button_icon=\u00a0\u00bb%%344%%\u00a0\u00bb button_icon_placement=\u00a0\u00bbleft\u00a0\u00bb button_on_hover=\u00a0\u00bboff\u00a0\u00bb]<br \/>\n[\/et_pb_button][\/et_pb_column][\/et_pb_row][\/et_pb_section][et_pb_section fb_built=\u00a0\u00bb1&Prime; disabled_on=\u00a0\u00bboff|off|on\u00a0\u00bb _builder_version=\u00a0\u00bb3.19.4&Prime; background_color=\u00a0\u00bb#341f12&Prime;][et_pb_row custom_padding=\u00a0\u00bb21px|0px|0px|0|false|false\u00a0\u00bb _builder_version=\u00a0\u00bb3.19.4&Prime;][et_pb_column type=\u00a0\u00bb4_4&Prime; _builder_version=\u00a0\u00bb3.0.47&Prime; parallax=\u00a0\u00bboff\u00a0\u00bb parallax_method=\u00a0\u00bbon\u00a0\u00bb][\/et_pb_column][\/et_pb_row][et_pb_row custom_padding=\u00a0\u00bb60px|0px|29px|0|false|false\u00a0\u00bb custom_margin=\u00a0\u00bb||\u00a0\u00bb _builder_version=\u00a0\u00bb3.19.4&Prime;][et_pb_column type=\u00a0\u00bb4_4&Prime; _builder_version=\u00a0\u00bb3.0.47&Prime; parallax=\u00a0\u00bboff\u00a0\u00bb parallax_method=\u00a0\u00bbon\u00a0\u00bb][et_pb_text _builder_version=\u00a0\u00bb3.19.4&Prime; text_text_color=\u00a0\u00bb#ffffff\u00a0\u00bb header_4_text_color=\u00a0\u00bb#ffffff\u00a0\u00bb custom_margin=\u00a0\u00bb||30px\u00a0\u00bb]<\/p>\n<h4 style=\"text-align: center;\"><a href=\" https:\/\/www.quebec-original.fr\/\">Accueil<\/a><\/h4>\n<h4 style=\"text-align: center;\"><a href=\"https:\/\/www.quebec-original.fr\/index.php\/notre-heritage\/\">H\u00e9ritage<\/a><\/h4>\n<h4 style=\"text-align: center;\"><a href=\"https:\/\/www.quebec-original.fr\/index.php\/contact\/\">Contact<\/a><\/h4>\n<h4 style=\"text-align: center;\"><a href=\"https:\/\/www.facebook.com\/quebecloriginal\">Facebook<\/a><\/h4>\n<h4 style=\"text-align: center;\"><a href=\"https:\/\/www.instagram.com\/quebec_loriginal\/\">Instagral<\/a><\/h4>\n<p>[\/et_pb_text][et_pb_text _builder_version=\u00a0\u00bb3.19.4&Prime; text_text_color=\u00a0\u00bb#ffffff\u00a0\u00bb text_font_size=\u00a0\u00bb11px\u00a0\u00bb text_line_height=\u00a0\u00bb0.7em\u00a0\u00bb header_text_color=\u00a0\u00bb#ffffff\u00a0\u00bb header_font_size=\u00a0\u00bb27px\u00a0\u00bb header_6_text_color=\u00a0\u00bb#ffffff\u00a0\u00bb header_6_font_size=\u00a0\u00bb12px\u00a0\u00bb]<\/p>\n<h6 class=\"layout-clear font-bold\" style=\"text-align: center;\">\u00ae 2023 Parot SAS, tous droits r\u00e9serv\u00e9s.<\/h6>\n<div class=\"layout-clear font-xsmall\" style=\"text-align: center;\">Quebec est une marque d\u00e9pos\u00e9e de Parot SAS<\/div>\n<p>[\/et_pb_text][\/et_pb_column][\/et_pb_row][\/et_pb_section]<\/p>\n","protected":false},"excerpt":{"rendered":"<p>[et_pb_section fb_built=\u00a0\u00bb1&Prime; disabled_on=\u00a0\u00bbon|on|off\u00a0\u00bb module_class=\u00a0\u00bbfullpage-section\u00a0\u00bb _builder_version=\u00a0\u00bb3.19.4&Prime; background_image=\u00a0\u00bbhttps:\/\/www.quebec-original.fr\/wp-content\/uploads\/2020\/04\/QUEBEC_SAINTE_VICTOIRE.jpg\u00a0\u00bb parallax=\u00a0\u00bbon\u00a0\u00bb][et_pb_row custom_padding=\u00a0\u00bb0px|0px|0px|0|false|false\u00a0\u00bb _builder_version=\u00a0\u00bb3.19.4&Prime;][et_pb_column type=\u00a0\u00bb4_4&Prime; _builder_version=\u00a0\u00bb3.0.47&Prime; parallax=\u00a0\u00bboff\u00a0\u00bb parallax_method=\u00a0\u00bbon\u00a0\u00bb][et_pb_text _builder_version=\u00a0\u00bb3.19.4&Prime; header_font=\u00a0\u00bb||||||||\u00a0\u00bb header_text_align=\u00a0\u00bbcenter\u00a0\u00bb header_text_color=\u00a0\u00bb#ffffff\u00a0\u00bb header_font_size=\u00a0\u00bb85px\u00a0\u00bb] Quebec L\u2019original, Boisson myst\u00e9rieuse. [\/et_pb_text][et_pb_text _builder_version=\u00a0\u00bb3.19.4&Prime; text_font=\u00a0\u00bb||||||||\u00a0\u00bb text_text_color=\u00a0\u00bb#ffffff\u00a0\u00bb text_font_size=\u00a0\u00bb29px\u00a0\u00bb text_line_height=\u00a0\u00bb1.4em\u00a0\u00bb header_font=\u00a0\u00bb||||||||\u00a0\u00bb header_text_align=\u00a0\u00bbcenter\u00a0\u00bb header_text_color=\u00a0\u00bb#ffffff\u00a0\u00bb header_font_size=\u00a0\u00bb85px\u00a0\u00bb header_2_font=\u00a0\u00bb||||||||\u00a0\u00bb header_3_font=\u00a0\u00bb||||||||\u00a0\u00bb header_4_font=\u00a0\u00bb||||||||\u00a0\u00bb header_5_font=\u00a0\u00bb||||||||\u00a0\u00bb header_6_font=\u00a0\u00bb||||||||\u00a0\u00bb text_orientation=\u00a0\u00bbcenter\u00a0\u00bb] Si le go\u00fbt unique du Quebec a \u00e9t\u00e9 d\u00e9couvert en Provence, personne ne sait quand il est [&hellip;]<\/p>\n","protected":false},"author":1,"featured_media":0,"parent":0,"menu_order":0,"comment_status":"closed","ping_status":"closed","template":"","meta":{"_et_pb_use_builder":"on","_et_pb_old_content":"","_et_gb_content_width":"","footnotes":""},"_links":{"self":[{"href":"https:\/\/www.quebec-original.fr\/index.php\/wp-json\/wp\/v2\/pages\/725"}],"collection":[{"href":"https:\/\/www.quebec-original.fr\/index.php\/wp-json\/wp\/v2\/pages"}],"about":[{"href":"https:\/\/www.quebec-original.fr\/index.php\/wp-json\/wp\/v2\/types\/page"}],"author":[{"embeddable":true,"href":"https:\/\/www.quebec-original.fr\/index.php\/wp-json\/wp\/v2\/users\/1"}],"replies":[{"embeddable":true,"href":"https:\/\/www.quebec-original.fr\/index.php\/wp-json\/wp\/v2\/comments?post=725"}],"version-history":[{"count":95,"href":"https:\/\/www.quebec-original.fr\/index.php\/wp-json\/wp\/v2\/pages\/725\/revisions"}],"predecessor-version":[{"id":1071,"href":"https:\/\/www.quebec-original.fr\/index.php\/wp-json\/wp\/v2\/pages\/725\/revisions\/1071"}],"wp:attachment":[{"href":"https:\/\/www.quebec-original.fr\/index.php\/wp-json\/wp\/v2\/media?parent=725"}],"curies":[{"name":"wp","href":"https:\/\/api.w.org\/{rel}","templated":true}]}}