{"id":568,"date":"2020-04-04T23:07:23","date_gmt":"2020-04-04T21:07:23","guid":{"rendered":"https:\/\/www.quebec-original.fr\/?page_id=568"},"modified":"2023-11-20T15:30:00","modified_gmt":"2023-11-20T14:30:00","slug":"homepage","status":"publish","type":"page","link":"https:\/\/www.quebec-original.fr\/","title":{"rendered":"HOMEPAGE"},"content":{"rendered":"<p>[et_pb_section bb_built=\u00a0\u00bb1&Prime; disabled_on=\u00a0\u00bbon|on|off\u00a0\u00bb module_class=\u00a0\u00bbfullpage-section\u00a0\u00bb _builder_version=\u00a0\u00bb3.19.4&Prime; background_image=\u00a0\u00bbhttps:\/\/www.quebec-original.fr\/wp-content\/uploads\/2020\/04\/HOMEPAGE_FAMILLE_OURS.jpg\u00a0\u00bb custom_padding=\u00a0\u00bb122px|0px|0|0px|false|false\u00a0\u00bb top_divider_height=\u00a0\u00bb1200px\u00a0\u00bb next_background_color=\u00a0\u00bb#4799d1&Prime;][et_pb_row custom_padding=\u00a0\u00bb0|0px|0px|0px|false|false\u00a0\u00bb _builder_version=\u00a0\u00bb3.19.4&Prime; module_alignment=\u00a0\u00bbcenter\u00a0\u00bb][et_pb_column type=\u00a0\u00bb1_2&Prime;][et_pb_text _builder_version=\u00a0\u00bb3.19.4&Prime; text_font=\u00a0\u00bbFakir Black||||||||\u00a0\u00bb text_font_size=\u00a0\u00bb49px\u00a0\u00bb header_font=\u00a0\u00bbFakir Black||||||||\u00a0\u00bb header_text_align=\u00a0\u00bbcenter\u00a0\u00bb header_text_color=\u00a0\u00bb#ffffff\u00a0\u00bb header_font_size=\u00a0\u00bb86px\u00a0\u00bb header_line_height=\u00a0\u00bb0.7em\u00a0\u00bb header_text_shadow_style=\u00a0\u00bbpreset1&Prime;]<\/p>\n<h1 style=\"text-align: center;\">Quebec<\/h1>\n<h1 style=\"text-align: center;\">l\u2019Original<\/h1>\n<p>[\/et_pb_text][et_pb_text _builder_version=\u00a0\u00bb3.19.4&Prime; text_font=\u00a0\u00bbFakir Regular||||||||\u00a0\u00bb text_text_color=\u00a0\u00bb#ffffff\u00a0\u00bb text_font_size=\u00a0\u00bb25px\u00a0\u00bb text_line_height=\u00a0\u00bb1.3em\u00a0\u00bb text_text_shadow_style=\u00a0\u00bbpreset1&Prime; header_text_align=\u00a0\u00bbcenter\u00a0\u00bb header_text_color=\u00a0\u00bb#ffffff\u00a0\u00bb header_font_size=\u00a0\u00bb63px\u00a0\u00bb header_text_shadow_style=\u00a0\u00bbpreset1&Prime; custom_margin=\u00a0\u00bb30px||\u00a0\u00bb]<\/p>\n<p style=\"text-align: center;\">Unique et irr\u00e9sistible depuis plus d\u2019un demi-si\u00e8cle son go\u00fbt inimitable a fait le succ\u00e8s de Quebec l\u2019Original !<\/p>\n<p>[\/et_pb_text][et_pb_button button_url=\u00a0\u00bbhttps:\/\/www.quebec-original.fr\/index.php\/notre-heritage\/\u00a0\u00bb button_text=\u00a0\u00bbL&rsquo;h\u00e9ritage\u00a0\u00bb button_alignment=\u00a0\u00bbcenter\u00a0\u00bb _builder_version=\u00a0\u00bb3.19.4&Prime; custom_button=\u00a0\u00bbon\u00a0\u00bb button_text_color=\u00a0\u00bb#341f12&Prime; button_bg_color=\u00a0\u00bb#fddd5c\u00a0\u00bb button_border_color=\u00a0\u00bbrgba(0,0,0,0)\u00a0\u00bb button_border_radius=\u00a0\u00bb49px\u00a0\u00bb button_font=\u00a0\u00bbFakir Black||||||||\u00a0\u00bb button_icon_color=\u00a0\u00bb#e09900&Prime; custom_margin=\u00a0\u00bb42px||\u00a0\u00bb]<\/p>\n<p><\/p>\n<p>[\/et_pb_button][\/et_pb_column][et_pb_column type=\u00a0\u00bb1_2&Prime;][\/et_pb_column][\/et_pb_row][\/et_pb_section][et_pb_section bb_built=\u00a0\u00bb1&Prime; disabled_on=\u00a0\u00bbon|on|off\u00a0\u00bb _builder_version=\u00a0\u00bb3.19.4&Prime; background_color=\u00a0\u00bb#4799d1&Prime; prev_background_color=\u00a0\u00bb#ffffff\u00a0\u00bb next_background_color=\u00a0\u00bb#341f12&Prime;][et_pb_row make_fullwidth=\u00a0\u00bbon\u00a0\u00bb custom_padding=\u00a0\u00bb0|0px|0px|0px|false|false\u00a0\u00bb make_equal=\u00a0\u00bbon\u00a0\u00bb background_color_1=\u00a0\u00bb#4799d1&Prime; background_color_2=\u00a0\u00bb#4799d1&Prime; background_color_3=\u00a0\u00bb#4799d1&Prime; background_color_4=\u00a0\u00bb#fadb71&Prime; use_background_color_gradient_1=\u00a0\u00bbon\u00a0\u00bb use_background_color_gradient_2=\u00a0\u00bbon\u00a0\u00bb use_background_color_gradient_3=\u00a0\u00bbon\u00a0\u00bb use_background_color_gradient_4=\u00a0\u00bbon\u00a0\u00bb background_color_gradient_start_1=\u00a0\u00bb#83afd1&Prime; background_color_gradient_start_2=\u00a0\u00bb#83afd1&Prime; background_color_gradient_start_3=\u00a0\u00bb#87b1d1&Prime; background_color_gradient_start_4=\u00a0\u00bb#f9f7c2&Prime; background_color_gradient_end_1=\u00a0\u00bbrgba(71,153,209,0)\u00a0\u00bb background_color_gradient_end_2=\u00a0\u00bbrgba(71,153,209,0)\u00a0\u00bb background_color_gradient_end_3=\u00a0\u00bbrgba(71,153,209,0)\u00a0\u00bb background_color_gradient_end_4=\u00a0\u00bbrgba(250,219,113,0)\u00a0\u00bb background_color_gradient_type_1=\u00a0\u00bbradial\u00a0\u00bb background_color_gradient_type_2=\u00a0\u00bbradial\u00a0\u00bb background_color_gradient_type_3=\u00a0\u00bbradial\u00a0\u00bb background_color_gradient_type_4=\u00a0\u00bbradial\u00a0\u00bb background_color_gradient_end_position_1=\u00a0\u00bb45%\u00a0\u00bb background_color_gradient_end_position_2=\u00a0\u00bb58%\u00a0\u00bb background_color_gradient_end_position_3=\u00a0\u00bb51%\u00a0\u00bb background_color_gradient_end_position_4=\u00a0\u00bb60%\u00a0\u00bb background_color_gradient_overlays_image_4=\u00a0\u00bboff\u00a0\u00bb module_class_1=\u00a0\u00bbcentrer-verticalement\u00a0\u00bb module_class_2=\u00a0\u00bbcentrer-verticalement\u00a0\u00bb module_class_3=\u00a0\u00bbcentrer-verticalement\u00a0\u00bb module_class_4=\u00a0\u00bbcentrer-verticalement\u00a0\u00bb _builder_version=\u00a0\u00bb3.19.4&Prime; background_size=\u00a0\u00bbinitial\u00a0\u00bb background_position=\u00a0\u00bbtop_left\u00a0\u00bb background_repeat=\u00a0\u00bbrepeat\u00a0\u00bb][et_pb_column type=\u00a0\u00bb1_6&Prime;][et_pb_image src=\u00a0\u00bbhttps:\/\/www.quebec-original.fr\/wp-content\/uploads\/2020\/04\/LOGO_FB_2.png\u00a0\u00bb url=\u00a0\u00bbhttps:\/\/www.facebook.com\/quebecloriginal\/\u00a0\u00bb url_new_window=\u00a0\u00bbon\u00a0\u00bb _builder_version=\u00a0\u00bb3.19.4&Prime; max_width=\u00a0\u00bb71%\u00a0\u00bb module_alignment=\u00a0\u00bbcenter\u00a0\u00bb animation_style=\u00a0\u00bbbounce\u00a0\u00bb]<\/p>\n<p><\/p>\n<p>[\/et_pb_image][\/et_pb_column][et_pb_column type=\u00a0\u00bb1_3&Prime;][et_pb_image src=\u00a0\u00bbhttps:\/\/www.quebec-original.fr\/wp-content\/uploads\/2020\/04\/TEXTE_FB.png\u00a0\u00bb _builder_version=\u00a0\u00bb3.19.4&Prime; animation_style=\u00a0\u00bbbounce\u00a0\u00bb]<\/p>\n<p><\/p>\n<p>[\/et_pb_image][et_pb_text _builder_version=\u00a0\u00bb3.19.4&Prime; text_font=\u00a0\u00bbFakir Regular||||||||\u00a0\u00bb text_text_color=\u00a0\u00bb#ffffff\u00a0\u00bb text_font_size=\u00a0\u00bb15px\u00a0\u00bb ul_font=\u00a0\u00bb||||||||\u00a0\u00bb header_font=\u00a0\u00bb||||||||\u00a0\u00bb text_orientation=\u00a0\u00bbcenter\u00a0\u00bb]<\/p>\n<p>Retrouvez vos ours pr\u00e9f\u00e9r\u00e9s sur Facebook et Instagram.<\/p>\n<p>[\/et_pb_text][\/et_pb_column][et_pb_column type=\u00a0\u00bb1_6&Prime;][et_pb_image src=\u00a0\u00bbhttps:\/\/www.quebec-original.fr\/wp-content\/uploads\/2020\/04\/LOGO_INSTA-1.png\u00a0\u00bb url=\u00a0\u00bbhttps:\/\/www.instagram.com\/quebec_loriginal\/\u00a0\u00bb url_new_window=\u00a0\u00bbon\u00a0\u00bb _builder_version=\u00a0\u00bb3.19.4&Prime; max_width=\u00a0\u00bb81%\u00a0\u00bb module_alignment=\u00a0\u00bbcenter\u00a0\u00bb animation_style=\u00a0\u00bbbounce\u00a0\u00bb]<\/p>\n<p><\/p>\n<p>[\/et_pb_image][\/et_pb_column][et_pb_column type=\u00a0\u00bb1_3&Prime;][et_pb_image src=\u00a0\u00bbhttps:\/\/www.quebec-original.fr\/wp-content\/uploads\/2020\/04\/QUEBEC_BOISSON_PICTO_RECETTE.png\u00a0\u00bb align=\u00a0\u00bbcenter\u00a0\u00bb _builder_version=\u00a0\u00bb3.19.4&Prime; max_width=\u00a0\u00bb29%\u00a0\u00bb module_alignment=\u00a0\u00bbcenter\u00a0\u00bb custom_margin=\u00a0\u00bb22px||\u00a0\u00bb animation_style=\u00a0\u00bbbounce\u00a0\u00bb]<\/p>\n<p><\/p>\n<p>[\/et_pb_image][et_pb_text _builder_version=\u00a0\u00bb3.19.4&Prime; text_font=\u00a0\u00bbFakir Regular||||||||\u00a0\u00bb text_font_size=\u00a0\u00bb31px\u00a0\u00bb text_line_height=\u00a0\u00bb0.8em\u00a0\u00bb header_font=\u00a0\u00bbFakir Black||||||||\u00a0\u00bb header_font_size=\u00a0\u00bb32px\u00a0\u00bb text_orientation=\u00a0\u00bbcenter\u00a0\u00bb max_width=\u00a0\u00bb85%\u00a0\u00bb module_alignment=\u00a0\u00bbcenter\u00a0\u00bb animation_style=\u00a0\u00bbbounce\u00a0\u00bb]<\/p>\n<h1 style=\"text-align: center;\"><span style=\"color: #341f12; font-size: xx-large;\">Un go\u00fbt unique<\/span><br \/><span style=\"font-size: xx-large; color: #341f12;\">et secret !<\/span><\/h1>\n<p style=\"text-align: center;\"><span style=\"font-size: large; color: #341f12;\">Ne soyons pas fada ! La recette de Quebec l\u2019Original est jalousement gard\u00e9e dans un lieu que seuls les ours conna\u00eessent.<\/span><\/p>\n<p style=\"text-align: center;\">\u00a0<\/p>\n<p>[\/et_pb_text][\/et_pb_column][\/et_pb_row][et_pb_row make_fullwidth=\u00a0\u00bbon\u00a0\u00bb make_equal=\u00a0\u00bbon\u00a0\u00bb background_color_1=\u00a0\u00bb#fadb71&Prime; background_color_2=\u00a0\u00bb#76985d\u00a0\u00bb background_color_3=\u00a0\u00bb#f3f0e0&Prime; bg_img_2=\u00a0\u00bbhttps:\/\/www.quebec-original.fr\/wp-content\/uploads\/2020\/04\/HERITAGE-copie.jpg\u00a0\u00bb background_size_2=\u00a0\u00bbcover\u00a0\u00bb use_background_color_gradient_1=\u00a0\u00bbon\u00a0\u00bb background_color_gradient_start_1=\u00a0\u00bb#f9edbb\u00a0\u00bb background_color_gradient_end_1=\u00a0\u00bbrgba(250,219,113,0)\u00a0\u00bb background_color_gradient_type_1=\u00a0\u00bbradial\u00a0\u00bb background_color_gradient_end_position_1=\u00a0\u00bb60%\u00a0\u00bb module_class_1=\u00a0\u00bbcentrer-verticalement\u00a0\u00bb module_class_2=\u00a0\u00bbcentrer-verticalement\u00a0\u00bb module_class_3=\u00a0\u00bbcentrer-verticalement\u00a0\u00bb _builder_version=\u00a0\u00bb3.19.4&Prime;][et_pb_column type=\u00a0\u00bb1_3&Prime;][et_pb_image src=\u00a0\u00bbhttps:\/\/www.quebec-original.fr\/wp-content\/uploads\/2020\/04\/QUEBEC_BOISSON_PICTO_RECYCLAGE.png\u00a0\u00bb align=\u00a0\u00bbcenter\u00a0\u00bb _builder_version=\u00a0\u00bb3.19.4&Prime; max_width=\u00a0\u00bb25%\u00a0\u00bb module_alignment=\u00a0\u00bbcenter\u00a0\u00bb custom_margin=\u00a0\u00bb22px||10px\u00a0\u00bb animation_style=\u00a0\u00bbbounce\u00a0\u00bb]<\/p>\n<p><\/p>\n<p>[\/et_pb_image][et_pb_text _builder_version=\u00a0\u00bb3.19.4&Prime; text_font=\u00a0\u00bbFakir Regular||||||||\u00a0\u00bb text_font_size=\u00a0\u00bb31px\u00a0\u00bb text_line_height=\u00a0\u00bb0.8em\u00a0\u00bb header_font=\u00a0\u00bbFakir Black||||||||\u00a0\u00bb header_font_size=\u00a0\u00bb32px\u00a0\u00bb text_orientation=\u00a0\u00bbcenter\u00a0\u00bb max_width=\u00a0\u00bb85%\u00a0\u00bb module_alignment=\u00a0\u00bbcenter\u00a0\u00bb animation_style=\u00a0\u00bbbounce\u00a0\u00bb]<\/p>\n<h1 style=\"text-align: center;\"><span style=\"color: #341f12;\">Sauve un ours, <\/span><br \/><span style=\"color: #341f12;\">recycle tes bouteilles ! <\/span><\/h1>\n<p style=\"text-align: center;\"><span style=\"font-size: large; color: #341f12;\">\u00c9coute minot ! Pour le bien-\u00eatre des ours, de la plan\u00e8te et des pitchounes, ne jette pas tes bouteilles, recycle les !<\/span><\/p>\n<p style=\"text-align: center;\">\u00a0<\/p>\n<p>[\/et_pb_text][\/et_pb_column][et_pb_column type=\u00a0\u00bb1_3&Prime;][et_pb_text _builder_version=\u00a0\u00bb3.19.4&Prime; text_font=\u00a0\u00bbFakir Black||||||||\u00a0\u00bb text_text_color=\u00a0\u00bb#eac700&Prime; text_font_size=\u00a0\u00bb55px\u00a0\u00bb text_line_height=\u00a0\u00bb0.7em\u00a0\u00bb header_font=\u00a0\u00bb||||||||\u00a0\u00bb header_text_align=\u00a0\u00bbcenter\u00a0\u00bb header_font_size=\u00a0\u00bb71px\u00a0\u00bb animation_style=\u00a0\u00bbbounce\u00a0\u00bb link_option_url=\u00a0\u00bbhttps:\/\/www.quebec-original.fr\/index.php\/notre-heritage\/\u00a0\u00bb]<\/p>\n<p style=\"text-align: center;\"><a href=\"https:\/\/www.quebec-original.fr\/index.php\/notre-heritage\/\" target=\"_blank\" rel=\"noopener noreferrer\"><span style=\"color: #fadb71;\">???<\/span><\/a><br \/><a href=\"https:\/\/www.quebec-original.fr\/index.php\/notre-heritage\/\" target=\"_blank\" rel=\"noopener noreferrer\"> <span style=\"color: #ffffff;\">L&rsquo;origine<\/span><\/a><br \/><a href=\"https:\/\/www.quebec-original.fr\/index.php\/notre-heritage\/\" target=\"_blank\" rel=\"noopener noreferrer\"> <span style=\"color: #ffffff;\"> du nom<\/span><\/a><\/p>\n<p>[\/et_pb_text][\/et_pb_column][et_pb_column type=\u00a0\u00bb1_3&Prime;][et_pb_image src=\u00a0\u00bbhttps:\/\/www.quebec-original.fr\/wp-content\/uploads\/2020\/04\/LOGO_PAROT.png\u00a0\u00bb url=\u00a0\u00bbhttp:\/\/www.parot.com\/\u00a0\u00bb url_new_window=\u00a0\u00bbon\u00a0\u00bb align=\u00a0\u00bbcenter\u00a0\u00bb _builder_version=\u00a0\u00bb3.19.4&Prime; max_width=\u00a0\u00bb34%\u00a0\u00bb module_alignment=\u00a0\u00bbcenter\u00a0\u00bb custom_margin=\u00a0\u00bb21px||\u00a0\u00bb animation_style=\u00a0\u00bbbounce\u00a0\u00bb]<\/p>\n<p><\/p>\n<p>[\/et_pb_image][et_pb_text _builder_version=\u00a0\u00bb3.19.4&Prime; text_font=\u00a0\u00bbFakir Regular||||||||\u00a0\u00bb text_font_size=\u00a0\u00bb31px\u00a0\u00bb text_line_height=\u00a0\u00bb0.8em\u00a0\u00bb header_font=\u00a0\u00bbFakir Black||||||||\u00a0\u00bb header_font_size=\u00a0\u00bb32px\u00a0\u00bb text_orientation=\u00a0\u00bbcenter\u00a0\u00bb module_alignment=\u00a0\u00bbcenter\u00a0\u00bb]<\/p>\n<h1 style=\"text-align: center;\">\u00a0<\/h1>\n<p style=\"text-align: center;\"><span style=\"font-size: large; color: #341f12;\">Protecteur officiel des secrets<br \/>de Quebec l&rsquo;Original !<\/span><\/p>\n<p style=\"text-align: center;\">\u00a0<\/p>\n<p>[\/et_pb_text][\/et_pb_column][\/et_pb_row][\/et_pb_section][et_pb_section bb_built=\u00a0\u00bb1&Prime; disabled_on=\u00a0\u00bbon|on|off\u00a0\u00bb _builder_version=\u00a0\u00bb3.19.4&Prime; background_color=\u00a0\u00bb#341f12&Prime; prev_background_color=\u00a0\u00bb#4799d1&Prime; next_background_color=\u00a0\u00bb#ffffff\u00a0\u00bb][et_pb_row custom_padding=\u00a0\u00bb21px|0px|0px|0|false|false\u00a0\u00bb _builder_version=\u00a0\u00bb3.19.4&Prime;][et_pb_column type=\u00a0\u00bb4_4&Prime;][\/et_pb_column][\/et_pb_row][et_pb_row custom_padding=\u00a0\u00bb60px|0px|29px|0|false|false\u00a0\u00bb custom_margin=\u00a0\u00bb||\u00a0\u00bb _builder_version=\u00a0\u00bb3.19.4&Prime;][et_pb_column type=\u00a0\u00bb4_4&Prime;][et_pb_text _builder_version=\u00a0\u00bb3.19.4&Prime; text_font=\u00a0\u00bb||||||||\u00a0\u00bb text_text_color=\u00a0\u00bb#ffffff\u00a0\u00bb header_font=\u00a0\u00bb||||||||\u00a0\u00bb header_4_font=\u00a0\u00bb||||||||\u00a0\u00bb header_4_text_color=\u00a0\u00bb#ffffff\u00a0\u00bb custom_margin=\u00a0\u00bb||40px\u00a0\u00bb]<\/p>\n<h4 style=\"text-align: center;\" id=\"h26ska2nmmp61h95df212jx375k5uarf\"><a href=\" https:\/\/www.quebec-original.fr\/\">Accueil<\/a>\u00a0 \u00a0 \u00a0 \u00a0 \u00a0 <a href=\"https:\/\/www.quebec-original.fr\/index.php\/notre-heritage\/\">H\u00e9ritage<\/a>\u00a0 \u00a0 \u00a0 \u00a0 \u00a0\u00a0<a href=\"https:\/\/www.quebec-original.fr\/index.php\/contact\/\">Contact<\/a>\u00a0 \u00a0 \u00a0 \u00a0 \u00a0\u00a0<a href=\"https:\/\/www.facebook.com\/quebecloriginal\">Facebook<\/a>\u00a0 \u00a0 \u00a0 \u00a0 \u00a0\u00a0<a href=\"https:\/\/www.instagram.com\/quebec_loriginal\/\">Instagram<\/a><\/p>\n<p>[\/et_pb_text][et_pb_text _builder_version=\u00a0\u00bb3.19.4&Prime; text_text_color=\u00a0\u00bb#ffffff\u00a0\u00bb text_font_size=\u00a0\u00bb11px\u00a0\u00bb text_line_height=\u00a0\u00bb0.7em\u00a0\u00bb header_text_color=\u00a0\u00bb#ffffff\u00a0\u00bb header_6_text_color=\u00a0\u00bb#ffffff\u00a0\u00bb]<\/p>\n<h6 class=\"layout-clear font-bold\" style=\"text-align: center;\">\u00ae 2023 Parot SAS, tous droits r\u00e9serv\u00e9s.<\/h6>\n<div class=\"layout-clear font-xsmall\" style=\"text-align: center;\">Quebec est une marque d\u00e9pos\u00e9e de Parot SAS<\/div>\n<p>[\/et_pb_text][\/et_pb_column][\/et_pb_row][\/et_pb_section][et_pb_section bb_built=\u00a0\u00bb1&Prime; disabled_on=\u00a0\u00bboff|off|on\u00a0\u00bb module_class=\u00a0\u00bbfullpage-section\u00a0\u00bb _builder_version=\u00a0\u00bb3.19.4&Prime; background_image=\u00a0\u00bbhttps:\/\/www.quebec-original.fr\/wp-content\/uploads\/2020\/04\/HOMEPAGE_FAMILLE_OURS.jpg\u00a0\u00bb top_divider_height=\u00a0\u00bb1200px\u00a0\u00bb prev_background_color=\u00a0\u00bb#341f12&Prime; next_background_color=\u00a0\u00bb#4799d1&Prime;][et_pb_row custom_padding=\u00a0\u00bb0|0px|0px|0px|false|false\u00a0\u00bb _builder_version=\u00a0\u00bb3.19.4&Prime; module_alignment=\u00a0\u00bbcenter\u00a0\u00bb][et_pb_column type=\u00a0\u00bb4_4&Prime;][et_pb_text disabled_on=\u00a0\u00bboff|off|off\u00a0\u00bb _builder_version=\u00a0\u00bb3.19.4&Prime; text_font_size=\u00a0\u00bb49px\u00a0\u00bb header_font=\u00a0\u00bbFakir Black||||||||\u00a0\u00bb header_text_align=\u00a0\u00bbcenter\u00a0\u00bb header_text_color=\u00a0\u00bb#ffffff\u00a0\u00bb header_font_size=\u00a0\u00bb64px\u00a0\u00bb header_line_height=\u00a0\u00bb0.7em\u00a0\u00bb header_text_shadow_style=\u00a0\u00bbpreset1&Prime;]<\/p>\n<h1 style=\"text-align: center;\">Quebec<\/h1>\n<h1 style=\"text-align: center;\">l\u2019Original<\/h1>\n<p>[\/et_pb_text][et_pb_text _builder_version=\u00a0\u00bb3.19.4&Prime; text_font=\u00a0\u00bbFakir Black||||||||\u00a0\u00bb text_text_color=\u00a0\u00bb#ffffff\u00a0\u00bb text_font_size=\u00a0\u00bb16px\u00a0\u00bb text_line_height=\u00a0\u00bb1.3em\u00a0\u00bb text_text_shadow_style=\u00a0\u00bbpreset1&Prime; header_text_align=\u00a0\u00bbcenter\u00a0\u00bb header_text_color=\u00a0\u00bb#ffffff\u00a0\u00bb header_font_size=\u00a0\u00bb63px\u00a0\u00bb header_text_shadow_style=\u00a0\u00bbpreset1&Prime; custom_margin=\u00a0\u00bb30px||\u00a0\u00bb]<\/p>\n<p style=\"text-align: center;\">Unique et irr\u00e9sistible depuis plus d\u2019un demi-si\u00e8cle son go\u00fbt inimitable a fait le succ\u00e8s de Quebec l\u2019Original !<\/p>\n<p>[\/et_pb_text][et_pb_button button_url=\u00a0\u00bbhttps:\/\/www.quebec-original.fr\/index.php\/notre-heritage\/\u00a0\u00bb button_text=\u00a0\u00bbL&rsquo;h\u00e9ritage\u00a0\u00bb button_alignment=\u00a0\u00bbcenter\u00a0\u00bb _builder_version=\u00a0\u00bb3.19.4&Prime; custom_button=\u00a0\u00bbon\u00a0\u00bb button_text_color=\u00a0\u00bb#341f12&Prime; button_bg_color=\u00a0\u00bb#fddd5c\u00a0\u00bb button_border_color=\u00a0\u00bbrgba(0,0,0,0)\u00a0\u00bb button_border_radius=\u00a0\u00bb49px\u00a0\u00bb button_font=\u00a0\u00bbFakir Black||||||||\u00a0\u00bb button_icon_color=\u00a0\u00bb#e09900&Prime; custom_margin=\u00a0\u00bb42px||\u00a0\u00bb]<\/p>\n<p><\/p>\n<p>[\/et_pb_button][\/et_pb_column][\/et_pb_row][\/et_pb_section][et_pb_section bb_built=\u00a0\u00bb1&Prime; disabled_on=\u00a0\u00bboff|off|on\u00a0\u00bb _builder_version=\u00a0\u00bb3.19.4&Prime; background_color=\u00a0\u00bb#4799d1&Prime; top_divider_height=\u00a0\u00bb1200px\u00a0\u00bb prev_background_color=\u00a0\u00bb#ffffff\u00a0\u00bb next_background_color=\u00a0\u00bb#fadb71&Prime;][et_pb_row custom_padding=\u00a0\u00bb0|0px|0px|0px|false|false\u00a0\u00bb _builder_version=\u00a0\u00bb3.19.4&Prime; module_alignment=\u00a0\u00bbcenter\u00a0\u00bb][et_pb_column type=\u00a0\u00bb4_4&Prime;][et_pb_image src=\u00a0\u00bbhttps:\/\/www.quebec-original.fr\/wp-content\/uploads\/2020\/04\/LOGO_FB_2.png\u00a0\u00bb url=\u00a0\u00bbhttps:\/\/www.facebook.com\/quebecloriginal\/\u00a0\u00bb url_new_window=\u00a0\u00bbon\u00a0\u00bb align=\u00a0\u00bbcenter\u00a0\u00bb _builder_version=\u00a0\u00bb3.19.4&Prime; max_width=\u00a0\u00bb38%\u00a0\u00bb module_alignment=\u00a0\u00bbcenter\u00a0\u00bb animation_style=\u00a0\u00bbbounce\u00a0\u00bb]<\/p>\n<p><\/p>\n<p>[\/et_pb_image][\/et_pb_column][\/et_pb_row][et_pb_row custom_padding=\u00a0\u00bb0|0px|0px|0px|false|false\u00a0\u00bb _builder_version=\u00a0\u00bb3.19.4&Prime; module_alignment=\u00a0\u00bbcenter\u00a0\u00bb][et_pb_column type=\u00a0\u00bb4_4&Prime;][et_pb_image src=\u00a0\u00bbhttps:\/\/www.quebec-original.fr\/wp-content\/uploads\/2020\/04\/TEXTE_FB.png\u00a0\u00bb align=\u00a0\u00bbcenter\u00a0\u00bb _builder_version=\u00a0\u00bb3.19.4&Prime; animation_style=\u00a0\u00bbbounce\u00a0\u00bb]<\/p>\n<p><\/p>\n<p>[\/et_pb_image][et_pb_image src=\u00a0\u00bbhttps:\/\/www.quebec-original.fr\/wp-content\/uploads\/2020\/04\/LOGO_INSTA-1.png\u00a0\u00bb url=\u00a0\u00bbhttps:\/\/www.instagram.com\/quebec_loriginal\/\u00a0\u00bb url_new_window=\u00a0\u00bbon\u00a0\u00bb align=\u00a0\u00bbcenter\u00a0\u00bb _builder_version=\u00a0\u00bb3.19.4&Prime; max_width=\u00a0\u00bb38%\u00a0\u00bb module_alignment=\u00a0\u00bbcenter\u00a0\u00bb animation_style=\u00a0\u00bbbounce\u00a0\u00bb]<\/p>\n<p><\/p>\n<p>[\/et_pb_image][\/et_pb_column][\/et_pb_row][\/et_pb_section][et_pb_section bb_built=\u00a0\u00bb1&Prime; disabled_on=\u00a0\u00bboff|off|on\u00a0\u00bb _builder_version=\u00a0\u00bb3.19.4&Prime; background_color=\u00a0\u00bb#fadb71&Prime; top_divider_height=\u00a0\u00bb1200px\u00a0\u00bb prev_background_color=\u00a0\u00bb#4799d1&Prime; next_background_color=\u00a0\u00bb#76985d\u00a0\u00bb][et_pb_row custom_padding=\u00a0\u00bb0|0px|0px|0px|false|false\u00a0\u00bb _builder_version=\u00a0\u00bb3.19.4&Prime; module_alignment=\u00a0\u00bbcenter\u00a0\u00bb][et_pb_column type=\u00a0\u00bb4_4&Prime;][et_pb_image src=\u00a0\u00bbhttps:\/\/www.quebec-original.fr\/wp-content\/uploads\/2020\/04\/QUEBEC_BOISSON_PICTO_RECETTE.png\u00a0\u00bb align=\u00a0\u00bbcenter\u00a0\u00bb _builder_version=\u00a0\u00bb3.19.4&Prime; max_width=\u00a0\u00bb29%\u00a0\u00bb module_alignment=\u00a0\u00bbcenter\u00a0\u00bb custom_margin=\u00a0\u00bb22px||\u00a0\u00bb animation_style=\u00a0\u00bbbounce\u00a0\u00bb]<\/p>\n<p><\/p>\n<p>[\/et_pb_image][et_pb_text _builder_version=\u00a0\u00bb3.19.4&Prime; text_font=\u00a0\u00bbFakir Regular||||||||\u00a0\u00bb text_font_size=\u00a0\u00bb31px\u00a0\u00bb text_line_height=\u00a0\u00bb0.8em\u00a0\u00bb header_font=\u00a0\u00bbFakir Black||||||||\u00a0\u00bb header_font_size=\u00a0\u00bb32px\u00a0\u00bb text_orientation=\u00a0\u00bbcenter\u00a0\u00bb max_width=\u00a0\u00bb85%\u00a0\u00bb module_alignment=\u00a0\u00bbcenter\u00a0\u00bb animation_style=\u00a0\u00bbbounce\u00a0\u00bb]<\/p>\n<h1 style=\"text-align: center;\"><span style=\"color: #341f12; font-size: xx-large;\">Un gout unique<\/span><br \/><span style=\"font-size: xx-large; color: #341f12;\">et secret !<\/span><\/h1>\n<p style=\"text-align: center;\"><span style=\"font-size: large; color: #341f12;\">Ne soyons pas fada ! La recette de Quebec l\u2019Original est jalousement gard\u00e9e dans un lieu que seuls les ours conna\u00eessent.<\/span><\/p>\n<p style=\"text-align: center;\">\u00a0<\/p>\n<p>[\/et_pb_text][\/et_pb_column][\/et_pb_row][\/et_pb_section][et_pb_section bb_built=\u00a0\u00bb1&Prime; disabled_on=\u00a0\u00bboff|off|on\u00a0\u00bb _builder_version=\u00a0\u00bb3.19.4&Prime; background_color=\u00a0\u00bb#76985d\u00a0\u00bb background_image=\u00a0\u00bbhttps:\/\/www.quebec-original.fr\/wp-content\/uploads\/2020\/04\/HERITAGE-copie.jpg\u00a0\u00bb top_divider_height=\u00a0\u00bb1200px\u00a0\u00bb prev_background_color=\u00a0\u00bb#fadb71&Prime; next_background_color=\u00a0\u00bb#fadb71&Prime;][et_pb_row custom_padding=\u00a0\u00bb0|0px|0px|0px|false|false\u00a0\u00bb _builder_version=\u00a0\u00bb3.19.4&Prime; module_alignment=\u00a0\u00bbcenter\u00a0\u00bb][et_pb_column type=\u00a0\u00bb4_4&Prime;][et_pb_text _builder_version=\u00a0\u00bb3.19.4&Prime; text_font=\u00a0\u00bbFakir Regular||||||||\u00a0\u00bb text_font_size=\u00a0\u00bb31px\u00a0\u00bb text_line_height=\u00a0\u00bb0.8em\u00a0\u00bb header_font=\u00a0\u00bbFakir Black||||||||\u00a0\u00bb header_font_size=\u00a0\u00bb32px\u00a0\u00bb text_orientation=\u00a0\u00bbcenter\u00a0\u00bb max_width=\u00a0\u00bb85%\u00a0\u00bb module_alignment=\u00a0\u00bbcenter\u00a0\u00bb custom_margin=\u00a0\u00bb50px||\u00a0\u00bb animation_style=\u00a0\u00bbbounce\u00a0\u00bb]<\/p>\n<h1 style=\"text-align: center;\"><span style=\"color: #ffffff; font-size: xx-large;\">Une myst\u00e9rieuse<\/span><br \/><span style=\"font-size: xx-large; color: #ffffff;\"> boisson<\/span><\/h1>\n<p style=\"text-align: center;\"><span style=\"font-size: large; color: #ffffff;\">Si le go\u00fbt unique du Quebec a \u00e9t\u00e9 d\u00e9couvert en Provence, les circonstances de son apparition restent myst\u00e9rieuses. Personne ne sait quand le Quebec apparut r\u00e9ellement&#8230; Mais la l\u00e9gende raconte qu\u2019aucun ours ne pourrait y r\u00e9sister&#8230;. M\u00e9fi !<\/span><\/p>\n<p style=\"text-align: center;\">\u00a0<\/p>\n<p>[\/et_pb_text][et_pb_button button_url=\u00a0\u00bbhttps:\/\/www.quebec-original.fr\/index.php\/notre-heritage\/\u00a0\u00bb button_text=\u00a0\u00bbD\u00e9couvrir\u00a0\u00bb button_alignment=\u00a0\u00bbcenter\u00a0\u00bb _builder_version=\u00a0\u00bb3.19.4&Prime; custom_button=\u00a0\u00bbon\u00a0\u00bb button_text_color=\u00a0\u00bb#341f12&Prime; button_bg_color=\u00a0\u00bb#fddd5c\u00a0\u00bb button_border_color=\u00a0\u00bbrgba(0,0,0,0)\u00a0\u00bb button_border_radius=\u00a0\u00bb49px\u00a0\u00bb button_font=\u00a0\u00bbFakir Black||||||||\u00a0\u00bb button_icon_color=\u00a0\u00bb#e09900&Prime; custom_margin=\u00a0\u00bb||50px\u00a0\u00bb]<\/p>\n<p><\/p>\n<p>[\/et_pb_button][\/et_pb_column][\/et_pb_row][\/et_pb_section][et_pb_section bb_built=\u00a0\u00bb1&Prime; disabled_on=\u00a0\u00bboff|off|on\u00a0\u00bb _builder_version=\u00a0\u00bb3.19.4&Prime; background_color=\u00a0\u00bb#fadb71&Prime; top_divider_height=\u00a0\u00bb1200px\u00a0\u00bb prev_background_color=\u00a0\u00bb#76985d\u00a0\u00bb next_background_color=\u00a0\u00bb#fadb71#f3f0e0&Prime;][et_pb_row custom_padding=\u00a0\u00bb0|0px|0px|0px|false|false\u00a0\u00bb _builder_version=\u00a0\u00bb3.19.4&Prime; module_alignment=\u00a0\u00bbcenter\u00a0\u00bb][et_pb_column type=\u00a0\u00bb4_4&Prime;][et_pb_image src=\u00a0\u00bbhttps:\/\/www.quebec-original.fr\/wp-content\/uploads\/2020\/04\/QUEBEC_BOISSON_PICTO_RECYCLAGE.png\u00a0\u00bb align=\u00a0\u00bbcenter\u00a0\u00bb _builder_version=\u00a0\u00bb3.19.4&Prime; max_width=\u00a0\u00bb25%\u00a0\u00bb module_alignment=\u00a0\u00bbcenter\u00a0\u00bb custom_margin=\u00a0\u00bb22px||10px\u00a0\u00bb animation_style=\u00a0\u00bbbounce\u00a0\u00bb]<\/p>\n<p><\/p>\n<p>[\/et_pb_image][et_pb_text _builder_version=\u00a0\u00bb3.19.4&Prime; text_font=\u00a0\u00bbFakir Regular||||||||\u00a0\u00bb text_font_size=\u00a0\u00bb31px\u00a0\u00bb text_line_height=\u00a0\u00bb0.8em\u00a0\u00bb header_font=\u00a0\u00bbFakir Black||||||||\u00a0\u00bb header_font_size=\u00a0\u00bb32px\u00a0\u00bb text_orientation=\u00a0\u00bbcenter\u00a0\u00bb max_width=\u00a0\u00bb85%\u00a0\u00bb module_alignment=\u00a0\u00bbcenter\u00a0\u00bb animation_style=\u00a0\u00bbbounce\u00a0\u00bb]<\/p>\n<h1 style=\"text-align: center;\"><span style=\"color: #341f12;\">Sauve un ours, <\/span><br \/><span style=\"color: #341f12;\">recycle tes bouteilles ! <\/span><\/h1>\n<p style=\"text-align: center;\"><span style=\"font-size: large; color: #341f12;\">\u00c9coute minot ! Pour le bien-\u00eatre des ours, de la plan\u00e8te et des pitchounes ne jette pas tes bouteilles, recycle les !<\/span><\/p>\n<p style=\"text-align: center;\">\u00a0<\/p>\n<p>[\/et_pb_text][\/et_pb_column][\/et_pb_row][\/et_pb_section][et_pb_section bb_built=\u00a0\u00bb1&Prime; disabled_on=\u00a0\u00bboff|off|on\u00a0\u00bb _builder_version=\u00a0\u00bb3.19.4&Prime; background_color=\u00a0\u00bb#fadb71#f3f0e0&Prime; top_divider_height=\u00a0\u00bb1200px\u00a0\u00bb prev_background_color=\u00a0\u00bb#fadb71&Prime; next_background_color=\u00a0\u00bb#341f12&Prime;][et_pb_row custom_padding=\u00a0\u00bb0|0px|0px|0px|false|false\u00a0\u00bb _builder_version=\u00a0\u00bb3.19.4&Prime; module_alignment=\u00a0\u00bbcenter\u00a0\u00bb][et_pb_column type=\u00a0\u00bb4_4&Prime;][et_pb_image src=\u00a0\u00bbhttps:\/\/www.quebec-original.fr\/wp-content\/uploads\/2020\/04\/LOGO_PAROT.png\u00a0\u00bb url=\u00a0\u00bbhttp:\/\/www.parot.com\/\u00a0\u00bb url_new_window=\u00a0\u00bbon\u00a0\u00bb align=\u00a0\u00bbcenter\u00a0\u00bb _builder_version=\u00a0\u00bb3.19.4&Prime; max_width=\u00a0\u00bb34%\u00a0\u00bb module_alignment=\u00a0\u00bbcenter\u00a0\u00bb custom_margin=\u00a0\u00bb21px||\u00a0\u00bb animation_style=\u00a0\u00bbbounce\u00a0\u00bb]<\/p>\n<p><\/p>\n<p>[\/et_pb_image][et_pb_text _builder_version=\u00a0\u00bb3.19.4&Prime; text_font=\u00a0\u00bbFakir Regular||||||||\u00a0\u00bb text_font_size=\u00a0\u00bb31px\u00a0\u00bb text_line_height=\u00a0\u00bb0.8em\u00a0\u00bb header_font=\u00a0\u00bbFakir Black||||||||\u00a0\u00bb header_font_size=\u00a0\u00bb32px\u00a0\u00bb text_orientation=\u00a0\u00bbcenter\u00a0\u00bb module_alignment=\u00a0\u00bbcenter\u00a0\u00bb]<\/p>\n<h1 style=\"text-align: center;\">\u00a0<\/h1>\n<p style=\"text-align: center;\"><span style=\"font-size: large; color: #341f12;\">Protecteur officiel des secrets<br \/>de Quebec L&rsquo;Original !<\/span><\/p>\n<p style=\"text-align: center;\">\u00a0<\/p>\n<p>[\/et_pb_text][\/et_pb_column][\/et_pb_row][\/et_pb_section][et_pb_section bb_built=\u00a0\u00bb1&Prime; disabled_on=\u00a0\u00bboff|off|on\u00a0\u00bb _builder_version=\u00a0\u00bb3.19.4&Prime; background_color=\u00a0\u00bb#341f12&Prime; prev_background_color=\u00a0\u00bb#fadb71#f3f0e0&Prime;][et_pb_row custom_padding=\u00a0\u00bb21px|0px|0px|0|false|false\u00a0\u00bb _builder_version=\u00a0\u00bb3.19.4&Prime;][et_pb_column type=\u00a0\u00bb4_4&Prime;][\/et_pb_column][\/et_pb_row][et_pb_row custom_padding=\u00a0\u00bb60px|0px|29px|0|false|false\u00a0\u00bb custom_margin=\u00a0\u00bb||\u00a0\u00bb _builder_version=\u00a0\u00bb3.19.4&Prime;][et_pb_column type=\u00a0\u00bb4_4&Prime;][et_pb_text _builder_version=\u00a0\u00bb3.19.4&Prime; text_text_color=\u00a0\u00bb#ffffff\u00a0\u00bb header_4_text_color=\u00a0\u00bb#ffffff\u00a0\u00bb custom_margin=\u00a0\u00bb||30px\u00a0\u00bb]<\/p>\n<h4 style=\"text-align: center;\"><a href=\" https:\/\/www.quebec-original.fr\/\">Accueil<\/a>Accueil<\/h4>\n<h4 style=\"text-align: center;\"><a href=\"https:\/\/www.quebec-original.fr\/index.php\/notre-heritage\/\">H\u00e9ritage<\/a><\/h4>\n<h4 style=\"text-align: center;\"><a href=\"https:\/\/www.quebec-original.fr\/index.php\/contact\/\">Contact<\/a><\/h4>\n<h4 style=\"text-align: center;\"><a href=\"https:\/\/www.facebook.com\/quebecloriginal\">Facebook<\/a><\/h4>\n<h4 style=\"text-align: center;\"><a href=\"https:\/\/www.instagram.com\/quebec_loriginal\/\">Instagram<\/a><\/h4>\n<p>[\/et_pb_text][et_pb_text _builder_version=\u00a0\u00bb3.19.4&Prime; text_text_color=\u00a0\u00bb#ffffff\u00a0\u00bb text_font_size=\u00a0\u00bb11px\u00a0\u00bb text_line_height=\u00a0\u00bb0.7em\u00a0\u00bb header_text_color=\u00a0\u00bb#ffffff\u00a0\u00bb header_font_size=\u00a0\u00bb27px\u00a0\u00bb header_6_text_color=\u00a0\u00bb#ffffff\u00a0\u00bb header_6_font_size=\u00a0\u00bb12px\u00a0\u00bb]<\/p>\n<h6 class=\"layout-clear font-bold\" style=\"text-align: center;\">\u00ae 2023 Parot SAS, tous droits r\u00e9serv\u00e9s.<\/h6>\n<div class=\"layout-clear font-xsmall\" style=\"text-align: center;\">Quebec est une marque d\u00e9pos\u00e9e de Parot SAS<\/div>\n<p>[\/et_pb_text][\/et_pb_column][\/et_pb_row][\/et_pb_section]<\/p>\n","protected":false},"excerpt":{"rendered":"<p>[et_pb_section bb_built=\u00a0\u00bb1&Prime; disabled_on=\u00a0\u00bbon|on|off\u00a0\u00bb module_class=\u00a0\u00bbfullpage-section\u00a0\u00bb _builder_version=\u00a0\u00bb3.19.4&Prime; background_image=\u00a0\u00bbhttps:\/\/www.quebec-original.fr\/wp-content\/uploads\/2020\/04\/HOMEPAGE_FAMILLE_OURS.jpg\u00a0\u00bb custom_padding=\u00a0\u00bb122px|0px|0|0px|false|false\u00a0\u00bb top_divider_height=\u00a0\u00bb1200px\u00a0\u00bb next_background_color=\u00a0\u00bb#4799d1&Prime;][et_pb_row custom_padding=\u00a0\u00bb0|0px|0px|0px|false|false\u00a0\u00bb _builder_version=\u00a0\u00bb3.19.4&Prime; module_alignment=\u00a0\u00bbcenter\u00a0\u00bb][et_pb_column type=\u00a0\u00bb1_2&Prime;][et_pb_text _builder_version=\u00a0\u00bb3.19.4&Prime; text_font=\u00a0\u00bbFakir Black||||||||\u00a0\u00bb text_font_size=\u00a0\u00bb49px\u00a0\u00bb header_font=\u00a0\u00bbFakir Black||||||||\u00a0\u00bb header_text_align=\u00a0\u00bbcenter\u00a0\u00bb header_text_color=\u00a0\u00bb#ffffff\u00a0\u00bb header_font_size=\u00a0\u00bb86px\u00a0\u00bb header_line_height=\u00a0\u00bb0.7em\u00a0\u00bb header_text_shadow_style=\u00a0\u00bbpreset1&Prime;] Quebec l\u2019Original [\/et_pb_text][et_pb_text _builder_version=\u00a0\u00bb3.19.4&Prime; text_font=\u00a0\u00bbFakir Regular||||||||\u00a0\u00bb text_text_color=\u00a0\u00bb#ffffff\u00a0\u00bb text_font_size=\u00a0\u00bb25px\u00a0\u00bb text_line_height=\u00a0\u00bb1.3em\u00a0\u00bb text_text_shadow_style=\u00a0\u00bbpreset1&Prime; header_text_align=\u00a0\u00bbcenter\u00a0\u00bb header_text_color=\u00a0\u00bb#ffffff\u00a0\u00bb header_font_size=\u00a0\u00bb63px\u00a0\u00bb header_text_shadow_style=\u00a0\u00bbpreset1&Prime; custom_margin=\u00a0\u00bb30px||\u00a0\u00bb] Unique et irr\u00e9sistible depuis plus d\u2019un demi-si\u00e8cle son go\u00fbt inimitable a fait le succ\u00e8s de Quebec [&hellip;]<\/p>\n","protected":false},"author":1,"featured_media":0,"parent":0,"menu_order":0,"comment_status":"closed","ping_status":"closed","template":"","meta":{"_et_pb_use_builder":"on","_et_pb_old_content":"","_et_gb_content_width":"","footnotes":""},"_links":{"self":[{"href":"https:\/\/www.quebec-original.fr\/index.php\/wp-json\/wp\/v2\/pages\/568"}],"collection":[{"href":"https:\/\/www.quebec-original.fr\/index.php\/wp-json\/wp\/v2\/pages"}],"about":[{"href":"https:\/\/www.quebec-original.fr\/index.php\/wp-json\/wp\/v2\/types\/page"}],"author":[{"embeddable":true,"href":"https:\/\/www.quebec-original.fr\/index.php\/wp-json\/wp\/v2\/users\/1"}],"replies":[{"embeddable":true,"href":"https:\/\/www.quebec-original.fr\/index.php\/wp-json\/wp\/v2\/comments?post=568"}],"version-history":[{"count":101,"href":"https:\/\/www.quebec-original.fr\/index.php\/wp-json\/wp\/v2\/pages\/568\/revisions"}],"predecessor-version":[{"id":1067,"href":"https:\/\/www.quebec-original.fr\/index.php\/wp-json\/wp\/v2\/pages\/568\/revisions\/1067"}],"wp:attachment":[{"href":"https:\/\/www.quebec-original.fr\/index.php\/wp-json\/wp\/v2\/media?parent=568"}],"curies":[{"name":"wp","href":"https:\/\/api.w.org\/{rel}","templated":true}]}}